{"id":90,"date":"2019-01-01T12:33:59","date_gmt":"2019-01-01T11:33:59","guid":{"rendered":"https:\/\/koepfweb.de\/en\/presse\/"},"modified":"2019-01-02T11:12:20","modified_gmt":"2019-01-02T10:12:20","slug":"press","status":"publish","type":"page","link":"https:\/\/koepf-photoart.de\/en\/press\/","title":{"rendered":"Press"},"content":{"rendered":"[et_pb_section bb_built=&#8221;1&#8243; specialty=&#8221;off&#8221; next_background_color=&#8221;#000000&#8243; _builder_version=&#8221;3.19.3&#8243; custom_padding=&#8221;0px|0px|0px|0px&#8221; disabled=&#8221;off&#8221; disabled_on=&#8221;off|off|&#8221; custom_margin=&#8221;0px||0px|&#8221; module_id=&#8221;new_logo&#8221; global_module=&#8221;4207&#8243;][et_pb_row global_parent=&#8221;4207&#8243; background_position=&#8221;top_left&#8221; background_repeat=&#8221;repeat&#8221; background_size=&#8221;initial&#8221; _builder_version=&#8221;3.19.1&#8243; module_alignment=&#8221;center&#8221; custom_padding=&#8221;0px|0px|40px|0px&#8221; border_width_bottom=&#8221;1px&#8221; border_color_bottom=&#8221;#d8d8d8&#8243; custom_margin=&#8221;0px||0px|&#8221;][et_pb_column type=&#8221;4_4&#8243;][et_pb_image admin_label=&#8221;Logo&#8221; global_parent=&#8221;4207&#8243; _builder_version=&#8221;3.19.3&#8243; src=&#8221;https:\/\/koepf-photoart.de\/en\/wp-content\/uploads\/sites\/3\/2019\/01\/Logo-AK.png&#8221; align=&#8221;center&#8221; custom_padding=&#8221;0px|0px|0px|0px&#8221; url=&#8221;https:\/\/koepf-photoart.de\/en\/&#8221; custom_margin=&#8221;0px||0px|&#8221; module_id=&#8221;logo-neu&#8221; \/][\/et_pb_column][\/et_pb_row][\/et_pb_section][et_pb_section bb_built=&#8221;1&#8243; specialty=&#8221;off&#8221; prev_background_color=&#8221;#000000&#8243; _builder_version=&#8221;3.18.2&#8243; custom_padding=&#8221;||100px|&#8221;][et_pb_row _builder_version=&#8221;3.18.2&#8243; module_alignment=&#8221;center&#8221; custom_padding=&#8221;40px|0px|0px|0px&#8221;][et_pb_column type=&#8221;4_4&#8243;][et_pb_image _builder_version=&#8221;3.18.2&#8243; src=&#8221;https:\/\/koepf-photoart.de\/wp-content\/uploads\/2018\/12\/Antarktik-Art049b.jpg&#8221; \/][\/et_pb_column][\/et_pb_row][et_pb_row _builder_version=&#8221;3.18.2&#8243; module_alignment=&#8221;center&#8221; custom_padding=&#8221;40px|0px|40px|0px&#8221; border_width_bottom=&#8221;1px&#8221; border_color_bottom=&#8221;#d8d8d8&#8243;][et_pb_column type=&#8221;4_4&#8243;][et_pb_text admin_label=&#8221;Press&#8221; _builder_version=&#8221;3.19.2&#8243; text_orientation=&#8221;center&#8221; header_text_align=&#8221;center&#8221; custom_padding=&#8221;0px|0px|0px|&#8221;]\n<h1>Press<\/h1>\n[\/et_pb_text][\/et_pb_column][\/et_pb_row][et_pb_row _builder_version=&#8221;3.18.2&#8243; custom_padding=&#8221;|0px||0px&#8221; border_width_bottom=&#8221;1px&#8221; border_color_bottom=&#8221;#d8d8d8&#8243;][et_pb_column type=&#8221;1_3&#8243;][\/et_pb_column][et_pb_column type=&#8221;1_3&#8243;]<div  class=\"clearfix   et_pb_popup_builder_0  et_pb_module\"><a class=\"trigger_sb_divi_modal trigger_sb_divi_modal_69ee254c3b170\" href=\"https:\/\/koepf-photoart.de\/wp-content\/uploads\/2018\/12\/2016-03-31-ht-hfm.jpg\"><img decoding=\"async\" src=\"https:\/\/koepf-photoart.de\/wp-content\/uploads\/2018\/12\/2016-03-31-ht-hfm.jpg\" \/><\/a><script>\n\t\t\t\t\tjQuery(document).ready(function() {\n\t\t\t\t\t    jQuery(\".trigger_sb_divi_modal_69ee254c3b170\").colorbox({ maxWidth: \"80%\", maxHeight: \"90%\" });\n\t\t\t\t\t    \n\t\t\t\t\t    jQuery( window ).resize(function() {\n\t\t\t\t\t\tif (jQuery( window ).width() < 550) {\n\t\t\t\t\t\t    jQuery.colorbox.resize({width:\"90%\", height:\"70%\"});\n\t\t\t\t\t\t} else {\n\t\t\t\t\t\t    jQuery.colorbox.resize({ maxWidth: \"80%\", maxHeight: \"90%\" });\n\t\t\t\t\t\t}\n\t\t\t\t\t    });\n\t\t\t\t\t});\n\t\t\t\t\t<\/script><div style=\"display:none;\">\n\t\t\t\t\t    <div class=\"sb_divi_modal\" id=\"sb_divi_modal_69ee254c3b170\">\n\t\t\t\t\t\t<div class=\"container-image\">\n\t\t\t\t\t\t    \n\t\t\t\t\t\t<\/div>\n\t\t\t\t\t    <\/div>\n\t\t\t\t    <\/div><\/div>[et_pb_text admin_label=&#8221;Ausstellung \u201eReisewelten\u201c, Haller Tagblatt, 31.M\u00e4rz 2016&#8243; _builder_version=&#8221;3.18.2&#8243; custom_margin=&#8221;-10px|||&#8221;]\n<h5>Ausstellung \u201eReisewelten\u201c, Haller Tagblatt, 31.M\u00e4rz 2016<\/h5>\n[\/et_pb_text][\/et_pb_column][et_pb_column type=&#8221;1_3&#8243;][\/et_pb_column][\/et_pb_row][et_pb_row _builder_version=&#8221;3.18.2&#8243; custom_padding=&#8221;|0px||0px&#8221; border_color_bottom=&#8221;#d8d8d8&#8243; border_width_bottom=&#8221;1px&#8221;][et_pb_column type=&#8221;1_3&#8243;][\/et_pb_column][et_pb_column type=&#8221;1_3&#8243;]<div  class=\"clearfix   et_pb_popup_builder_1  et_pb_module\"><a class=\"trigger_sb_divi_modal trigger_sb_divi_modal_69ee254c3b85f\" href=\"https:\/\/koepf-photoart.de\/wp-content\/uploads\/2018\/12\/2016-03-18-ht-reiswelten.jpg\"><img decoding=\"async\" src=\"https:\/\/koepf-photoart.de\/wp-content\/uploads\/2018\/12\/2016-03-18-ht-reiswelten.jpg\" \/><\/a><script>\n\t\t\t\t\tjQuery(document).ready(function() {\n\t\t\t\t\t    jQuery(\".trigger_sb_divi_modal_69ee254c3b85f\").colorbox({ maxWidth: \"80%\", maxHeight: \"90%\" });\n\t\t\t\t\t    \n\t\t\t\t\t    jQuery( window ).resize(function() {\n\t\t\t\t\t\tif (jQuery( window ).width() < 550) {\n\t\t\t\t\t\t    jQuery.colorbox.resize({width:\"90%\", height:\"70%\"});\n\t\t\t\t\t\t} else {\n\t\t\t\t\t\t    jQuery.colorbox.resize({ maxWidth: \"80%\", maxHeight: \"90%\" });\n\t\t\t\t\t\t}\n\t\t\t\t\t    });\n\t\t\t\t\t});\n\t\t\t\t\t<\/script><div style=\"display:none;\">\n\t\t\t\t\t    <div class=\"sb_divi_modal\" id=\"sb_divi_modal_69ee254c3b85f\">\n\t\t\t\t\t\t<div class=\"container-image\">\n\t\t\t\t\t\t    \n\t\t\t\t\t\t<\/div>\n\t\t\t\t\t    <\/div>\n\t\t\t\t    <\/div><\/div>[et_pb_text admin_label=&#8221;Haller Tagblatt, 18. M\u00e4rz 2016&#8243; _builder_version=&#8221;3.18.2&#8243; custom_margin=&#8221;-10px|||&#8221;]\n<h5>Haller Tagblatt, 18. M\u00e4rz 2016<\/h5>\n[\/et_pb_text][\/et_pb_column][et_pb_column type=&#8221;1_3&#8243;][\/et_pb_column][\/et_pb_row][et_pb_row _builder_version=&#8221;3.18.2&#8243; custom_padding=&#8221;|0px||0px&#8221; border_color_bottom=&#8221;#d8d8d8&#8243; border_width_bottom=&#8221;1px&#8221;][et_pb_column type=&#8221;1_3&#8243;][\/et_pb_column][et_pb_column type=&#8221;1_3&#8243;]<div  class=\"clearfix   et_pb_popup_builder_2  et_pb_module\"><a class=\"trigger_sb_divi_modal trigger_sb_divi_modal_69ee254c3be98\" href=\"https:\/\/koepf-photoart.de\/wp-content\/uploads\/2018\/12\/2016_ht-hfm-tipp.jpg\"><img decoding=\"async\" src=\"https:\/\/koepf-photoart.de\/wp-content\/uploads\/2018\/12\/2016_ht-hfm-tipp-300x190-1.jpg\" \/><\/a><script>\n\t\t\t\t\tjQuery(document).ready(function() {\n\t\t\t\t\t    jQuery(\".trigger_sb_divi_modal_69ee254c3be98\").colorbox({ maxWidth: \"80%\", maxHeight: \"100%\" });\n\t\t\t\t\t    \n\t\t\t\t\t    jQuery( window ).resize(function() {\n\t\t\t\t\t\tif (jQuery( window ).width() < 550) {\n\t\t\t\t\t\t    jQuery.colorbox.resize({width:\"90%\", height:\"70%\"});\n\t\t\t\t\t\t} else {\n\t\t\t\t\t\t    jQuery.colorbox.resize({ maxWidth: \"80%\", maxHeight: \"100%\" });\n\t\t\t\t\t\t}\n\t\t\t\t\t    });\n\t\t\t\t\t});\n\t\t\t\t\t<\/script><div style=\"display:none;\">\n\t\t\t\t\t    <div class=\"sb_divi_modal\" id=\"sb_divi_modal_69ee254c3be98\">\n\t\t\t\t\t\t<div class=\"container-image\">\n\t\t\t\t\t\t    \n\t\t\t\t\t\t<\/div>\n\t\t\t\t\t    <\/div>\n\t\t\t\t    <\/div><\/div>[et_pb_text admin_label=&#8221;Haller Tagblatt, 10.M\u00e4rz 2016&#8243; _builder_version=&#8221;3.18.2&#8243;]\n<h5>Haller Tagblatt, 10.M\u00e4rz 2016<\/h5>\n[\/et_pb_text][\/et_pb_column][et_pb_column type=&#8221;1_3&#8243;][\/et_pb_column][\/et_pb_row][et_pb_row _builder_version=&#8221;3.18.2&#8243; custom_padding=&#8221;|0px||0px&#8221; border_color_bottom=&#8221;#d8d8d8&#8243; border_width_bottom=&#8221;1px&#8221;][et_pb_column type=&#8221;1_3&#8243;][\/et_pb_column][et_pb_column type=&#8221;1_3&#8243;]<div  class=\"clearfix   et_pb_popup_builder_3  et_pb_module\"><a class=\"trigger_sb_divi_modal trigger_sb_divi_modal_69ee254c3c548\" href=\"https:\/\/koepf-photoart.de\/wp-content\/uploads\/2018\/12\/2016_hfm-03-2016.stadt_.jpg\"><img decoding=\"async\" src=\"https:\/\/koepf-photoart.de\/wp-content\/uploads\/2018\/12\/2016_hfm-03-2016.stadt_-284x300-1.jpg\" \/><\/a><script>\n\t\t\t\t\tjQuery(document).ready(function() {\n\t\t\t\t\t    jQuery(\".trigger_sb_divi_modal_69ee254c3c548\").colorbox({ maxWidth: \"80%\", maxHeight: \"100%\" });\n\t\t\t\t\t    \n\t\t\t\t\t    jQuery( window ).resize(function() {\n\t\t\t\t\t\tif (jQuery( window ).width() < 550) {\n\t\t\t\t\t\t    jQuery.colorbox.resize({width:\"90%\", height:\"70%\"});\n\t\t\t\t\t\t} else {\n\t\t\t\t\t\t    jQuery.colorbox.resize({ maxWidth: \"80%\", maxHeight: \"100%\" });\n\t\t\t\t\t\t}\n\t\t\t\t\t    });\n\t\t\t\t\t});\n\t\t\t\t\t<\/script><div style=\"display:none;\">\n\t\t\t\t\t    <div class=\"sb_divi_modal\" id=\"sb_divi_modal_69ee254c3c548\">\n\t\t\t\t\t\t<div class=\"container-image\">\n\t\t\t\t\t\t    \n\t\t\t\t\t\t<\/div>\n\t\t\t\t\t    <\/div>\n\t\t\t\t    <\/div><\/div>[et_pb_text admin_label=&#8221;Haller Tagblatt, M\u00e4rz bis Mai 2016&#8243; _builder_version=&#8221;3.18.2&#8243; custom_margin=&#8221;-10px|||&#8221; custom_padding=&#8221;0px|||&#8221;]\n<h5>Haller Tagblatt, M\u00e4rz bis Mai 2016<\/h5>\n[\/et_pb_text][\/et_pb_column][et_pb_column type=&#8221;1_3&#8243;][\/et_pb_column][\/et_pb_row][et_pb_row _builder_version=&#8221;3.18.2&#8243; custom_padding=&#8221;|0px||0px&#8221; border_color_bottom=&#8221;#d8d8d8&#8243; border_width_bottom=&#8221;1px&#8221;][et_pb_column type=&#8221;1_3&#8243;][\/et_pb_column][et_pb_column type=&#8221;1_3&#8243;]<div  class=\"clearfix   et_pb_popup_builder_4  et_pb_module\"><a class=\"trigger_sb_divi_modal trigger_sb_divi_modal_69ee254c3cb87\" href=\"https:\/\/koepf-photoart.de\/wp-content\/uploads\/2018\/12\/2015_ht-lofoten-18-05-2015.jpg\"><img decoding=\"async\" src=\"https:\/\/koepf-photoart.de\/wp-content\/uploads\/2018\/12\/2015_ht-lofoten-18-05-2015-164x300-1.jpg\" \/><\/a><script>\n\t\t\t\t\tjQuery(document).ready(function() {\n\t\t\t\t\t    jQuery(\".trigger_sb_divi_modal_69ee254c3cb87\").colorbox({ maxWidth: \"80%\", maxHeight: \"90%\" });\n\t\t\t\t\t    \n\t\t\t\t\t    jQuery( window ).resize(function() {\n\t\t\t\t\t\tif (jQuery( window ).width() < 550) {\n\t\t\t\t\t\t    jQuery.colorbox.resize({width:\"90%\", height:\"70%\"});\n\t\t\t\t\t\t} else {\n\t\t\t\t\t\t    jQuery.colorbox.resize({ maxWidth: \"80%\", maxHeight: \"90%\" });\n\t\t\t\t\t\t}\n\t\t\t\t\t    });\n\t\t\t\t\t});\n\t\t\t\t\t<\/script><div style=\"display:none;\">\n\t\t\t\t\t    <div class=\"sb_divi_modal\" id=\"sb_divi_modal_69ee254c3cb87\">\n\t\t\t\t\t\t<div class=\"container-image\">\n\t\t\t\t\t\t    \n\t\t\t\t\t\t<\/div>\n\t\t\t\t\t    <\/div>\n\t\t\t\t    <\/div><\/div>[et_pb_text admin_label=&#8221;Haller Tagblatt, 18.Mai 2015&#8243; _builder_version=&#8221;3.18.2&#8243; custom_margin=&#8221;-10px|||&#8221; custom_padding=&#8221;0px|||&#8221;]\n<h5>Haller Tagblatt, 18.Mai 2015<\/h5>\n[\/et_pb_text][\/et_pb_column][et_pb_column type=&#8221;1_3&#8243;][\/et_pb_column][\/et_pb_row][et_pb_row _builder_version=&#8221;3.18.2&#8243; custom_padding=&#8221;|0px||0px&#8221; border_color_bottom=&#8221;#d8d8d8&#8243; border_width_bottom=&#8221;1px&#8221;][et_pb_column type=&#8221;1_3&#8243;][\/et_pb_column][et_pb_column type=&#8221;1_3&#8243;]<div  class=\"clearfix   et_pb_popup_builder_5  et_pb_module\"><a class=\"trigger_sb_divi_modal trigger_sb_divi_modal_69ee254c3d22e\" href=\"https:\/\/koepf-photoart.de\/wp-content\/uploads\/2018\/12\/2015_Varna-2015-05-15.jpg\"><img decoding=\"async\" src=\"https:\/\/koepf-photoart.de\/wp-content\/uploads\/2018\/12\/2015_Varna-2015-05-15.jpg\" \/><\/a><script>\n\t\t\t\t\tjQuery(document).ready(function() {\n\t\t\t\t\t    jQuery(\".trigger_sb_divi_modal_69ee254c3d22e\").colorbox({ maxWidth: \"80%\", maxHeight: \"90%\" });\n\t\t\t\t\t    \n\t\t\t\t\t    jQuery( window ).resize(function() {\n\t\t\t\t\t\tif (jQuery( window ).width() < 550) {\n\t\t\t\t\t\t    jQuery.colorbox.resize({width:\"90%\", height:\"70%\"});\n\t\t\t\t\t\t} else {\n\t\t\t\t\t\t    jQuery.colorbox.resize({ maxWidth: \"80%\", maxHeight: \"90%\" });\n\t\t\t\t\t\t}\n\t\t\t\t\t    });\n\t\t\t\t\t});\n\t\t\t\t\t<\/script><div style=\"display:none;\">\n\t\t\t\t\t    <div class=\"sb_divi_modal\" id=\"sb_divi_modal_69ee254c3d22e\">\n\t\t\t\t\t\t<div class=\"container-image\">\n\t\t\t\t\t\t    \n\t\t\t\t\t\t<\/div>\n\t\t\t\t\t    <\/div>\n\t\t\t\t    <\/div><\/div>[et_pb_text admin_label=&#8221;Website Varna Fotofest, Mai 2015&#8243; _builder_version=&#8221;3.18.2&#8243; custom_margin=&#8221;-10px|||&#8221; custom_padding=&#8221;0px|||&#8221;]\n<h5>Website Varna Fotofest, Mai 2015<\/h5>\n[\/et_pb_text][\/et_pb_column][et_pb_column type=&#8221;1_3&#8243;][\/et_pb_column][\/et_pb_row][et_pb_row _builder_version=&#8221;3.18.2&#8243; custom_padding=&#8221;|0px||0px&#8221; border_color_bottom=&#8221;#d8d8d8&#8243; border_width_bottom=&#8221;1px&#8221;][et_pb_column type=&#8221;1_3&#8243;][\/et_pb_column][et_pb_column type=&#8221;1_3&#8243;]<div  class=\"clearfix   et_pb_popup_builder_6  et_pb_module\"><a class=\"trigger_sb_divi_modal trigger_sb_divi_modal_69ee254c3d868\" href=\"https:\/\/koepf-photoart.de\/wp-content\/uploads\/2018\/12\/2013_ht-14-08-2013-ausstellung-bsh.jpg\"><img decoding=\"async\" src=\"https:\/\/koepf-photoart.de\/wp-content\/uploads\/2018\/12\/2013_ht-14-08-2013-ausstellung-bsh.jpg\" \/><\/a><script>\n\t\t\t\t\tjQuery(document).ready(function() {\n\t\t\t\t\t    jQuery(\".trigger_sb_divi_modal_69ee254c3d868\").colorbox({ maxWidth: \"80%\", maxHeight: \"90%\" });\n\t\t\t\t\t    \n\t\t\t\t\t    jQuery( window ).resize(function() {\n\t\t\t\t\t\tif (jQuery( window ).width() < 550) {\n\t\t\t\t\t\t    jQuery.colorbox.resize({width:\"90%\", height:\"70%\"});\n\t\t\t\t\t\t} else {\n\t\t\t\t\t\t    jQuery.colorbox.resize({ maxWidth: \"80%\", maxHeight: \"90%\" });\n\t\t\t\t\t\t}\n\t\t\t\t\t    });\n\t\t\t\t\t});\n\t\t\t\t\t<\/script><div style=\"display:none;\">\n\t\t\t\t\t    <div class=\"sb_divi_modal\" id=\"sb_divi_modal_69ee254c3d868\">\n\t\t\t\t\t\t<div class=\"container-image\">\n\t\t\t\t\t\t    \n\t\t\t\t\t\t<\/div>\n\t\t\t\t\t    <\/div>\n\t\t\t\t    <\/div><\/div>[et_pb_text admin_label=&#8221;Ausstellung \u201ePolare Welten\u201c, Haller Tagblatt, 15. August 2013&#8243; _builder_version=&#8221;3.18.2&#8243; custom_margin=&#8221;-10px|||&#8221; custom_padding=&#8221;0px|||&#8221;]\n<h5>Ausstellung \u201ePolare Welten\u201c, Haller Tagblatt, 15. August 2013<\/h5>\n[\/et_pb_text][\/et_pb_column][et_pb_column type=&#8221;1_3&#8243;][\/et_pb_column][\/et_pb_row][et_pb_row _builder_version=&#8221;3.18.2&#8243; custom_padding=&#8221;|0px||0px&#8221; border_color_bottom=&#8221;#d8d8d8&#8243; border_width_bottom=&#8221;1px&#8221;][et_pb_column type=&#8221;1_3&#8243;][\/et_pb_column][et_pb_column type=&#8221;1_3&#8243;]<div  class=\"clearfix   et_pb_popup_builder_7  et_pb_module\"><a class=\"trigger_sb_divi_modal trigger_sb_divi_modal_69ee254c3df56\" href=\"https:\/\/koepf-photoart.de\/wp-content\/uploads\/2018\/12\/2013_ht-23-04-2013.jpg\"><img decoding=\"async\" src=\"https:\/\/koepf-photoart.de\/wp-content\/uploads\/2018\/12\/2013_ht-23-04-2013.jpg\" \/><\/a><script>\n\t\t\t\t\tjQuery(document).ready(function() {\n\t\t\t\t\t    jQuery(\".trigger_sb_divi_modal_69ee254c3df56\").colorbox({ maxWidth: \"80%\", maxHeight: \"90%\" });\n\t\t\t\t\t    \n\t\t\t\t\t    jQuery( window ).resize(function() {\n\t\t\t\t\t\tif (jQuery( window ).width() < 550) {\n\t\t\t\t\t\t    jQuery.colorbox.resize({width:\"90%\", height:\"70%\"});\n\t\t\t\t\t\t} else {\n\t\t\t\t\t\t    jQuery.colorbox.resize({ maxWidth: \"80%\", maxHeight: \"90%\" });\n\t\t\t\t\t\t}\n\t\t\t\t\t    });\n\t\t\t\t\t});\n\t\t\t\t\t<\/script><div style=\"display:none;\">\n\t\t\t\t\t    <div class=\"sb_divi_modal\" id=\"sb_divi_modal_69ee254c3df56\">\n\t\t\t\t\t\t<div class=\"container-image\">\n\t\t\t\t\t\t    \n\t\t\t\t\t\t<\/div>\n\t\t\t\t\t    <\/div>\n\t\t\t\t    <\/div><\/div>[et_pb_text admin_label=&#8221;Haller Tagblatt, 23. April 2013&#8243; _builder_version=&#8221;3.18.2&#8243; custom_margin=&#8221;-10px|||&#8221; custom_padding=&#8221;0px|||&#8221;]\n<h5>Haller Tagblatt, 23. April 2013<\/h5>\n[\/et_pb_text][\/et_pb_column][et_pb_column type=&#8221;1_3&#8243;][\/et_pb_column][\/et_pb_row][et_pb_row _builder_version=&#8221;3.18.2&#8243; custom_padding=&#8221;|0px||0px&#8221; border_color_bottom=&#8221;#d8d8d8&#8243; border_width_bottom=&#8221;1px&#8221;][et_pb_column type=&#8221;1_3&#8243;][\/et_pb_column][et_pb_column type=&#8221;1_3&#8243;]<div  class=\"clearfix   et_pb_popup_builder_8  et_pb_module\"><a class=\"trigger_sb_divi_modal trigger_sb_divi_modal_69ee254c3e58d\" href=\"https:\/\/koepf-photoart.de\/wp-content\/uploads\/2018\/12\/2012_oberoesterreich-2012.jpg\"><img decoding=\"async\" src=\"https:\/\/koepf-photoart.de\/wp-content\/uploads\/2018\/12\/2012_oberoesterreich-2012.jpg\" \/><\/a><script>\n\t\t\t\t\tjQuery(document).ready(function() {\n\t\t\t\t\t    jQuery(\".trigger_sb_divi_modal_69ee254c3e58d\").colorbox({ maxWidth: \"80%\", maxHeight: \"90%\" });\n\t\t\t\t\t    \n\t\t\t\t\t    jQuery( window ).resize(function() {\n\t\t\t\t\t\tif (jQuery( window ).width() < 550) {\n\t\t\t\t\t\t    jQuery.colorbox.resize({width:\"90%\", height:\"70%\"});\n\t\t\t\t\t\t} else {\n\t\t\t\t\t\t    jQuery.colorbox.resize({ maxWidth: \"80%\", maxHeight: \"90%\" });\n\t\t\t\t\t\t}\n\t\t\t\t\t    });\n\t\t\t\t\t});\n\t\t\t\t\t<\/script><div style=\"display:none;\">\n\t\t\t\t\t    <div class=\"sb_divi_modal\" id=\"sb_divi_modal_69ee254c3e58d\">\n\t\t\t\t\t\t<div class=\"container-image\">\n\t\t\t\t\t\t    \n\t\t\t\t\t\t<\/div>\n\t\t\t\t\t    <\/div>\n\t\t\t\t    <\/div><\/div>[et_pb_text admin_label=&#8221;Ober\u00f6stereichische Nachrichten 30. November 2012&#8243; _builder_version=&#8221;3.18.2&#8243; custom_margin=&#8221;-10px|||&#8221; custom_padding=&#8221;0px|||&#8221;]\n<h5>Ober\u00f6stereichische Nachrichten 30. November 2012<\/h5>\n[\/et_pb_text][\/et_pb_column][et_pb_column type=&#8221;1_3&#8243;][\/et_pb_column][\/et_pb_row][et_pb_row _builder_version=&#8221;3.18.2&#8243; custom_padding=&#8221;|0px||0px&#8221; border_color_bottom=&#8221;#d8d8d8&#8243; border_width_bottom=&#8221;1px&#8221;][et_pb_column type=&#8221;1_3&#8243;][\/et_pb_column][et_pb_column type=&#8221;1_3&#8243;]<div  class=\"clearfix   et_pb_popup_builder_9  et_pb_module\"><a class=\"trigger_sb_divi_modal trigger_sb_divi_modal_69ee254c3ebaf\" href=\"https:\/\/koepf-photoart.de\/wp-content\/uploads\/2018\/12\/2012_ht_23-10-2012.jpg\"><img decoding=\"async\" src=\"https:\/\/koepf-photoart.de\/wp-content\/uploads\/2018\/12\/2012_ht_23-10-2012.jpg\" \/><\/a><script>\n\t\t\t\t\tjQuery(document).ready(function() {\n\t\t\t\t\t    jQuery(\".trigger_sb_divi_modal_69ee254c3ebaf\").colorbox({ maxWidth: \"80%\", maxHeight: \"90%\" });\n\t\t\t\t\t    \n\t\t\t\t\t    jQuery( window ).resize(function() {\n\t\t\t\t\t\tif (jQuery( window ).width() < 550) {\n\t\t\t\t\t\t    jQuery.colorbox.resize({width:\"90%\", height:\"70%\"});\n\t\t\t\t\t\t} else {\n\t\t\t\t\t\t    jQuery.colorbox.resize({ maxWidth: \"80%\", maxHeight: \"90%\" });\n\t\t\t\t\t\t}\n\t\t\t\t\t    });\n\t\t\t\t\t});\n\t\t\t\t\t<\/script><div style=\"display:none;\">\n\t\t\t\t\t    <div class=\"sb_divi_modal\" id=\"sb_divi_modal_69ee254c3ebaf\">\n\t\t\t\t\t\t<div class=\"container-image\">\n\t\t\t\t\t\t    \n\t\t\t\t\t\t<\/div>\n\t\t\t\t\t    <\/div>\n\t\t\t\t    <\/div><\/div>[et_pb_text admin_label=&#8221;Haller Tagblatt, 23. Oktober 2012&#8243; _builder_version=&#8221;3.18.2&#8243; custom_margin=&#8221;-10px|||&#8221; custom_padding=&#8221;0px|||&#8221;]\n<h5>Haller Tagblatt, 23. Oktober 2012<\/h5>\n[\/et_pb_text][\/et_pb_column][et_pb_column type=&#8221;1_3&#8243;][\/et_pb_column][\/et_pb_row][et_pb_row _builder_version=&#8221;3.18.2&#8243; custom_padding=&#8221;|0px||0px&#8221; border_color_bottom=&#8221;#d8d8d8&#8243; border_width_bottom=&#8221;1px&#8221;][et_pb_column type=&#8221;1_3&#8243;][\/et_pb_column][et_pb_column type=&#8221;1_3&#8243;]<div  class=\"clearfix   et_pb_popup_builder_10  et_pb_module\"><a class=\"trigger_sb_divi_modal trigger_sb_divi_modal_69ee254c3f1ed\" href=\"https:\/\/koepf-photoart.de\/wp-content\/uploads\/2018\/12\/2012_ht-17-10-2012.jpg\"><img decoding=\"async\" src=\"https:\/\/koepf-photoart.de\/wp-content\/uploads\/2018\/12\/2012_ht-17-10-2012-99x300-1.jpg\" \/><\/a><script>\n\t\t\t\t\tjQuery(document).ready(function() {\n\t\t\t\t\t    jQuery(\".trigger_sb_divi_modal_69ee254c3f1ed\").colorbox({ maxWidth: \"80%\", maxHeight: \"100%\" });\n\t\t\t\t\t    \n\t\t\t\t\t    jQuery( window ).resize(function() {\n\t\t\t\t\t\tif (jQuery( window ).width() < 550) {\n\t\t\t\t\t\t    jQuery.colorbox.resize({width:\"90%\", height:\"70%\"});\n\t\t\t\t\t\t} else {\n\t\t\t\t\t\t    jQuery.colorbox.resize({ maxWidth: \"80%\", maxHeight: \"100%\" });\n\t\t\t\t\t\t}\n\t\t\t\t\t    });\n\t\t\t\t\t});\n\t\t\t\t\t<\/script><div style=\"display:none;\">\n\t\t\t\t\t    <div class=\"sb_divi_modal\" id=\"sb_divi_modal_69ee254c3f1ed\">\n\t\t\t\t\t\t<div class=\"container-image\">\n\t\t\t\t\t\t    \n\t\t\t\t\t\t<\/div>\n\t\t\t\t\t    <\/div>\n\t\t\t\t    <\/div><\/div>[et_pb_text admin_label=&#8221;Haller Tagblatt, 17.Oktober 2012&#8243; _builder_version=&#8221;3.18.2&#8243; custom_margin=&#8221;-10px|||&#8221; custom_padding=&#8221;0px|||&#8221;]\n<h5>Haller Tagblatt, 17.Oktober 2012<\/h5>\n[\/et_pb_text][\/et_pb_column][et_pb_column type=&#8221;1_3&#8243;][\/et_pb_column][\/et_pb_row][et_pb_row _builder_version=&#8221;3.18.2&#8243; custom_padding=&#8221;|0px||0px&#8221; border_color_bottom=&#8221;#d8d8d8&#8243; border_width_bottom=&#8221;1px&#8221;][et_pb_column type=&#8221;1_3&#8243;][\/et_pb_column][et_pb_column type=&#8221;1_3&#8243;]<div  class=\"clearfix   et_pb_popup_builder_11  et_pb_module\"><a class=\"trigger_sb_divi_modal trigger_sb_divi_modal_69ee254c3f851\" href=\"https:\/\/koepf-photoart.de\/wp-content\/uploads\/2018\/12\/2012_ht-27-09-2012.jpg\"><img decoding=\"async\" src=\"https:\/\/koepf-photoart.de\/wp-content\/uploads\/2018\/12\/2012_ht-27-09-2012-48x300-1.jpg\" \/><\/a><script>\n\t\t\t\t\tjQuery(document).ready(function() {\n\t\t\t\t\t    jQuery(\".trigger_sb_divi_modal_69ee254c3f851\").colorbox({ maxWidth: \"80%\", maxHeight: \"90%\" });\n\t\t\t\t\t    \n\t\t\t\t\t    jQuery( window ).resize(function() {\n\t\t\t\t\t\tif (jQuery( window ).width() < 550) {\n\t\t\t\t\t\t    jQuery.colorbox.resize({width:\"90%\", height:\"70%\"});\n\t\t\t\t\t\t} else {\n\t\t\t\t\t\t    jQuery.colorbox.resize({ maxWidth: \"80%\", maxHeight: \"90%\" });\n\t\t\t\t\t\t}\n\t\t\t\t\t    });\n\t\t\t\t\t});\n\t\t\t\t\t<\/script><div style=\"display:none;\">\n\t\t\t\t\t    <div class=\"sb_divi_modal\" id=\"sb_divi_modal_69ee254c3f851\">\n\t\t\t\t\t\t<div class=\"container-image\">\n\t\t\t\t\t\t    \n\t\t\t\t\t\t<\/div>\n\t\t\t\t\t    <\/div>\n\t\t\t\t    <\/div><\/div>[et_pb_text admin_label=&#8221;Haller Tagblatt, 27. September 2012&#8243; _builder_version=&#8221;3.18.2&#8243; custom_margin=&#8221;-10px|||&#8221; custom_padding=&#8221;0px|||&#8221;]\n<h5>Haller Tagblatt, 27. September 2012<\/h5>\n[\/et_pb_text][\/et_pb_column][et_pb_column type=&#8221;1_3&#8243;][\/et_pb_column][\/et_pb_row][et_pb_row _builder_version=&#8221;3.18.2&#8243; custom_padding=&#8221;|0px||0px&#8221; border_color_bottom=&#8221;#d8d8d8&#8243; border_width_bottom=&#8221;1px&#8221;][et_pb_column type=&#8221;1_3&#8243;][\/et_pb_column][et_pb_column type=&#8221;1_3&#8243;]<div  class=\"clearfix   et_pb_popup_builder_12  et_pb_module\"><a class=\"trigger_sb_divi_modal trigger_sb_divi_modal_69ee254c3fee9\" href=\"https:\/\/koepf-photoart.de\/wp-content\/uploads\/2018\/12\/2012_photographie_01_2012.jpg\"><img decoding=\"async\" src=\"https:\/\/koepf-photoart.de\/wp-content\/uploads\/2018\/12\/2012_photographie_01_2012.jpg\" \/><\/a><script>\n\t\t\t\t\tjQuery(document).ready(function() {\n\t\t\t\t\t    jQuery(\".trigger_sb_divi_modal_69ee254c3fee9\").colorbox({ maxWidth: \"80%\", maxHeight: \"90%\" });\n\t\t\t\t\t    \n\t\t\t\t\t    jQuery( window ).resize(function() {\n\t\t\t\t\t\tif (jQuery( window ).width() < 550) {\n\t\t\t\t\t\t    jQuery.colorbox.resize({width:\"90%\", height:\"70%\"});\n\t\t\t\t\t\t} else {\n\t\t\t\t\t\t    jQuery.colorbox.resize({ maxWidth: \"80%\", maxHeight: \"90%\" });\n\t\t\t\t\t\t}\n\t\t\t\t\t    });\n\t\t\t\t\t});\n\t\t\t\t\t<\/script><div style=\"display:none;\">\n\t\t\t\t\t    <div class=\"sb_divi_modal\" id=\"sb_divi_modal_69ee254c3fee9\">\n\t\t\t\t\t\t<div class=\"container-image\">\n\t\t\t\t\t\t    \n\t\t\t\t\t\t<\/div>\n\t\t\t\t\t    <\/div>\n\t\t\t\t    <\/div><\/div>[et_pb_text admin_label=&#8221;Photographie, Ausgabe 1\/2012&#8243; _builder_version=&#8221;3.18.2&#8243; custom_margin=&#8221;-10px|||&#8221; custom_padding=&#8221;0px|||&#8221;]\n<h5>Photographie, Ausgabe 1\/2012<\/h5>\n[\/et_pb_text][\/et_pb_column][et_pb_column type=&#8221;1_3&#8243;][\/et_pb_column][\/et_pb_row][et_pb_row _builder_version=&#8221;3.18.2&#8243; custom_padding=&#8221;|0px||0px&#8221; border_color_bottom=&#8221;#d8d8d8&#8243; border_width_bottom=&#8221;1px&#8221;][et_pb_column type=&#8221;1_3&#8243;][\/et_pb_column][et_pb_column type=&#8221;1_3&#8243;]<div  class=\"clearfix   et_pb_popup_builder_13  et_pb_module\"><a class=\"trigger_sb_divi_modal trigger_sb_divi_modal_69ee254c4055f\" href=\"https:\/\/koepf-photoart.de\/wp-content\/uploads\/2018\/12\/2011_ht_07-12-2011.jpg\"><img decoding=\"async\" src=\"https:\/\/koepf-photoart.de\/wp-content\/uploads\/2018\/12\/2011_ht_07-12-2011.jpg\" \/><\/a><script>\n\t\t\t\t\tjQuery(document).ready(function() {\n\t\t\t\t\t    jQuery(\".trigger_sb_divi_modal_69ee254c4055f\").colorbox({ maxWidth: \"80%\", maxHeight: \"90%\" });\n\t\t\t\t\t    \n\t\t\t\t\t    jQuery( window ).resize(function() {\n\t\t\t\t\t\tif (jQuery( window ).width() < 550) {\n\t\t\t\t\t\t    jQuery.colorbox.resize({width:\"90%\", height:\"70%\"});\n\t\t\t\t\t\t} else {\n\t\t\t\t\t\t    jQuery.colorbox.resize({ maxWidth: \"80%\", maxHeight: \"90%\" });\n\t\t\t\t\t\t}\n\t\t\t\t\t    });\n\t\t\t\t\t});\n\t\t\t\t\t<\/script><div style=\"display:none;\">\n\t\t\t\t\t    <div class=\"sb_divi_modal\" id=\"sb_divi_modal_69ee254c4055f\">\n\t\t\t\t\t\t<div class=\"container-image\">\n\t\t\t\t\t\t    \n\t\t\t\t\t\t<\/div>\n\t\t\t\t\t    <\/div>\n\t\t\t\t    <\/div><\/div>[et_pb_text admin_label=&#8221;Haller Tagblatt, 7. Dezember 2011&#8243; _builder_version=&#8221;3.18.2&#8243; custom_margin=&#8221;-10px|||&#8221; custom_padding=&#8221;0px|||&#8221;]\n<h5>Haller Tagblatt, 7. Dezember 2011<\/h5>\n[\/et_pb_text][\/et_pb_column][et_pb_column type=&#8221;1_3&#8243;][\/et_pb_column][\/et_pb_row][et_pb_row _builder_version=&#8221;3.18.2&#8243; custom_padding=&#8221;|0px||0px&#8221; border_color_bottom=&#8221;#d8d8d8&#8243; border_width_bottom=&#8221;1px&#8221;][et_pb_column type=&#8221;1_3&#8243;][\/et_pb_column][et_pb_column type=&#8221;1_3&#8243;]<div  class=\"clearfix   et_pb_popup_builder_14  et_pb_module\"><a class=\"trigger_sb_divi_modal trigger_sb_divi_modal_69ee254c40b8d\" href=\"https:\/\/koepf-photoart.de\/wp-content\/uploads\/2018\/12\/2011_pforzheimer-zeitung-10-2012.jpg\"><img decoding=\"async\" src=\"https:\/\/koepf-photoart.de\/wp-content\/uploads\/2018\/12\/2011_pforzheimer-zeitung-10-2012.jpg\" \/><\/a><script>\n\t\t\t\t\tjQuery(document).ready(function() {\n\t\t\t\t\t    jQuery(\".trigger_sb_divi_modal_69ee254c40b8d\").colorbox({ maxWidth: \"80%\", maxHeight: \"90%\" });\n\t\t\t\t\t    \n\t\t\t\t\t    jQuery( window ).resize(function() {\n\t\t\t\t\t\tif (jQuery( window ).width() < 550) {\n\t\t\t\t\t\t    jQuery.colorbox.resize({width:\"90%\", height:\"70%\"});\n\t\t\t\t\t\t} else {\n\t\t\t\t\t\t    jQuery.colorbox.resize({ maxWidth: \"80%\", maxHeight: \"90%\" });\n\t\t\t\t\t\t}\n\t\t\t\t\t    });\n\t\t\t\t\t});\n\t\t\t\t\t<\/script><div style=\"display:none;\">\n\t\t\t\t\t    <div class=\"sb_divi_modal\" id=\"sb_divi_modal_69ee254c40b8d\">\n\t\t\t\t\t\t<div class=\"container-image\">\n\t\t\t\t\t\t    \n\t\t\t\t\t\t<\/div>\n\t\t\t\t\t    <\/div>\n\t\t\t\t    <\/div><\/div>[et_pb_text admin_label=&#8221;Sch\u00f6mberger Fotoherbst, Pforzheimer Zeitung, 23.10.2011&#8243; _builder_version=&#8221;3.18.2&#8243; custom_margin=&#8221;-10px|||&#8221; custom_padding=&#8221;0px|||&#8221;]\n<h5>Sch\u00f6mberger Fotoherbst, Pforzheimer Zeitung, 23.10.2011<\/h5>\n[\/et_pb_text][\/et_pb_column][et_pb_column type=&#8221;1_3&#8243;][\/et_pb_column][\/et_pb_row][et_pb_row _builder_version=&#8221;3.18.2&#8243; custom_padding=&#8221;|0px||0px&#8221; border_color_bottom=&#8221;#d8d8d8&#8243; border_width_bottom=&#8221;1px&#8221;][et_pb_column type=&#8221;1_3&#8243;][\/et_pb_column][et_pb_column type=&#8221;1_3&#8243;]<div  class=\"clearfix   et_pb_popup_builder_15  et_pb_module\"><a class=\"trigger_sb_divi_modal trigger_sb_divi_modal_69ee254c41258\" href=\"https:\/\/koepf-photoart.de\/wp-content\/uploads\/2018\/12\/2011_rundschu_06_12_2011.jpg\"><img decoding=\"async\" src=\"https:\/\/koepf-photoart.de\/wp-content\/uploads\/2018\/12\/2011_rundschu_06_12_2011.jpg\" \/><\/a><script>\n\t\t\t\t\tjQuery(document).ready(function() {\n\t\t\t\t\t    jQuery(\".trigger_sb_divi_modal_69ee254c41258\").colorbox({ maxWidth: \"80%\", maxHeight: \"90%\" });\n\t\t\t\t\t    \n\t\t\t\t\t    jQuery( window ).resize(function() {\n\t\t\t\t\t\tif (jQuery( window ).width() < 550) {\n\t\t\t\t\t\t    jQuery.colorbox.resize({width:\"90%\", height:\"70%\"});\n\t\t\t\t\t\t} else {\n\t\t\t\t\t\t    jQuery.colorbox.resize({ maxWidth: \"80%\", maxHeight: \"90%\" });\n\t\t\t\t\t\t}\n\t\t\t\t\t    });\n\t\t\t\t\t});\n\t\t\t\t\t<\/script><div style=\"display:none;\">\n\t\t\t\t\t    <div class=\"sb_divi_modal\" id=\"sb_divi_modal_69ee254c41258\">\n\t\t\t\t\t\t<div class=\"container-image\">\n\t\t\t\t\t\t    \n\t\t\t\t\t\t<\/div>\n\t\t\t\t\t    <\/div>\n\t\t\t\t    <\/div><\/div>[et_pb_text admin_label=&#8221;Gaildorfer Rundschau, 6. Dezember 2011&#8243; _builder_version=&#8221;3.18.2&#8243; custom_margin=&#8221;-10px|||&#8221; custom_padding=&#8221;0px|||&#8221;]\n<h5>Gaildorfer Rundschau, 6. Dezember 2011<\/h5>\n[\/et_pb_text][\/et_pb_column][et_pb_column type=&#8221;1_3&#8243;][\/et_pb_column][\/et_pb_row][et_pb_row _builder_version=&#8221;3.18.2&#8243; custom_padding=&#8221;|0px||0px&#8221; border_color_bottom=&#8221;#d8d8d8&#8243; border_width_bottom=&#8221;1px&#8221;][et_pb_column type=&#8221;1_3&#8243;][\/et_pb_column][et_pb_column type=&#8221;1_3&#8243;]<div  class=\"clearfix   et_pb_popup_builder_16  et_pb_module\"><a class=\"trigger_sb_divi_modal trigger_sb_divi_modal_69ee254c4188c\" href=\"https:\/\/koepf-photoart.de\/wp-content\/uploads\/2018\/12\/2012_anzeige_antarktika-2012.jpg\"><img decoding=\"async\" src=\"https:\/\/koepf-photoart.de\/wp-content\/uploads\/2018\/12\/2012_anzeige_antarktika-2012.jpg\" \/><\/a><script>\n\t\t\t\t\tjQuery(document).ready(function() {\n\t\t\t\t\t    jQuery(\".trigger_sb_divi_modal_69ee254c4188c\").colorbox({ maxWidth: \"80%\", maxHeight: \"90%\" });\n\t\t\t\t\t    \n\t\t\t\t\t    jQuery( window ).resize(function() {\n\t\t\t\t\t\tif (jQuery( window ).width() < 550) {\n\t\t\t\t\t\t    jQuery.colorbox.resize({width:\"90%\", height:\"70%\"});\n\t\t\t\t\t\t} else {\n\t\t\t\t\t\t    jQuery.colorbox.resize({ maxWidth: \"80%\", maxHeight: \"90%\" });\n\t\t\t\t\t\t}\n\t\t\t\t\t    });\n\t\t\t\t\t});\n\t\t\t\t\t<\/script><div style=\"display:none;\">\n\t\t\t\t\t    <div class=\"sb_divi_modal\" id=\"sb_divi_modal_69ee254c4188c\">\n\t\t\t\t\t\t<div class=\"container-image\">\n\t\t\t\t\t\t    \n\t\t\t\t\t\t<\/div>\n\t\t\t\t\t    <\/div>\n\t\t\t\t    <\/div><\/div>[et_pb_text admin_label=&#8221;Haller Tagblatt, 2. November 2011&#8243; _builder_version=&#8221;3.18.2&#8243; custom_margin=&#8221;-10px|||&#8221; custom_padding=&#8221;0px|||&#8221;]\n<h5>Haller Tagblatt, 2. November 2011<\/h5>\n[\/et_pb_text][\/et_pb_column][et_pb_column type=&#8221;1_3&#8243;][\/et_pb_column][\/et_pb_row][et_pb_row _builder_version=&#8221;3.18.2&#8243; custom_padding=&#8221;|0px||0px&#8221; border_color_bottom=&#8221;#d8d8d8&#8243; border_width_bottom=&#8221;1px&#8221;][et_pb_column type=&#8221;1_3&#8243;][\/et_pb_column][et_pb_column type=&#8221;1_3&#8243;]<div  class=\"clearfix   et_pb_popup_builder_17  et_pb_module\"><a class=\"trigger_sb_divi_modal trigger_sb_divi_modal_69ee254c41ea3\" href=\"https:\/\/koepf-photoart.de\/wp-content\/uploads\/2018\/12\/2011_ht_12-10-2011.jpg\"><img decoding=\"async\" src=\"https:\/\/koepf-photoart.de\/wp-content\/uploads\/2018\/12\/2011_ht_12-10-2011-74x300-1.jpg\" \/><\/a><script>\n\t\t\t\t\tjQuery(document).ready(function() {\n\t\t\t\t\t    jQuery(\".trigger_sb_divi_modal_69ee254c41ea3\").colorbox({ maxWidth: \"80%\", maxHeight: \"90%\" });\n\t\t\t\t\t    \n\t\t\t\t\t    jQuery( window ).resize(function() {\n\t\t\t\t\t\tif (jQuery( window ).width() < 550) {\n\t\t\t\t\t\t    jQuery.colorbox.resize({width:\"90%\", height:\"70%\"});\n\t\t\t\t\t\t} else {\n\t\t\t\t\t\t    jQuery.colorbox.resize({ maxWidth: \"80%\", maxHeight: \"90%\" });\n\t\t\t\t\t\t}\n\t\t\t\t\t    });\n\t\t\t\t\t});\n\t\t\t\t\t<\/script><div style=\"display:none;\">\n\t\t\t\t\t    <div class=\"sb_divi_modal\" id=\"sb_divi_modal_69ee254c41ea3\">\n\t\t\t\t\t\t<div class=\"container-image\">\n\t\t\t\t\t\t    \n\t\t\t\t\t\t<\/div>\n\t\t\t\t\t    <\/div>\n\t\t\t\t    <\/div><\/div>[et_pb_text admin_label=&#8221;Haller Tagblatt, 12. Oktober 2011&#8243; _builder_version=&#8221;3.18.2&#8243; custom_margin=&#8221;-10px|||&#8221; custom_padding=&#8221;0px|||&#8221;]\n<h5>Haller Tagblatt, 12. Oktober 2011<\/h5>\n[\/et_pb_text][\/et_pb_column][et_pb_column type=&#8221;1_3&#8243;][\/et_pb_column][\/et_pb_row][et_pb_row _builder_version=&#8221;3.18.2&#8243; custom_padding=&#8221;|0px||0px&#8221; border_color_bottom=&#8221;#d8d8d8&#8243; border_width_bottom=&#8221;1px&#8221;][et_pb_column type=&#8221;1_3&#8243;][\/et_pb_column][et_pb_column type=&#8221;1_3&#8243;]<div  class=\"clearfix   et_pb_popup_builder_18  et_pb_module\"><a class=\"trigger_sb_divi_modal trigger_sb_divi_modal_69ee254c424bf\" href=\"https:\/\/koepf-photoart.de\/wp-content\/uploads\/2018\/12\/2011_rundschau_02-09_2011.jpg\"><img decoding=\"async\" src=\"https:\/\/koepf-photoart.de\/wp-content\/uploads\/2018\/12\/2011_rundschau_02-09_2011.jpg\" \/><\/a><script>\n\t\t\t\t\tjQuery(document).ready(function() {\n\t\t\t\t\t    jQuery(\".trigger_sb_divi_modal_69ee254c424bf\").colorbox({ maxWidth: \"80%\", maxHeight: \"90%\" });\n\t\t\t\t\t    \n\t\t\t\t\t    jQuery( window ).resize(function() {\n\t\t\t\t\t\tif (jQuery( window ).width() < 550) {\n\t\t\t\t\t\t    jQuery.colorbox.resize({width:\"90%\", height:\"70%\"});\n\t\t\t\t\t\t} else {\n\t\t\t\t\t\t    jQuery.colorbox.resize({ maxWidth: \"80%\", maxHeight: \"90%\" });\n\t\t\t\t\t\t}\n\t\t\t\t\t    });\n\t\t\t\t\t});\n\t\t\t\t\t<\/script><div style=\"display:none;\">\n\t\t\t\t\t    <div class=\"sb_divi_modal\" id=\"sb_divi_modal_69ee254c424bf\">\n\t\t\t\t\t\t<div class=\"container-image\">\n\t\t\t\t\t\t    \n\t\t\t\t\t\t<\/div>\n\t\t\t\t\t    <\/div>\n\t\t\t\t    <\/div><\/div>[et_pb_text admin_label=&#8221;Gaildorfer Rundschau, 2. September 2011&#8243; _builder_version=&#8221;3.18.2&#8243; custom_margin=&#8221;-10px|||&#8221; custom_padding=&#8221;0px|||&#8221;]\n<h5>Gaildorfer Rundschau, 2. September 2011<\/h5>\n[\/et_pb_text][\/et_pb_column][et_pb_column type=&#8221;1_3&#8243;][\/et_pb_column][\/et_pb_row][et_pb_row _builder_version=&#8221;3.18.2&#8243; custom_padding=&#8221;|0px||0px&#8221; border_color_bottom=&#8221;#d8d8d8&#8243; border_width_bottom=&#8221;1px&#8221;][et_pb_column type=&#8221;1_3&#8243;][\/et_pb_column][et_pb_column type=&#8221;1_3&#8243;]<div  class=\"clearfix   et_pb_popup_builder_19  et_pb_module\"><a class=\"trigger_sb_divi_modal trigger_sb_divi_modal_69ee254c42ad2\" href=\"https:\/\/koepf-photoart.de\/wp-content\/uploads\/2018\/12\/2011_ht_anz_17-06-2011.jpg\"><img decoding=\"async\" src=\"https:\/\/koepf-photoart.de\/wp-content\/uploads\/2018\/12\/2011_ht_anz_17-06-2011.jpg\" \/><\/a><script>\n\t\t\t\t\tjQuery(document).ready(function() {\n\t\t\t\t\t    jQuery(\".trigger_sb_divi_modal_69ee254c42ad2\").colorbox({ maxWidth: \"80%\", maxHeight: \"90%\" });\n\t\t\t\t\t    \n\t\t\t\t\t    jQuery( window ).resize(function() {\n\t\t\t\t\t\tif (jQuery( window ).width() < 550) {\n\t\t\t\t\t\t    jQuery.colorbox.resize({width:\"90%\", height:\"70%\"});\n\t\t\t\t\t\t} else {\n\t\t\t\t\t\t    jQuery.colorbox.resize({ maxWidth: \"80%\", maxHeight: \"90%\" });\n\t\t\t\t\t\t}\n\t\t\t\t\t    });\n\t\t\t\t\t});\n\t\t\t\t\t<\/script><div style=\"display:none;\">\n\t\t\t\t\t    <div class=\"sb_divi_modal\" id=\"sb_divi_modal_69ee254c42ad2\">\n\t\t\t\t\t\t<div class=\"container-image\">\n\t\t\t\t\t\t    \n\t\t\t\t\t\t<\/div>\n\t\t\t\t\t    <\/div>\n\t\t\t\t    <\/div><\/div>[et_pb_text admin_label=&#8221;Haller Tagblatt, 17. Juni 2011&#8243; _builder_version=&#8221;3.18.2&#8243; custom_margin=&#8221;-10px|||&#8221; custom_padding=&#8221;0px|||&#8221;]\n<h5>Haller Tagblatt, 17. Juni 2011<\/h5>\n[\/et_pb_text][\/et_pb_column][et_pb_column type=&#8221;1_3&#8243;][\/et_pb_column][\/et_pb_row][et_pb_row _builder_version=&#8221;3.18.2&#8243; custom_padding=&#8221;|0px||0px&#8221; border_color_bottom=&#8221;#d8d8d8&#8243; border_width_bottom=&#8221;1px&#8221;][et_pb_column type=&#8221;1_3&#8243;][\/et_pb_column][et_pb_column type=&#8221;1_3&#8243;]<div  class=\"clearfix   et_pb_popup_builder_20  et_pb_module\"><a class=\"trigger_sb_divi_modal trigger_sb_divi_modal_69ee254c430e1\" href=\"https:\/\/koepf-photoart.de\/wp-content\/uploads\/2018\/12\/2011_ht_16_06_2011.jpg\"><img decoding=\"async\" src=\"https:\/\/koepf-photoart.de\/wp-content\/uploads\/2018\/12\/2011_ht_16_06_2011.jpg\" \/><\/a><script>\n\t\t\t\t\tjQuery(document).ready(function() {\n\t\t\t\t\t    jQuery(\".trigger_sb_divi_modal_69ee254c430e1\").colorbox({ maxWidth: \"80%\", maxHeight: \"90%\" });\n\t\t\t\t\t    \n\t\t\t\t\t    jQuery( window ).resize(function() {\n\t\t\t\t\t\tif (jQuery( window ).width() < 550) {\n\t\t\t\t\t\t    jQuery.colorbox.resize({width:\"90%\", height:\"70%\"});\n\t\t\t\t\t\t} else {\n\t\t\t\t\t\t    jQuery.colorbox.resize({ maxWidth: \"80%\", maxHeight: \"90%\" });\n\t\t\t\t\t\t}\n\t\t\t\t\t    });\n\t\t\t\t\t});\n\t\t\t\t\t<\/script><div style=\"display:none;\">\n\t\t\t\t\t    <div class=\"sb_divi_modal\" id=\"sb_divi_modal_69ee254c430e1\">\n\t\t\t\t\t\t<div class=\"container-image\">\n\t\t\t\t\t\t    \n\t\t\t\t\t\t<\/div>\n\t\t\t\t\t    <\/div>\n\t\t\t\t    <\/div><\/div>[et_pb_text admin_label=&#8221;Haller Tagblatt, 16. Juni 2011&#8243; _builder_version=&#8221;3.18.2&#8243; custom_margin=&#8221;-10px|||&#8221; custom_padding=&#8221;0px|||&#8221;]\n<h5>Haller Tagblatt, 16. Juni 2011<\/h5>\n[\/et_pb_text][\/et_pb_column][et_pb_column type=&#8221;1_3&#8243;][\/et_pb_column][\/et_pb_row][et_pb_row _builder_version=&#8221;3.18.2&#8243; custom_padding=&#8221;|0px||0px&#8221; border_color_bottom=&#8221;#d8d8d8&#8243; border_width_bottom=&#8221;1px&#8221;][et_pb_column type=&#8221;1_3&#8243;][\/et_pb_column][et_pb_column type=&#8221;1_3&#8243;]<div  class=\"clearfix   et_pb_popup_builder_21  et_pb_module\"><a class=\"trigger_sb_divi_modal trigger_sb_divi_modal_69ee254c436f8\" href=\"https:\/\/koepf-photoart.de\/wp-content\/uploads\/2018\/12\/2011_ht_11_06_2011.jpg\"><img decoding=\"async\" src=\"https:\/\/koepf-photoart.de\/wp-content\/uploads\/2018\/12\/2011_ht_11_06_2011.jpg\" \/><\/a><script>\n\t\t\t\t\tjQuery(document).ready(function() {\n\t\t\t\t\t    jQuery(\".trigger_sb_divi_modal_69ee254c436f8\").colorbox({ maxWidth: \"80%\", maxHeight: \"90%\" });\n\t\t\t\t\t    \n\t\t\t\t\t    jQuery( window ).resize(function() {\n\t\t\t\t\t\tif (jQuery( window ).width() < 550) {\n\t\t\t\t\t\t    jQuery.colorbox.resize({width:\"90%\", height:\"70%\"});\n\t\t\t\t\t\t} else {\n\t\t\t\t\t\t    jQuery.colorbox.resize({ maxWidth: \"80%\", maxHeight: \"90%\" });\n\t\t\t\t\t\t}\n\t\t\t\t\t    });\n\t\t\t\t\t});\n\t\t\t\t\t<\/script><div style=\"display:none;\">\n\t\t\t\t\t    <div class=\"sb_divi_modal\" id=\"sb_divi_modal_69ee254c436f8\">\n\t\t\t\t\t\t<div class=\"container-image\">\n\t\t\t\t\t\t    \n\t\t\t\t\t\t<\/div>\n\t\t\t\t\t    <\/div>\n\t\t\t\t    <\/div><\/div>[et_pb_text admin_label=&#8221;Ausstellung \u201eAntarktika\u201c Haller Tagblatt, 11. Juni 2011&#8243; _builder_version=&#8221;3.18.2&#8243; custom_margin=&#8221;-10px|||&#8221; custom_padding=&#8221;0px|||&#8221;]\n<h5>Ausstellung \u201eAntarktika\u201c Haller Tagblatt, 11. Juni 2011<\/h5>\n[\/et_pb_text][\/et_pb_column][et_pb_column type=&#8221;1_3&#8243;][\/et_pb_column][\/et_pb_row][et_pb_row _builder_version=&#8221;3.18.2&#8243; custom_padding=&#8221;|0px||0px&#8221; border_color_bottom=&#8221;#d8d8d8&#8243; border_width_bottom=&#8221;1px&#8221;][et_pb_column type=&#8221;1_3&#8243;][\/et_pb_column][et_pb_column type=&#8221;1_3&#8243;]<div  class=\"clearfix   et_pb_popup_builder_22  et_pb_module\"><a class=\"trigger_sb_divi_modal trigger_sb_divi_modal_69ee254c43d92\" href=\"https:\/\/koepf-photoart.de\/wp-content\/uploads\/2018\/12\/2011_ht_09_06_2011.jpg\"><img decoding=\"async\" src=\"https:\/\/koepf-photoart.de\/wp-content\/uploads\/2018\/12\/2011_ht_09_06_2011.jpg\" \/><\/a><script>\n\t\t\t\t\tjQuery(document).ready(function() {\n\t\t\t\t\t    jQuery(\".trigger_sb_divi_modal_69ee254c43d92\").colorbox({ maxWidth: \"80%\", maxHeight: \"90%\" });\n\t\t\t\t\t    \n\t\t\t\t\t    jQuery( window ).resize(function() {\n\t\t\t\t\t\tif (jQuery( window ).width() < 550) {\n\t\t\t\t\t\t    jQuery.colorbox.resize({width:\"90%\", height:\"70%\"});\n\t\t\t\t\t\t} else {\n\t\t\t\t\t\t    jQuery.colorbox.resize({ maxWidth: \"80%\", maxHeight: \"90%\" });\n\t\t\t\t\t\t}\n\t\t\t\t\t    });\n\t\t\t\t\t});\n\t\t\t\t\t<\/script><div style=\"display:none;\">\n\t\t\t\t\t    <div class=\"sb_divi_modal\" id=\"sb_divi_modal_69ee254c43d92\">\n\t\t\t\t\t\t<div class=\"container-image\">\n\t\t\t\t\t\t    \n\t\t\t\t\t\t<\/div>\n\t\t\t\t\t    <\/div>\n\t\t\t\t    <\/div><\/div>[et_pb_text admin_label=&#8221;Ausstellung \u201eAntarktika\u201c Haller Tagblatt, 09. Juni 2011&#8243; _builder_version=&#8221;3.18.2&#8243; custom_margin=&#8221;-10px|||&#8221; custom_padding=&#8221;0px|||&#8221;]\n<h5>Ausstellung \u201eAntarktika\u201c Haller Tagblatt, 09. Juni 2011<\/h5>\n[\/et_pb_text][\/et_pb_column][et_pb_column type=&#8221;1_3&#8243;][\/et_pb_column][\/et_pb_row][et_pb_row _builder_version=&#8221;3.18.2&#8243; custom_padding=&#8221;|0px||0px&#8221; border_color_bottom=&#8221;#d8d8d8&#8243; border_width_bottom=&#8221;1px&#8221;][et_pb_column type=&#8221;1_3&#8243;][\/et_pb_column][et_pb_column type=&#8221;1_3&#8243;]<div  class=\"clearfix   et_pb_popup_builder_23  et_pb_module\"><a class=\"trigger_sb_divi_modal trigger_sb_divi_modal_69ee254c443c4\" href=\"https:\/\/koepf-photoart.de\/wp-content\/uploads\/2018\/12\/2011_kk_08_06_2011.jpg\"><img decoding=\"async\" src=\"https:\/\/koepf-photoart.de\/wp-content\/uploads\/2018\/12\/2011_kk_08_06_2011.jpg\" \/><\/a><script>\n\t\t\t\t\tjQuery(document).ready(function() {\n\t\t\t\t\t    jQuery(\".trigger_sb_divi_modal_69ee254c443c4\").colorbox({ maxWidth: \"80%\", maxHeight: \"90%\" });\n\t\t\t\t\t    \n\t\t\t\t\t    jQuery( window ).resize(function() {\n\t\t\t\t\t\tif (jQuery( window ).width() < 550) {\n\t\t\t\t\t\t    jQuery.colorbox.resize({width:\"90%\", height:\"70%\"});\n\t\t\t\t\t\t} else {\n\t\t\t\t\t\t    jQuery.colorbox.resize({ maxWidth: \"80%\", maxHeight: \"90%\" });\n\t\t\t\t\t\t}\n\t\t\t\t\t    });\n\t\t\t\t\t});\n\t\t\t\t\t<\/script><div style=\"display:none;\">\n\t\t\t\t\t    <div class=\"sb_divi_modal\" id=\"sb_divi_modal_69ee254c443c4\">\n\t\t\t\t\t\t<div class=\"container-image\">\n\t\t\t\t\t\t    \n\t\t\t\t\t\t<\/div>\n\t\t\t\t\t    <\/div>\n\t\t\t\t    <\/div><\/div>[et_pb_text admin_label=&#8221;Kreis Kurier, 08. Juni 2011&#8243; _builder_version=&#8221;3.18.2&#8243; custom_margin=&#8221;-10px|||&#8221; custom_padding=&#8221;0px|||&#8221;]\n<h5>Kreis Kurier, 08. Juni 2011<\/h5>\n[\/et_pb_text][\/et_pb_column][et_pb_column type=&#8221;1_3&#8243;][\/et_pb_column][\/et_pb_row][et_pb_row _builder_version=&#8221;3.18.2&#8243; custom_padding=&#8221;|0px||0px&#8221; border_color_bottom=&#8221;#d8d8d8&#8243; border_width_bottom=&#8221;1px&#8221;][et_pb_column type=&#8221;1_3&#8243;][\/et_pb_column][et_pb_column type=&#8221;1_3&#8243;]<div  class=\"clearfix   et_pb_popup_builder_24  et_pb_module\"><a class=\"trigger_sb_divi_modal trigger_sb_divi_modal_69ee254c449ed\" href=\"https:\/\/koepf-photoart.de\/wp-content\/uploads\/2018\/12\/2011_ht_08_06_2011-s01.jpg\"><img decoding=\"async\" src=\"https:\/\/koepf-photoart.de\/wp-content\/uploads\/2018\/12\/2011_ht_08_06_2011-s01.jpg\" \/><\/a><script>\n\t\t\t\t\tjQuery(document).ready(function() {\n\t\t\t\t\t    jQuery(\".trigger_sb_divi_modal_69ee254c449ed\").colorbox({ maxWidth: \"80%\", maxHeight: \"90%\" });\n\t\t\t\t\t    \n\t\t\t\t\t    jQuery( window ).resize(function() {\n\t\t\t\t\t\tif (jQuery( window ).width() < 550) {\n\t\t\t\t\t\t    jQuery.colorbox.resize({width:\"90%\", height:\"70%\"});\n\t\t\t\t\t\t} else {\n\t\t\t\t\t\t    jQuery.colorbox.resize({ maxWidth: \"80%\", maxHeight: \"90%\" });\n\t\t\t\t\t\t}\n\t\t\t\t\t    });\n\t\t\t\t\t});\n\t\t\t\t\t<\/script><div style=\"display:none;\">\n\t\t\t\t\t    <div class=\"sb_divi_modal\" id=\"sb_divi_modal_69ee254c449ed\">\n\t\t\t\t\t\t<div class=\"container-image\">\n\t\t\t\t\t\t    \n\t\t\t\t\t\t<\/div>\n\t\t\t\t\t    <\/div>\n\t\t\t\t    <\/div><\/div>[et_pb_text admin_label=&#8221;Ausstellung \u201eAntarktika\u201c, Haller Tagblatt, 08. Juni 2011&#8243; _builder_version=&#8221;3.18.2&#8243; custom_margin=&#8221;-10px|||&#8221; custom_padding=&#8221;0px|||&#8221;]\n<h5>Ausstellung \u201eAntarktika\u201c, Haller Tagblatt, 08. Juni 2011<\/h5>\n[\/et_pb_text][\/et_pb_column][et_pb_column type=&#8221;1_3&#8243;][\/et_pb_column][\/et_pb_row][et_pb_row _builder_version=&#8221;3.18.2&#8243; custom_padding=&#8221;|0px||0px&#8221; border_color_bottom=&#8221;#d8d8d8&#8243; border_width_bottom=&#8221;1px&#8221;][et_pb_column type=&#8221;1_3&#8243;][\/et_pb_column][et_pb_column type=&#8221;1_3&#8243;]<div  class=\"clearfix   et_pb_popup_builder_25  et_pb_module\"><a class=\"trigger_sb_divi_modal trigger_sb_divi_modal_69ee254c45015\" href=\"https:\/\/koepf-photoart.de\/wp-content\/uploads\/2018\/12\/2011_sha_06_2011.jpg\"><img decoding=\"async\" src=\"https:\/\/koepf-photoart.de\/wp-content\/uploads\/2018\/12\/2011_sha_06_2011.jpg\" \/><\/a><script>\n\t\t\t\t\tjQuery(document).ready(function() {\n\t\t\t\t\t    jQuery(\".trigger_sb_divi_modal_69ee254c45015\").colorbox({ maxWidth: \"80%\", maxHeight: \"90%\" });\n\t\t\t\t\t    \n\t\t\t\t\t    jQuery( window ).resize(function() {\n\t\t\t\t\t\tif (jQuery( window ).width() < 550) {\n\t\t\t\t\t\t    jQuery.colorbox.resize({width:\"90%\", height:\"70%\"});\n\t\t\t\t\t\t} else {\n\t\t\t\t\t\t    jQuery.colorbox.resize({ maxWidth: \"80%\", maxHeight: \"90%\" });\n\t\t\t\t\t\t}\n\t\t\t\t\t    });\n\t\t\t\t\t});\n\t\t\t\t\t<\/script><div style=\"display:none;\">\n\t\t\t\t\t    <div class=\"sb_divi_modal\" id=\"sb_divi_modal_69ee254c45015\">\n\t\t\t\t\t\t<div class=\"container-image\">\n\t\t\t\t\t\t    \n\t\t\t\t\t\t<\/div>\n\t\t\t\t\t    <\/div>\n\t\t\t\t    <\/div><\/div>[et_pb_text admin_label=&#8221;Website Stadt Schw\u00e4bisch Hall, Juni 2011&#8243; _builder_version=&#8221;3.18.2&#8243; custom_margin=&#8221;-10px|||&#8221; custom_padding=&#8221;0px|||&#8221;]\n<h5>Website Stadt Schw\u00e4bisch Hall, Juni 2011<\/h5>\n[\/et_pb_text][\/et_pb_column][et_pb_column type=&#8221;1_3&#8243;][\/et_pb_column][\/et_pb_row][et_pb_row _builder_version=&#8221;3.18.2&#8243; custom_padding=&#8221;|0px||0px&#8221; border_color_bottom=&#8221;#d8d8d8&#8243; border_width_bottom=&#8221;1px&#8221;][et_pb_column type=&#8221;1_3&#8243;][\/et_pb_column][et_pb_column type=&#8221;1_3&#8243;]<div  class=\"clearfix   et_pb_popup_builder_26  et_pb_module\"><a class=\"trigger_sb_divi_modal trigger_sb_divi_modal_69ee254c45625\" href=\"https:\/\/koepf-photoart.de\/wp-content\/uploads\/2018\/12\/2011_Trends_06_2011.jpg\"><img decoding=\"async\" src=\"https:\/\/koepf-photoart.de\/wp-content\/uploads\/2018\/12\/2011_Trends_06_2011.jpg\" \/><\/a><script>\n\t\t\t\t\tjQuery(document).ready(function() {\n\t\t\t\t\t    jQuery(\".trigger_sb_divi_modal_69ee254c45625\").colorbox({ maxWidth: \"80%\", maxHeight: \"90%\" });\n\t\t\t\t\t    \n\t\t\t\t\t    jQuery( window ).resize(function() {\n\t\t\t\t\t\tif (jQuery( window ).width() < 550) {\n\t\t\t\t\t\t    jQuery.colorbox.resize({width:\"90%\", height:\"70%\"});\n\t\t\t\t\t\t} else {\n\t\t\t\t\t\t    jQuery.colorbox.resize({ maxWidth: \"80%\", maxHeight: \"90%\" });\n\t\t\t\t\t\t}\n\t\t\t\t\t    });\n\t\t\t\t\t});\n\t\t\t\t\t<\/script><div style=\"display:none;\">\n\t\t\t\t\t    <div class=\"sb_divi_modal\" id=\"sb_divi_modal_69ee254c45625\">\n\t\t\t\t\t\t<div class=\"container-image\">\n\t\t\t\t\t\t    \n\t\t\t\t\t\t<\/div>\n\t\t\t\t\t    <\/div>\n\t\t\t\t    <\/div><\/div>[et_pb_text admin_label=&#8221;Hohenlohe Trends, Ausgabe Juni 2011&#8243; _builder_version=&#8221;3.18.2&#8243; custom_margin=&#8221;-10px|||&#8221; custom_padding=&#8221;0px|||&#8221;]\n<h5>Hohenlohe Trends, Ausgabe Juni 2011<\/h5>\n[\/et_pb_text][\/et_pb_column][et_pb_column type=&#8221;1_3&#8243;][\/et_pb_column][\/et_pb_row][et_pb_row _builder_version=&#8221;3.18.2&#8243; custom_padding=&#8221;|0px||0px&#8221; border_color_bottom=&#8221;#d8d8d8&#8243; border_width_bottom=&#8221;1px&#8221;][et_pb_column type=&#8221;1_3&#8243;][\/et_pb_column][et_pb_column type=&#8221;1_3&#8243;]<div  class=\"clearfix   et_pb_popup_builder_27  et_pb_module\"><a class=\"trigger_sb_divi_modal trigger_sb_divi_modal_69ee254c45c46\" href=\"https:\/\/koepf-photoart.de\/wp-content\/uploads\/2018\/12\/trends1.jpg\"><img decoding=\"async\" src=\"https:\/\/koepf-photoart.de\/wp-content\/uploads\/2018\/12\/trends1.jpg\" \/><\/a><script>\n\t\t\t\t\tjQuery(document).ready(function() {\n\t\t\t\t\t    jQuery(\".trigger_sb_divi_modal_69ee254c45c46\").colorbox({ maxWidth: \"80%\", maxHeight: \"90%\" });\n\t\t\t\t\t    \n\t\t\t\t\t    jQuery( window ).resize(function() {\n\t\t\t\t\t\tif (jQuery( window ).width() < 550) {\n\t\t\t\t\t\t    jQuery.colorbox.resize({width:\"90%\", height:\"70%\"});\n\t\t\t\t\t\t} else {\n\t\t\t\t\t\t    jQuery.colorbox.resize({ maxWidth: \"80%\", maxHeight: \"90%\" });\n\t\t\t\t\t\t}\n\t\t\t\t\t    });\n\t\t\t\t\t});\n\t\t\t\t\t<\/script><div style=\"display:none;\">\n\t\t\t\t\t    <div class=\"sb_divi_modal\" id=\"sb_divi_modal_69ee254c45c46\">\n\t\t\t\t\t\t<div class=\"container-image\">\n\t\t\t\t\t\t    \n\t\t\t\t\t\t<\/div>\n\t\t\t\t\t    <\/div>\n\t\t\t\t    <\/div><\/div><div  class=\"clearfix   et_pb_popup_builder_28  et_pb_module\"><a class=\"trigger_sb_divi_modal trigger_sb_divi_modal_69ee254c4625a\" href=\"https:\/\/koepf-photoart.de\/wp-content\/uploads\/2018\/12\/2011_trends2.jpg\"><img decoding=\"async\" src=\"https:\/\/koepf-photoart.de\/wp-content\/uploads\/2018\/12\/2011_trends2.jpg\" \/><\/a><script>\n\t\t\t\t\tjQuery(document).ready(function() {\n\t\t\t\t\t    jQuery(\".trigger_sb_divi_modal_69ee254c4625a\").colorbox({ maxWidth: \"80%\", maxHeight: \"90%\" });\n\t\t\t\t\t    \n\t\t\t\t\t    jQuery( window ).resize(function() {\n\t\t\t\t\t\tif (jQuery( window ).width() < 550) {\n\t\t\t\t\t\t    jQuery.colorbox.resize({width:\"90%\", height:\"70%\"});\n\t\t\t\t\t\t} else {\n\t\t\t\t\t\t    jQuery.colorbox.resize({ maxWidth: \"80%\", maxHeight: \"90%\" });\n\t\t\t\t\t\t}\n\t\t\t\t\t    });\n\t\t\t\t\t});\n\t\t\t\t\t<\/script><div style=\"display:none;\">\n\t\t\t\t\t    <div class=\"sb_divi_modal\" id=\"sb_divi_modal_69ee254c4625a\">\n\t\t\t\t\t\t<div class=\"container-image\">\n\t\t\t\t\t\t    \n\t\t\t\t\t\t<\/div>\n\t\t\t\t\t    <\/div>\n\t\t\t\t    <\/div><\/div>[et_pb_text admin_label=&#8221;Hohenlohe Trends, Ausgabe Mai 2011&#8243; _builder_version=&#8221;3.18.2&#8243; custom_margin=&#8221;-10px|||&#8221; custom_padding=&#8221;0px|||&#8221;]\n<h5>Hohenlohe Trends, Ausgabe Mai 2011<\/h5>\n[\/et_pb_text][\/et_pb_column][et_pb_column type=&#8221;1_3&#8243;][\/et_pb_column][\/et_pb_row][et_pb_row _builder_version=&#8221;3.18.2&#8243; custom_padding=&#8221;|0px||0px&#8221; border_color_bottom=&#8221;#d8d8d8&#8243; border_width_bottom=&#8221;1px&#8221;][et_pb_column type=&#8221;1_3&#8243;][\/et_pb_column][et_pb_column type=&#8221;1_3&#8243;]<div  class=\"clearfix   et_pb_popup_builder_29  et_pb_module\"><a class=\"trigger_sb_divi_modal trigger_sb_divi_modal_69ee254c4688b\" href=\"https:\/\/koepf-photoart.de\/wp-content\/uploads\/2018\/12\/2010_zeitung_obersulm.jpg\"><img decoding=\"async\" src=\"https:\/\/koepf-photoart.de\/wp-content\/uploads\/2018\/12\/2010_zeitung_obersulm.jpg\" \/><\/a><script>\n\t\t\t\t\tjQuery(document).ready(function() {\n\t\t\t\t\t    jQuery(\".trigger_sb_divi_modal_69ee254c4688b\").colorbox({ maxWidth: \"80%\", maxHeight: \"90%\" });\n\t\t\t\t\t    \n\t\t\t\t\t    jQuery( window ).resize(function() {\n\t\t\t\t\t\tif (jQuery( window ).width() < 550) {\n\t\t\t\t\t\t    jQuery.colorbox.resize({width:\"90%\", height:\"70%\"});\n\t\t\t\t\t\t} else {\n\t\t\t\t\t\t    jQuery.colorbox.resize({ maxWidth: \"80%\", maxHeight: \"90%\" });\n\t\t\t\t\t\t}\n\t\t\t\t\t    });\n\t\t\t\t\t});\n\t\t\t\t\t<\/script><div style=\"display:none;\">\n\t\t\t\t\t    <div class=\"sb_divi_modal\" id=\"sb_divi_modal_69ee254c4688b\">\n\t\t\t\t\t\t<div class=\"container-image\">\n\t\t\t\t\t\t    \n\t\t\t\t\t\t<\/div>\n\t\t\t\t\t    <\/div>\n\t\t\t\t    <\/div><\/div>[et_pb_text admin_label=&#8221;Sulmtaler Woche, 25. August 2010&#8243; _builder_version=&#8221;3.18.2&#8243; custom_margin=&#8221;-10px|||&#8221; custom_padding=&#8221;0px|||&#8221;]\n<h5>Sulmtaler Woche, 25. August 2010<\/h5>\n[\/et_pb_text][\/et_pb_column][et_pb_column type=&#8221;1_3&#8243;][\/et_pb_column][\/et_pb_row][et_pb_row _builder_version=&#8221;3.18.2&#8243; custom_padding=&#8221;|0px||0px&#8221; border_color_bottom=&#8221;#d8d8d8&#8243; border_width_bottom=&#8221;1px&#8221;][et_pb_column type=&#8221;1_3&#8243;][\/et_pb_column][et_pb_column type=&#8221;1_3&#8243;]<div  class=\"clearfix   et_pb_popup_builder_30  et_pb_module\"><a class=\"trigger_sb_divi_modal trigger_sb_divi_modal_69ee254c46ea6\" href=\"https:\/\/koepf-photoart.de\/wp-content\/uploads\/2018\/12\/2009_kulturstimme_gleis1_2009.jpg\"><img decoding=\"async\" src=\"https:\/\/koepf-photoart.de\/wp-content\/uploads\/2018\/12\/2009_kulturstimme_gleis1_2009.jpg\" \/><\/a><script>\n\t\t\t\t\tjQuery(document).ready(function() {\n\t\t\t\t\t    jQuery(\".trigger_sb_divi_modal_69ee254c46ea6\").colorbox({ maxWidth: \"80%\", maxHeight: \"90%\" });\n\t\t\t\t\t    \n\t\t\t\t\t    jQuery( window ).resize(function() {\n\t\t\t\t\t\tif (jQuery( window ).width() < 550) {\n\t\t\t\t\t\t    jQuery.colorbox.resize({width:\"90%\", height:\"70%\"});\n\t\t\t\t\t\t} else {\n\t\t\t\t\t\t    jQuery.colorbox.resize({ maxWidth: \"80%\", maxHeight: \"90%\" });\n\t\t\t\t\t\t}\n\t\t\t\t\t    });\n\t\t\t\t\t});\n\t\t\t\t\t<\/script><div style=\"display:none;\">\n\t\t\t\t\t    <div class=\"sb_divi_modal\" id=\"sb_divi_modal_69ee254c46ea6\">\n\t\t\t\t\t\t<div class=\"container-image\">\n\t\t\t\t\t\t    \n\t\t\t\t\t\t<\/div>\n\t\t\t\t\t    <\/div>\n\t\t\t\t    <\/div><\/div>[et_pb_text admin_label=&#8221;Ausstellung Arctic Art, Gleis 1, Hohenloher Zeitung, 23. Dezember 2009&#8243; _builder_version=&#8221;3.18.2&#8243; custom_margin=&#8221;-10px|||&#8221; custom_padding=&#8221;0px|||&#8221;]\n<h5>Ausstellung Arctic Art, Gleis 1, Hohenloher Zeitung, 23. Dezember 2009<\/h5>\n[\/et_pb_text][\/et_pb_column][et_pb_column type=&#8221;1_3&#8243;][\/et_pb_column][\/et_pb_row][et_pb_row _builder_version=&#8221;3.18.2&#8243; custom_padding=&#8221;|0px||0px&#8221; border_color_bottom=&#8221;#d8d8d8&#8243; border_width_bottom=&#8221;1px&#8221;][et_pb_column type=&#8221;1_3&#8243;][\/et_pb_column][et_pb_column type=&#8221;1_3&#8243;]<div  class=\"clearfix   et_pb_popup_builder_31  et_pb_module\"><a class=\"trigger_sb_divi_modal trigger_sb_divi_modal_69ee254c474b7\" href=\"https:\/\/koepf-photoart.de\/wp-content\/uploads\/2018\/12\/2009_settegiorni_2009.jpg\"><img decoding=\"async\" src=\"https:\/\/koepf-photoart.de\/wp-content\/uploads\/2018\/12\/2009_settegiorni_2009.jpg\" \/><\/a><script>\n\t\t\t\t\tjQuery(document).ready(function() {\n\t\t\t\t\t    jQuery(\".trigger_sb_divi_modal_69ee254c474b7\").colorbox({ maxWidth: \"80%\", maxHeight: \"90%\" });\n\t\t\t\t\t    \n\t\t\t\t\t    jQuery( window ).resize(function() {\n\t\t\t\t\t\tif (jQuery( window ).width() < 550) {\n\t\t\t\t\t\t    jQuery.colorbox.resize({width:\"90%\", height:\"70%\"});\n\t\t\t\t\t\t} else {\n\t\t\t\t\t\t    jQuery.colorbox.resize({ maxWidth: \"80%\", maxHeight: \"90%\" });\n\t\t\t\t\t\t}\n\t\t\t\t\t    });\n\t\t\t\t\t});\n\t\t\t\t\t<\/script><div style=\"display:none;\">\n\t\t\t\t\t    <div class=\"sb_divi_modal\" id=\"sb_divi_modal_69ee254c474b7\">\n\t\t\t\t\t\t<div class=\"container-image\">\n\t\t\t\t\t\t    \n\t\t\t\t\t\t<\/div>\n\t\t\t\t\t    <\/div>\n\t\t\t\t    <\/div><\/div>[et_pb_text admin_label=&#8221;settegiorni, Italien, 04. Dezember 2009&#8243; _builder_version=&#8221;3.18.2&#8243; custom_margin=&#8221;-10px|||&#8221; custom_padding=&#8221;0px|||&#8221;]\n<h5>settegiorni, Italien, 04. Dezember 2009<\/h5>\n[\/et_pb_text][\/et_pb_column][et_pb_column type=&#8221;1_3&#8243;][\/et_pb_column][\/et_pb_row][et_pb_row _builder_version=&#8221;3.18.2&#8243; custom_padding=&#8221;|0px||0px&#8221; border_color_bottom=&#8221;#d8d8d8&#8243; border_width_bottom=&#8221;1px&#8221;][et_pb_column type=&#8221;1_3&#8243;][\/et_pb_column][et_pb_column type=&#8221;1_3&#8243;]<div  class=\"clearfix   et_pb_popup_builder_32  et_pb_module\"><a class=\"trigger_sb_divi_modal trigger_sb_divi_modal_69ee254c47ad1\" href=\"https:\/\/koepf-photoart.de\/wp-content\/uploads\/2018\/12\/2009_notiziario_garbagnate_2009.jpg\"><img decoding=\"async\" src=\"https:\/\/koepf-photoart.de\/wp-content\/uploads\/2018\/12\/2009_notiziario_garbagnate_2009.jpg\" \/><\/a><script>\n\t\t\t\t\tjQuery(document).ready(function() {\n\t\t\t\t\t    jQuery(\".trigger_sb_divi_modal_69ee254c47ad1\").colorbox({ maxWidth: \"80%\", maxHeight: \"90%\" });\n\t\t\t\t\t    \n\t\t\t\t\t    jQuery( window ).resize(function() {\n\t\t\t\t\t\tif (jQuery( window ).width() < 550) {\n\t\t\t\t\t\t    jQuery.colorbox.resize({width:\"90%\", height:\"70%\"});\n\t\t\t\t\t\t} else {\n\t\t\t\t\t\t    jQuery.colorbox.resize({ maxWidth: \"80%\", maxHeight: \"90%\" });\n\t\t\t\t\t\t}\n\t\t\t\t\t    });\n\t\t\t\t\t});\n\t\t\t\t\t<\/script><div style=\"display:none;\">\n\t\t\t\t\t    <div class=\"sb_divi_modal\" id=\"sb_divi_modal_69ee254c47ad1\">\n\t\t\t\t\t\t<div class=\"container-image\">\n\t\t\t\t\t\t    \n\t\t\t\t\t\t<\/div>\n\t\t\t\t\t    <\/div>\n\t\t\t\t    <\/div><\/div>[et_pb_text admin_label=&#8221;il notiziario, Italien, 04. Dezember 2009&#8243; _builder_version=&#8221;3.18.2&#8243; custom_margin=&#8221;-10px|||&#8221; custom_padding=&#8221;0px|||&#8221;]\n<h5>il notiziario, Italien, 04. Dezember 2009<\/h5>\n[\/et_pb_text][\/et_pb_column][et_pb_column type=&#8221;1_3&#8243;][\/et_pb_column][\/et_pb_row][et_pb_row _builder_version=&#8221;3.18.2&#8243; custom_padding=&#8221;|0px||0px&#8221; border_color_bottom=&#8221;#d8d8d8&#8243; border_width_bottom=&#8221;1px&#8221;][et_pb_column type=&#8221;1_3&#8243;][\/et_pb_column][et_pb_column type=&#8221;1_3&#8243;]<div  class=\"clearfix   et_pb_popup_builder_33  et_pb_module\"><a class=\"trigger_sb_divi_modal trigger_sb_divi_modal_69ee254c480dc\" href=\"https:\/\/koepf-photoart.de\/wp-content\/uploads\/2018\/12\/2009_arctic_egenschule_2009.jpg\"><img decoding=\"async\" src=\"https:\/\/koepf-photoart.de\/wp-content\/uploads\/2018\/12\/2009_arctic_egenschule_2009.jpg\" \/><\/a><script>\n\t\t\t\t\tjQuery(document).ready(function() {\n\t\t\t\t\t    jQuery(\".trigger_sb_divi_modal_69ee254c480dc\").colorbox({ maxWidth: \"80%\", maxHeight: \"90%\" });\n\t\t\t\t\t    \n\t\t\t\t\t    jQuery( window ).resize(function() {\n\t\t\t\t\t\tif (jQuery( window ).width() < 550) {\n\t\t\t\t\t\t    jQuery.colorbox.resize({width:\"90%\", height:\"70%\"});\n\t\t\t\t\t\t} else {\n\t\t\t\t\t\t    jQuery.colorbox.resize({ maxWidth: \"80%\", maxHeight: \"90%\" });\n\t\t\t\t\t\t}\n\t\t\t\t\t    });\n\t\t\t\t\t});\n\t\t\t\t\t<\/script><div style=\"display:none;\">\n\t\t\t\t\t    <div class=\"sb_divi_modal\" id=\"sb_divi_modal_69ee254c480dc\">\n\t\t\t\t\t\t<div class=\"container-image\">\n\t\t\t\t\t\t    \n\t\t\t\t\t\t<\/div>\n\t\t\t\t\t    <\/div>\n\t\t\t\t    <\/div><\/div>[et_pb_text admin_label=&#8221;Ausstellung Arctic Art, Haller Tagblatt, 24.10.2009&#8243; _builder_version=&#8221;3.18.2&#8243; custom_margin=&#8221;-10px|||&#8221; custom_padding=&#8221;0px|||&#8221;]\n<h5>Ausstellung Arctic Art, Haller Tagblatt, 24.10.2009<\/h5>\n[\/et_pb_text][\/et_pb_column][et_pb_column type=&#8221;1_3&#8243;][\/et_pb_column][\/et_pb_row][et_pb_row _builder_version=&#8221;3.18.2&#8243; custom_padding=&#8221;|0px||0px&#8221; border_color_bottom=&#8221;#d8d8d8&#8243; border_width_bottom=&#8221;1px&#8221;][et_pb_column type=&#8221;1_3&#8243;][\/et_pb_column][et_pb_column type=&#8221;1_3&#8243;]<div  class=\"clearfix   et_pb_popup_builder_34  et_pb_module\"><a class=\"trigger_sb_divi_modal trigger_sb_divi_modal_69ee254c486e9\" href=\"https:\/\/koepf-photoart.de\/wp-content\/uploads\/2018\/12\/2009_HT_Arctic-Art_19_10-2009.jpg\"><img decoding=\"async\" src=\"https:\/\/koepf-photoart.de\/wp-content\/uploads\/2018\/12\/2009_HT_Arctic-Art_19_10-2009.jpg\" \/><\/a><script>\n\t\t\t\t\tjQuery(document).ready(function() {\n\t\t\t\t\t    jQuery(\".trigger_sb_divi_modal_69ee254c486e9\").colorbox({ maxWidth: \"80%\", maxHeight: \"90%\" });\n\t\t\t\t\t    \n\t\t\t\t\t    jQuery( window ).resize(function() {\n\t\t\t\t\t\tif (jQuery( window ).width() < 550) {\n\t\t\t\t\t\t    jQuery.colorbox.resize({width:\"90%\", height:\"70%\"});\n\t\t\t\t\t\t} else {\n\t\t\t\t\t\t    jQuery.colorbox.resize({ maxWidth: \"80%\", maxHeight: \"90%\" });\n\t\t\t\t\t\t}\n\t\t\t\t\t    });\n\t\t\t\t\t});\n\t\t\t\t\t<\/script><div style=\"display:none;\">\n\t\t\t\t\t    <div class=\"sb_divi_modal\" id=\"sb_divi_modal_69ee254c486e9\">\n\t\t\t\t\t\t<div class=\"container-image\">\n\t\t\t\t\t\t    \n\t\t\t\t\t\t<\/div>\n\t\t\t\t\t    <\/div>\n\t\t\t\t    <\/div><\/div>[et_pb_text admin_label=&#8221;Ausstellung Arctic Art, Haller Tagblatt, 19. Oktober 2009&#8243; _builder_version=&#8221;3.18.2&#8243; custom_margin=&#8221;-10px|||&#8221; custom_padding=&#8221;0px|||&#8221;]\n<h5>Ausstellung Arctic Art, Haller Tagblatt, 19. Oktober 2009<\/h5>\n[\/et_pb_text][\/et_pb_column][et_pb_column type=&#8221;1_3&#8243;][\/et_pb_column][\/et_pb_row][et_pb_row _builder_version=&#8221;3.18.2&#8243; custom_padding=&#8221;|0px||0px&#8221; border_color_bottom=&#8221;#d8d8d8&#8243; border_width_bottom=&#8221;1px&#8221;][et_pb_column type=&#8221;1_3&#8243;][\/et_pb_column][et_pb_column type=&#8221;1_3&#8243;]<div  class=\"clearfix   et_pb_popup_builder_35  et_pb_module\"><a class=\"trigger_sb_divi_modal trigger_sb_divi_modal_69ee254c491b8\" href=\"https:\/\/koepf-photoart.de\/wp-content\/uploads\/2018\/12\/2009_ht_bildband_2009.jpg\"><img decoding=\"async\" src=\"https:\/\/koepf-photoart.de\/wp-content\/uploads\/2018\/12\/2009_ht_bildband_2009.jpg\" \/><\/a><script>\n\t\t\t\t\tjQuery(document).ready(function() {\n\t\t\t\t\t    jQuery(\".trigger_sb_divi_modal_69ee254c491b8\").colorbox({ maxWidth: \"80%\", maxHeight: \"90%\" });\n\t\t\t\t\t    \n\t\t\t\t\t    jQuery( window ).resize(function() {\n\t\t\t\t\t\tif (jQuery( window ).width() < 550) {\n\t\t\t\t\t\t    jQuery.colorbox.resize({width:\"90%\", height:\"70%\"});\n\t\t\t\t\t\t} else {\n\t\t\t\t\t\t    jQuery.colorbox.resize({ maxWidth: \"80%\", maxHeight: \"90%\" });\n\t\t\t\t\t\t}\n\t\t\t\t\t    });\n\t\t\t\t\t});\n\t\t\t\t\t<\/script><div style=\"display:none;\">\n\t\t\t\t\t    <div class=\"sb_divi_modal\" id=\"sb_divi_modal_69ee254c491b8\">\n\t\t\t\t\t\t<div class=\"container-image\">\n\t\t\t\t\t\t    \n\t\t\t\t\t\t<\/div>\n\t\t\t\t\t    <\/div>\n\t\t\t\t    <\/div><\/div>[et_pb_text admin_label=&#8221;Bildband Schw\u00e4isch Hall, Haller Tagblatt, 22.10.2009&#8243; _builder_version=&#8221;3.18.2&#8243; custom_margin=&#8221;-10px|||&#8221; custom_padding=&#8221;0px|||&#8221;]\n<h5>Bildband Schw\u00e4isch Hall, Haller Tagblatt, 22.10.2009<\/h5>\n[\/et_pb_text][\/et_pb_column][et_pb_column type=&#8221;1_3&#8243;][\/et_pb_column][\/et_pb_row][et_pb_row _builder_version=&#8221;3.18.2&#8243; custom_padding=&#8221;|0px||0px&#8221; border_color_bottom=&#8221;#d8d8d8&#8243; border_width_bottom=&#8221;1px&#8221;][et_pb_column type=&#8221;1_3&#8243;][\/et_pb_column][et_pb_column type=&#8221;1_3&#8243;]<div  class=\"clearfix   et_pb_popup_builder_36  et_pb_module\"><a class=\"trigger_sb_divi_modal trigger_sb_divi_modal_69ee254c49ab4\" href=\"https:\/\/koepf-photoart.de\/wp-content\/uploads\/2018\/12\/2008_photographie_11_2008.jpg\"><img decoding=\"async\" src=\"https:\/\/koepf-photoart.de\/wp-content\/uploads\/2018\/12\/2008_photographie_11_2008.jpg\" \/><\/a><script>\n\t\t\t\t\tjQuery(document).ready(function() {\n\t\t\t\t\t    jQuery(\".trigger_sb_divi_modal_69ee254c49ab4\").colorbox({ maxWidth: \"80%\", maxHeight: \"90%\" });\n\t\t\t\t\t    \n\t\t\t\t\t    jQuery( window ).resize(function() {\n\t\t\t\t\t\tif (jQuery( window ).width() < 550) {\n\t\t\t\t\t\t    jQuery.colorbox.resize({width:\"90%\", height:\"70%\"});\n\t\t\t\t\t\t} else {\n\t\t\t\t\t\t    jQuery.colorbox.resize({ maxWidth: \"80%\", maxHeight: \"90%\" });\n\t\t\t\t\t\t}\n\t\t\t\t\t    });\n\t\t\t\t\t});\n\t\t\t\t\t<\/script><div style=\"display:none;\">\n\t\t\t\t\t    <div class=\"sb_divi_modal\" id=\"sb_divi_modal_69ee254c49ab4\">\n\t\t\t\t\t\t<div class=\"container-image\">\n\t\t\t\t\t\t    \n\t\t\t\t\t\t<\/div>\n\t\t\t\t\t    <\/div>\n\t\t\t\t    <\/div><\/div>[et_pb_text admin_label=&#8221;Photographie 11\/2008&#8243; _builder_version=&#8221;3.18.2&#8243; custom_margin=&#8221;-10px|||&#8221; custom_padding=&#8221;0px|||&#8221;]\n<h5>Photographie 11\/2008<\/h5>\n[\/et_pb_text][\/et_pb_column][et_pb_column type=&#8221;1_3&#8243;][\/et_pb_column][\/et_pb_row][et_pb_row _builder_version=&#8221;3.18.2&#8243; custom_padding=&#8221;|0px||0px&#8221; border_color_bottom=&#8221;#d8d8d8&#8243; border_width_bottom=&#8221;1px&#8221;][et_pb_column type=&#8221;1_3&#8243;][\/et_pb_column][et_pb_column type=&#8221;1_3&#8243;]<div  class=\"clearfix   et_pb_popup_builder_37  et_pb_module\"><a class=\"trigger_sb_divi_modal trigger_sb_divi_modal_69ee254c4a103\" href=\"https:\/\/koepf-photoart.de\/wp-content\/uploads\/2018\/12\/2008_ht_08_05_2008.jpg\"><img decoding=\"async\" src=\"https:\/\/koepf-photoart.de\/wp-content\/uploads\/2018\/12\/2008_ht_08_05_2008.jpg\" \/><\/a><script>\n\t\t\t\t\tjQuery(document).ready(function() {\n\t\t\t\t\t    jQuery(\".trigger_sb_divi_modal_69ee254c4a103\").colorbox({ maxWidth: \"80%\", maxHeight: \"90%\" });\n\t\t\t\t\t    \n\t\t\t\t\t    jQuery( window ).resize(function() {\n\t\t\t\t\t\tif (jQuery( window ).width() < 550) {\n\t\t\t\t\t\t    jQuery.colorbox.resize({width:\"90%\", height:\"70%\"});\n\t\t\t\t\t\t} else {\n\t\t\t\t\t\t    jQuery.colorbox.resize({ maxWidth: \"80%\", maxHeight: \"90%\" });\n\t\t\t\t\t\t}\n\t\t\t\t\t    });\n\t\t\t\t\t});\n\t\t\t\t\t<\/script><div style=\"display:none;\">\n\t\t\t\t\t    <div class=\"sb_divi_modal\" id=\"sb_divi_modal_69ee254c4a103\">\n\t\t\t\t\t\t<div class=\"container-image\">\n\t\t\t\t\t\t    \n\t\t\t\t\t\t<\/div>\n\t\t\t\t\t    <\/div>\n\t\t\t\t    <\/div><\/div>[et_pb_text admin_label=&#8221;Haller Tagblatt, 08.05.2008&#8243; _builder_version=&#8221;3.18.2&#8243; custom_margin=&#8221;-10px|||&#8221; custom_padding=&#8221;0px|||&#8221;]\n<h5>Haller Tagblatt, 08.05.2008<\/h5>\n[\/et_pb_text][\/et_pb_column][et_pb_column type=&#8221;1_3&#8243;][\/et_pb_column][\/et_pb_row][et_pb_row _builder_version=&#8221;3.18.2&#8243; custom_padding=&#8221;|0px||0px&#8221; border_color_bottom=&#8221;#d8d8d8&#8243; border_width_bottom=&#8221;1px&#8221;][et_pb_column type=&#8221;1_3&#8243;][\/et_pb_column][et_pb_column type=&#8221;1_3&#8243;]<div  class=\"clearfix   et_pb_popup_builder_38  et_pb_module\"><a class=\"trigger_sb_divi_modal trigger_sb_divi_modal_69ee254c4a726\" href=\"https:\/\/koepf-photoart.de\/wp-content\/uploads\/2018\/12\/2008_fotobuchaward_fotoheft.jpg\"><img decoding=\"async\" src=\"https:\/\/koepf-photoart.de\/wp-content\/uploads\/2018\/12\/2008_fotobuchaward_fotoheft.jpg\" \/><\/a><script>\n\t\t\t\t\tjQuery(document).ready(function() {\n\t\t\t\t\t    jQuery(\".trigger_sb_divi_modal_69ee254c4a726\").colorbox({ maxWidth: \"80%\", maxHeight: \"90%\" });\n\t\t\t\t\t    \n\t\t\t\t\t    jQuery( window ).resize(function() {\n\t\t\t\t\t\tif (jQuery( window ).width() < 550) {\n\t\t\t\t\t\t    jQuery.colorbox.resize({width:\"90%\", height:\"70%\"});\n\t\t\t\t\t\t} else {\n\t\t\t\t\t\t    jQuery.colorbox.resize({ maxWidth: \"80%\", maxHeight: \"90%\" });\n\t\t\t\t\t\t}\n\t\t\t\t\t    });\n\t\t\t\t\t});\n\t\t\t\t\t<\/script><div style=\"display:none;\">\n\t\t\t\t\t    <div class=\"sb_divi_modal\" id=\"sb_divi_modal_69ee254c4a726\">\n\t\t\t\t\t\t<div class=\"container-image\">\n\t\t\t\t\t\t    \n\t\t\t\t\t\t<\/div>\n\t\t\t\t\t    <\/div>\n\t\t\t\t    <\/div><\/div>[et_pb_text admin_label=&#8221;2008 CEWE Fotobuchaward Fotoheft&#8221; _builder_version=&#8221;3.18.2&#8243; custom_margin=&#8221;-10px|||&#8221; custom_padding=&#8221;0px|||&#8221;]\n<h5>2008 CEWE Fotobuchaward Fotoheft<\/h5>\n[\/et_pb_text][\/et_pb_column][et_pb_column type=&#8221;1_3&#8243;][\/et_pb_column][\/et_pb_row][et_pb_row _builder_version=&#8221;3.18.2&#8243; custom_padding=&#8221;|0px||0px&#8221; border_color_bottom=&#8221;#d8d8d8&#8243; border_width_bottom=&#8221;1px&#8221;][et_pb_column type=&#8221;1_3&#8243;][\/et_pb_column][et_pb_column type=&#8221;1_3&#8243;]<div  class=\"clearfix   et_pb_popup_builder_39  et_pb_module\"><a class=\"trigger_sb_divi_modal trigger_sb_divi_modal_69ee254c4ada0\" href=\"https:\/\/koepf-photoart.de\/wp-content\/uploads\/2018\/12\/2006_Hallertagblatt.jpg\"><img decoding=\"async\" src=\"https:\/\/koepf-photoart.de\/wp-content\/uploads\/2018\/12\/2006_Hallertagblatt.jpg\" \/><\/a><script>\n\t\t\t\t\tjQuery(document).ready(function() {\n\t\t\t\t\t    jQuery(\".trigger_sb_divi_modal_69ee254c4ada0\").colorbox({ maxWidth: \"80%\", maxHeight: \"90%\" });\n\t\t\t\t\t    \n\t\t\t\t\t    jQuery( window ).resize(function() {\n\t\t\t\t\t\tif (jQuery( window ).width() < 550) {\n\t\t\t\t\t\t    jQuery.colorbox.resize({width:\"90%\", height:\"70%\"});\n\t\t\t\t\t\t} else {\n\t\t\t\t\t\t    jQuery.colorbox.resize({ maxWidth: \"80%\", maxHeight: \"90%\" });\n\t\t\t\t\t\t}\n\t\t\t\t\t    });\n\t\t\t\t\t});\n\t\t\t\t\t<\/script><div style=\"display:none;\">\n\t\t\t\t\t    <div class=\"sb_divi_modal\" id=\"sb_divi_modal_69ee254c4ada0\">\n\t\t\t\t\t\t<div class=\"container-image\">\n\t\t\t\t\t\t    \n\t\t\t\t\t\t<\/div>\n\t\t\t\t\t    <\/div>\n\t\t\t\t    <\/div><\/div>[et_pb_text admin_label=&#8221;Haller Tagblatt, 12.01.2006&#8243; _builder_version=&#8221;3.18.2&#8243; custom_margin=&#8221;-10px|||&#8221; custom_padding=&#8221;0px|||&#8221;]\n<h5>Haller Tagblatt, 12.01.2006<\/h5>\n[\/et_pb_text][\/et_pb_column][et_pb_column type=&#8221;1_3&#8243;][\/et_pb_column][\/et_pb_row][et_pb_row _builder_version=&#8221;3.18.2&#8243; custom_padding=&#8221;|0px||0px&#8221; border_color_bottom=&#8221;#d8d8d8&#8243; border_width_bottom=&#8221;1px&#8221;][et_pb_column type=&#8221;1_3&#8243;][\/et_pb_column][et_pb_column type=&#8221;1_3&#8243;]<div  class=\"clearfix   et_pb_popup_builder_40  et_pb_module\"><a class=\"trigger_sb_divi_modal trigger_sb_divi_modal_69ee254c4b3bc\" href=\"https:\/\/koepf-photoart.de\/wp-content\/uploads\/2018\/12\/2005_pulcinella.jpg\"><img decoding=\"async\" src=\"https:\/\/koepf-photoart.de\/wp-content\/uploads\/2018\/12\/2005_pulcinella.jpg\" \/><\/a><script>\n\t\t\t\t\tjQuery(document).ready(function() {\n\t\t\t\t\t    jQuery(\".trigger_sb_divi_modal_69ee254c4b3bc\").colorbox({ maxWidth: \"80%\", maxHeight: \"90%\" });\n\t\t\t\t\t    \n\t\t\t\t\t    jQuery( window ).resize(function() {\n\t\t\t\t\t\tif (jQuery( window ).width() < 550) {\n\t\t\t\t\t\t    jQuery.colorbox.resize({width:\"90%\", height:\"70%\"});\n\t\t\t\t\t\t} else {\n\t\t\t\t\t\t    jQuery.colorbox.resize({ maxWidth: \"80%\", maxHeight: \"90%\" });\n\t\t\t\t\t\t}\n\t\t\t\t\t    });\n\t\t\t\t\t});\n\t\t\t\t\t<\/script><div style=\"display:none;\">\n\t\t\t\t\t    <div class=\"sb_divi_modal\" id=\"sb_divi_modal_69ee254c4b3bc\">\n\t\t\t\t\t\t<div class=\"container-image\">\n\t\t\t\t\t\t    \n\t\t\t\t\t\t<\/div>\n\t\t\t\t\t    <\/div>\n\t\t\t\t    <\/div><\/div>[et_pb_text admin_label=&#8221;Ausstellung \u201eBodylandscapes\u201c, Haller Tagblatt, 15.10.2005&#8243; _builder_version=&#8221;3.18.2&#8243; custom_margin=&#8221;-10px|||&#8221; custom_padding=&#8221;0px|||&#8221;]\n<h5>Ausstellung \u201eBodylandscapes\u201c, Haller Tagblatt, 15.10.2005<\/h5>\n[\/et_pb_text][\/et_pb_column][et_pb_column type=&#8221;1_3&#8243;][\/et_pb_column][\/et_pb_row][et_pb_row _builder_version=&#8221;3.18.2&#8243; custom_padding=&#8221;|0px||0px&#8221; border_color_bottom=&#8221;#d8d8d8&#8243; border_width_bottom=&#8221;1px&#8221;][et_pb_column type=&#8221;1_3&#8243;][\/et_pb_column][et_pb_column type=&#8221;1_3&#8243;]<div  class=\"clearfix   et_pb_popup_builder_41  et_pb_module\"><a class=\"trigger_sb_divi_modal trigger_sb_divi_modal_69ee254c4b9d7\" href=\"https:\/\/koepf-photoart.de\/wp-content\/uploads\/2018\/12\/2004_schoemberg04_kreis.jpg\"><img decoding=\"async\" src=\"https:\/\/koepf-photoart.de\/wp-content\/uploads\/2018\/12\/2004_schoemberg04_kreis.jpg\" \/><\/a><script>\n\t\t\t\t\tjQuery(document).ready(function() {\n\t\t\t\t\t    jQuery(\".trigger_sb_divi_modal_69ee254c4b9d7\").colorbox({ maxWidth: \"80%\", maxHeight: \"90%\" });\n\t\t\t\t\t    \n\t\t\t\t\t    jQuery( window ).resize(function() {\n\t\t\t\t\t\tif (jQuery( window ).width() < 550) {\n\t\t\t\t\t\t    jQuery.colorbox.resize({width:\"90%\", height:\"70%\"});\n\t\t\t\t\t\t} else {\n\t\t\t\t\t\t    jQuery.colorbox.resize({ maxWidth: \"80%\", maxHeight: \"90%\" });\n\t\t\t\t\t\t}\n\t\t\t\t\t    });\n\t\t\t\t\t});\n\t\t\t\t\t<\/script><div style=\"display:none;\">\n\t\t\t\t\t    <div class=\"sb_divi_modal\" id=\"sb_divi_modal_69ee254c4b9d7\">\n\t\t\t\t\t\t<div class=\"container-image\">\n\t\t\t\t\t\t    \n\t\t\t\t\t\t<\/div>\n\t\t\t\t\t    <\/div>\n\t\t\t\t    <\/div><\/div>[et_pb_text admin_label=&#8221;Sch\u00f6mberger Fotoherbst, Kreisnachrichten Calw, 25.10.2004&#8243; _builder_version=&#8221;3.18.2&#8243; custom_margin=&#8221;-10px|||&#8221; custom_padding=&#8221;0px|||&#8221;]\n<h5>Sch\u00f6mberger Fotoherbst, Kreisnachrichten Calw, 25.10.2004<\/h5>\n[\/et_pb_text][\/et_pb_column][et_pb_column type=&#8221;1_3&#8243;][\/et_pb_column][\/et_pb_row][et_pb_row _builder_version=&#8221;3.18.2&#8243; custom_padding=&#8221;|0px||0px&#8221; border_color_bottom=&#8221;#d8d8d8&#8243; border_width_bottom=&#8221;1px&#8221;][et_pb_column type=&#8221;1_3&#8243;][\/et_pb_column][et_pb_column type=&#8221;1_3&#8243;]<div  class=\"clearfix   et_pb_popup_builder_42  et_pb_module\"><a class=\"trigger_sb_divi_modal trigger_sb_divi_modal_69ee254c4bfea\" href=\"https:\/\/koepf-photoart.de\/wp-content\/uploads\/2018\/12\/2004_schoemberg04_fotoforum.jpg\"><img decoding=\"async\" src=\"https:\/\/koepf-photoart.de\/wp-content\/uploads\/2018\/12\/2004_schoemberg04_fotoforum.jpg\" \/><\/a><script>\n\t\t\t\t\tjQuery(document).ready(function() {\n\t\t\t\t\t    jQuery(\".trigger_sb_divi_modal_69ee254c4bfea\").colorbox({ maxWidth: \"80%\", maxHeight: \"90%\" });\n\t\t\t\t\t    \n\t\t\t\t\t    jQuery( window ).resize(function() {\n\t\t\t\t\t\tif (jQuery( window ).width() < 550) {\n\t\t\t\t\t\t    jQuery.colorbox.resize({width:\"90%\", height:\"70%\"});\n\t\t\t\t\t\t} else {\n\t\t\t\t\t\t    jQuery.colorbox.resize({ maxWidth: \"80%\", maxHeight: \"90%\" });\n\t\t\t\t\t\t}\n\t\t\t\t\t    });\n\t\t\t\t\t});\n\t\t\t\t\t<\/script><div style=\"display:none;\">\n\t\t\t\t\t    <div class=\"sb_divi_modal\" id=\"sb_divi_modal_69ee254c4bfea\">\n\t\t\t\t\t\t<div class=\"container-image\">\n\t\t\t\t\t\t    \n\t\t\t\t\t\t<\/div>\n\t\t\t\t\t    <\/div>\n\t\t\t\t    <\/div><\/div>[et_pb_text admin_label=&#8221;Sch\u00f6mberger Fotoherbst 2004, Fotoforum Schwarzwald 44\/2004&#8243; _builder_version=&#8221;3.18.2&#8243; custom_margin=&#8221;-10px|||&#8221; custom_padding=&#8221;0px|||&#8221;]\n<h5>Sch\u00f6mberger Fotoherbst 2004, Fotoforum Schwarzwald 44\/2004<\/h5>\n[\/et_pb_text][\/et_pb_column][et_pb_column type=&#8221;1_3&#8243;][\/et_pb_column][\/et_pb_row][et_pb_row _builder_version=&#8221;3.18.2&#8243; custom_padding=&#8221;|0px||0px&#8221; border_color_bottom=&#8221;#d8d8d8&#8243; border_width_bottom=&#8221;1px&#8221;][et_pb_column type=&#8221;1_3&#8243;][\/et_pb_column][et_pb_column type=&#8221;1_3&#8243;]<div  class=\"clearfix   et_pb_popup_builder_43  et_pb_module\"><a class=\"trigger_sb_divi_modal trigger_sb_divi_modal_69ee254c4c5fc\" href=\"https:\/\/koepf-photoart.de\/wp-content\/uploads\/2018\/12\/2004_icelandart_felger.jpg\"><img decoding=\"async\" src=\"https:\/\/koepf-photoart.de\/wp-content\/uploads\/2018\/12\/2004_icelandart_felger.jpg\" \/><\/a><script>\n\t\t\t\t\tjQuery(document).ready(function() {\n\t\t\t\t\t    jQuery(\".trigger_sb_divi_modal_69ee254c4c5fc\").colorbox({ maxWidth: \"80%\", maxHeight: \"90%\" });\n\t\t\t\t\t    \n\t\t\t\t\t    jQuery( window ).resize(function() {\n\t\t\t\t\t\tif (jQuery( window ).width() < 550) {\n\t\t\t\t\t\t    jQuery.colorbox.resize({width:\"90%\", height:\"70%\"});\n\t\t\t\t\t\t} else {\n\t\t\t\t\t\t    jQuery.colorbox.resize({ maxWidth: \"80%\", maxHeight: \"90%\" });\n\t\t\t\t\t\t}\n\t\t\t\t\t    });\n\t\t\t\t\t});\n\t\t\t\t\t<\/script><div style=\"display:none;\">\n\t\t\t\t\t    <div class=\"sb_divi_modal\" id=\"sb_divi_modal_69ee254c4c5fc\">\n\t\t\t\t\t\t<div class=\"container-image\">\n\t\t\t\t\t\t    \n\t\t\t\t\t\t<\/div>\n\t\t\t\t\t    <\/div>\n\t\t\t\t    <\/div><\/div>[et_pb_text admin_label=&#8221;Haller Tagblatt, 07. Dezember 2004&#8243; _builder_version=&#8221;3.18.2&#8243; custom_margin=&#8221;-10px|||&#8221; custom_padding=&#8221;0px|||&#8221;]\n<h5>Haller Tagblatt, 07. Dezember 2004<\/h5>\n[\/et_pb_text][\/et_pb_column][et_pb_column type=&#8221;1_3&#8243;][\/et_pb_column][\/et_pb_row][et_pb_row _builder_version=&#8221;3.18.2&#8243; custom_padding=&#8221;|0px||0px&#8221; border_color_bottom=&#8221;#d8d8d8&#8243; border_width_bottom=&#8221;1px&#8221;][et_pb_column type=&#8221;1_3&#8243;][\/et_pb_column][et_pb_column type=&#8221;1_3&#8243;]<div  class=\"clearfix   et_pb_popup_builder_44  et_pb_module\"><a class=\"trigger_sb_divi_modal trigger_sb_divi_modal_69ee254c4cc16\" href=\"https:\/\/koepf-photoart.de\/wp-content\/uploads\/2018\/12\/2004_icelandart_gleis1-hz.jpg\"><img decoding=\"async\" src=\"https:\/\/koepf-photoart.de\/wp-content\/uploads\/2018\/12\/2004_icelandart_gleis1-hz.jpg\" \/><\/a><script>\n\t\t\t\t\tjQuery(document).ready(function() {\n\t\t\t\t\t    jQuery(\".trigger_sb_divi_modal_69ee254c4cc16\").colorbox({ maxWidth: \"80%\", maxHeight: \"90%\" });\n\t\t\t\t\t    \n\t\t\t\t\t    jQuery( window ).resize(function() {\n\t\t\t\t\t\tif (jQuery( window ).width() < 550) {\n\t\t\t\t\t\t    jQuery.colorbox.resize({width:\"90%\", height:\"70%\"});\n\t\t\t\t\t\t} else {\n\t\t\t\t\t\t    jQuery.colorbox.resize({ maxWidth: \"80%\", maxHeight: \"90%\" });\n\t\t\t\t\t\t}\n\t\t\t\t\t    });\n\t\t\t\t\t});\n\t\t\t\t\t<\/script><div style=\"display:none;\">\n\t\t\t\t\t    <div class=\"sb_divi_modal\" id=\"sb_divi_modal_69ee254c4cc16\">\n\t\t\t\t\t\t<div class=\"container-image\">\n\t\t\t\t\t\t    \n\t\t\t\t\t\t<\/div>\n\t\t\t\t\t    <\/div>\n\t\t\t\t    <\/div><\/div>[et_pb_text admin_label=&#8221;Ausstellung Iceland Art, Gleis 1, Hohenloher Zeitung 08.10.2004&#8243; _builder_version=&#8221;3.18.2&#8243; custom_margin=&#8221;-10px|||&#8221; custom_padding=&#8221;0px|||&#8221;]\n<h5>Ausstellung Iceland Art, Gleis 1, Hohenloher Zeitung 08.10.2004<\/h5>\n[\/et_pb_text][\/et_pb_column][et_pb_column type=&#8221;1_3&#8243;][\/et_pb_column][\/et_pb_row][et_pb_row _builder_version=&#8221;3.18.2&#8243; custom_padding=&#8221;|0px||0px&#8221; border_color_bottom=&#8221;#d8d8d8&#8243; border_width_bottom=&#8221;1px&#8221;][et_pb_column type=&#8221;1_3&#8243;][\/et_pb_column][et_pb_column type=&#8221;1_3&#8243;]<div  class=\"clearfix   et_pb_popup_builder_45  et_pb_module\"><a class=\"trigger_sb_divi_modal trigger_sb_divi_modal_69ee254c4d235\" href=\"https:\/\/koepf-photoart.de\/wp-content\/uploads\/2018\/12\/2004_ht_schoemberg.jpg\"><img decoding=\"async\" src=\"https:\/\/koepf-photoart.de\/wp-content\/uploads\/2018\/12\/2004_ht_schoemberg.jpg\" \/><\/a><script>\n\t\t\t\t\tjQuery(document).ready(function() {\n\t\t\t\t\t    jQuery(\".trigger_sb_divi_modal_69ee254c4d235\").colorbox({ maxWidth: \"80%\", maxHeight: \"90%\" });\n\t\t\t\t\t    \n\t\t\t\t\t    jQuery( window ).resize(function() {\n\t\t\t\t\t\tif (jQuery( window ).width() < 550) {\n\t\t\t\t\t\t    jQuery.colorbox.resize({width:\"90%\", height:\"70%\"});\n\t\t\t\t\t\t} else {\n\t\t\t\t\t\t    jQuery.colorbox.resize({ maxWidth: \"80%\", maxHeight: \"90%\" });\n\t\t\t\t\t\t}\n\t\t\t\t\t    });\n\t\t\t\t\t});\n\t\t\t\t\t<\/script><div style=\"display:none;\">\n\t\t\t\t\t    <div class=\"sb_divi_modal\" id=\"sb_divi_modal_69ee254c4d235\">\n\t\t\t\t\t\t<div class=\"container-image\">\n\t\t\t\t\t\t    \n\t\t\t\t\t\t<\/div>\n\t\t\t\t\t    <\/div>\n\t\t\t\t    <\/div><\/div>[et_pb_text admin_label=&#8221;Haller Tagblatt, 30. Oktober 2004&#8243; _builder_version=&#8221;3.18.2&#8243; custom_margin=&#8221;-10px|||&#8221; custom_padding=&#8221;0px|||&#8221;]\n<h5>Haller Tagblatt, 30. Oktober 2004<\/h5>\n[\/et_pb_text][\/et_pb_column][et_pb_column type=&#8221;1_3&#8243;][\/et_pb_column][\/et_pb_row][et_pb_row _builder_version=&#8221;3.18.2&#8243; custom_padding=&#8221;|0px||0px&#8221; border_color_bottom=&#8221;#d8d8d8&#8243; border_width_bottom=&#8221;1px&#8221;][et_pb_column type=&#8221;1_3&#8243;][\/et_pb_column][et_pb_column type=&#8221;1_3&#8243;]<div  class=\"clearfix   et_pb_popup_builder_46  et_pb_module\"><a class=\"trigger_sb_divi_modal trigger_sb_divi_modal_69ee254c4d917\" href=\"https:\/\/koepf-photoart.de\/wp-content\/uploads\/2018\/12\/2004_iceland_gleis1.jpg\"><img decoding=\"async\" src=\"https:\/\/koepf-photoart.de\/wp-content\/uploads\/2018\/12\/2004_iceland_gleis1.jpg\" \/><\/a><script>\n\t\t\t\t\tjQuery(document).ready(function() {\n\t\t\t\t\t    jQuery(\".trigger_sb_divi_modal_69ee254c4d917\").colorbox({ maxWidth: \"80%\", maxHeight: \"90%\" });\n\t\t\t\t\t    \n\t\t\t\t\t    jQuery( window ).resize(function() {\n\t\t\t\t\t\tif (jQuery( window ).width() < 550) {\n\t\t\t\t\t\t    jQuery.colorbox.resize({width:\"90%\", height:\"70%\"});\n\t\t\t\t\t\t} else {\n\t\t\t\t\t\t    jQuery.colorbox.resize({ maxWidth: \"80%\", maxHeight: \"90%\" });\n\t\t\t\t\t\t}\n\t\t\t\t\t    });\n\t\t\t\t\t});\n\t\t\t\t\t<\/script><div style=\"display:none;\">\n\t\t\t\t\t    <div class=\"sb_divi_modal\" id=\"sb_divi_modal_69ee254c4d917\">\n\t\t\t\t\t\t<div class=\"container-image\">\n\t\t\t\t\t\t    \n\t\t\t\t\t\t<\/div>\n\t\t\t\t\t    <\/div>\n\t\t\t\t    <\/div><\/div>[et_pb_text admin_label=&#8221;Ausstellung Iceland Art Gleis 1, Haller Tagblatt, 29. September 2004&#8243; _builder_version=&#8221;3.18.2&#8243; custom_margin=&#8221;-10px|||&#8221; custom_padding=&#8221;0px|||&#8221;]\n<h5>Ausstellung Iceland Art Gleis 1, Haller Tagblatt, 29. September 2004<\/h5>\n[\/et_pb_text][\/et_pb_column][et_pb_column type=&#8221;1_3&#8243;][\/et_pb_column][\/et_pb_row][et_pb_row _builder_version=&#8221;3.18.2&#8243; custom_padding=&#8221;|0px||0px&#8221; border_color_bottom=&#8221;#d8d8d8&#8243; border_width_bottom=&#8221;1px&#8221;][et_pb_column type=&#8221;1_3&#8243;][\/et_pb_column][et_pb_column type=&#8221;1_3&#8243;]<div  class=\"clearfix   et_pb_popup_builder_47  et_pb_module\"><a class=\"trigger_sb_divi_modal trigger_sb_divi_modal_69ee254c4dff9\" href=\"https:\/\/koepf-photoart.de\/wp-content\/uploads\/2018\/12\/ht_maerz_2004.jpg\"><img decoding=\"async\" src=\"https:\/\/koepf-photoart.de\/wp-content\/uploads\/2018\/12\/ht_maerz_2004.jpg\" \/><\/a><script>\n\t\t\t\t\tjQuery(document).ready(function() {\n\t\t\t\t\t    jQuery(\".trigger_sb_divi_modal_69ee254c4dff9\").colorbox({ maxWidth: \"80%\", maxHeight: \"90%\" });\n\t\t\t\t\t    \n\t\t\t\t\t    jQuery( window ).resize(function() {\n\t\t\t\t\t\tif (jQuery( window ).width() < 550) {\n\t\t\t\t\t\t    jQuery.colorbox.resize({width:\"90%\", height:\"70%\"});\n\t\t\t\t\t\t} else {\n\t\t\t\t\t\t    jQuery.colorbox.resize({ maxWidth: \"80%\", maxHeight: \"90%\" });\n\t\t\t\t\t\t}\n\t\t\t\t\t    });\n\t\t\t\t\t});\n\t\t\t\t\t<\/script><div style=\"display:none;\">\n\t\t\t\t\t    <div class=\"sb_divi_modal\" id=\"sb_divi_modal_69ee254c4dff9\">\n\t\t\t\t\t\t<div class=\"container-image\">\n\t\t\t\t\t\t    \n\t\t\t\t\t\t<\/div>\n\t\t\t\t\t    <\/div>\n\t\t\t\t    <\/div><\/div>[et_pb_text admin_label=&#8221;Haller Tagblatt, 06.03.2004&#8243; _builder_version=&#8221;3.18.2&#8243; custom_margin=&#8221;-10px|||&#8221; custom_padding=&#8221;0px|||&#8221;]\n<h5>Haller Tagblatt, 06.03.2004<\/h5>\n[\/et_pb_text][\/et_pb_column][et_pb_column type=&#8221;1_3&#8243;][\/et_pb_column][\/et_pb_row][et_pb_row _builder_version=&#8221;3.18.2&#8243; custom_padding=&#8221;|0px||0px&#8221; border_color_bottom=&#8221;#d8d8d8&#8243; border_width_bottom=&#8221;1px&#8221;][et_pb_column type=&#8221;1_3&#8243;][\/et_pb_column][et_pb_column type=&#8221;1_3&#8243;]<div  class=\"clearfix   et_pb_popup_builder_48  et_pb_module\"><a class=\"trigger_sb_divi_modal trigger_sb_divi_modal_69ee254c4e625\" href=\"https:\/\/koepf-photoart.de\/wp-content\/uploads\/2018\/12\/2003_katzenextra_fantacat01.jpg\"><img decoding=\"async\" src=\"https:\/\/koepf-photoart.de\/wp-content\/uploads\/2018\/12\/2003_katzenextra_fantacat01.jpg\" \/><\/a><script>\n\t\t\t\t\tjQuery(document).ready(function() {\n\t\t\t\t\t    jQuery(\".trigger_sb_divi_modal_69ee254c4e625\").colorbox({ maxWidth: \"80%\", maxHeight: \"90%\" });\n\t\t\t\t\t    \n\t\t\t\t\t    jQuery( window ).resize(function() {\n\t\t\t\t\t\tif (jQuery( window ).width() < 550) {\n\t\t\t\t\t\t    jQuery.colorbox.resize({width:\"90%\", height:\"70%\"});\n\t\t\t\t\t\t} else {\n\t\t\t\t\t\t    jQuery.colorbox.resize({ maxWidth: \"80%\", maxHeight: \"90%\" });\n\t\t\t\t\t\t}\n\t\t\t\t\t    });\n\t\t\t\t\t});\n\t\t\t\t\t<\/script><div style=\"display:none;\">\n\t\t\t\t\t    <div class=\"sb_divi_modal\" id=\"sb_divi_modal_69ee254c4e625\">\n\t\t\t\t\t\t<div class=\"container-image\">\n\t\t\t\t\t\t    \n\t\t\t\t\t\t<\/div>\n\t\t\t\t\t    <\/div>\n\t\t\t\t    <\/div><\/div>[et_pb_text admin_label=&#8221;K\u00fcnstlerportrait Fantasycats&#8221; _builder_version=&#8221;3.18.2&#8243; custom_margin=&#8221;-10px|||&#8221; custom_padding=&#8221;0px|||&#8221;]\n<h5>K\u00fcnstlerportrait Fantasycats<\/h5>\n[\/et_pb_text][\/et_pb_column][et_pb_column type=&#8221;1_3&#8243;][\/et_pb_column][\/et_pb_row][et_pb_row _builder_version=&#8221;3.18.2&#8243; custom_padding=&#8221;|0px||0px&#8221; border_color_bottom=&#8221;#d8d8d8&#8243; border_width_bottom=&#8221;1px&#8221;][et_pb_column type=&#8221;1_3&#8243;][\/et_pb_column][et_pb_column type=&#8221;1_3&#8243;]<div  class=\"clearfix   et_pb_popup_builder_49  et_pb_module\"><a class=\"trigger_sb_divi_modal trigger_sb_divi_modal_69ee254c4ec53\" href=\"https:\/\/koepf-photoart.de\/wp-content\/uploads\/2018\/12\/2003_Foto-Creativ.jpg\"><img decoding=\"async\" src=\"https:\/\/koepf-photoart.de\/wp-content\/uploads\/2018\/12\/2003_Foto-Creativ.jpg\" \/><\/a><script>\n\t\t\t\t\tjQuery(document).ready(function() {\n\t\t\t\t\t    jQuery(\".trigger_sb_divi_modal_69ee254c4ec53\").colorbox({ maxWidth: \"80%\", maxHeight: \"90%\" });\n\t\t\t\t\t    \n\t\t\t\t\t    jQuery( window ).resize(function() {\n\t\t\t\t\t\tif (jQuery( window ).width() < 550) {\n\t\t\t\t\t\t    jQuery.colorbox.resize({width:\"90%\", height:\"70%\"});\n\t\t\t\t\t\t} else {\n\t\t\t\t\t\t    jQuery.colorbox.resize({ maxWidth: \"80%\", maxHeight: \"90%\" });\n\t\t\t\t\t\t}\n\t\t\t\t\t    });\n\t\t\t\t\t});\n\t\t\t\t\t<\/script><div style=\"display:none;\">\n\t\t\t\t\t    <div class=\"sb_divi_modal\" id=\"sb_divi_modal_69ee254c4ec53\">\n\t\t\t\t\t\t<div class=\"container-image\">\n\t\t\t\t\t\t    \n\t\t\t\t\t\t<\/div>\n\t\t\t\t\t    <\/div>\n\t\t\t\t    <\/div><\/div>[et_pb_text admin_label=&#8221;Hauptpreis Fotowettbewerb der Zeitschrift \u201eColor Foto\u201c 01\/2003&#8243; _builder_version=&#8221;3.18.2&#8243; custom_margin=&#8221;-10px|||&#8221; custom_padding=&#8221;0px|||&#8221;]\n<h5>Hauptpreis Fotowettbewerb der Zeitschrift \u201eColor Foto\u201c 01\/2003<\/h5>\n[\/et_pb_text][\/et_pb_column][et_pb_column type=&#8221;1_3&#8243;][\/et_pb_column][\/et_pb_row][et_pb_row _builder_version=&#8221;3.18.2&#8243; custom_padding=&#8221;|0px||0px&#8221; border_color_bottom=&#8221;#d8d8d8&#8243; border_width_bottom=&#8221;1px&#8221;][et_pb_column type=&#8221;1_3&#8243;][\/et_pb_column][et_pb_column type=&#8221;1_3&#8243;]<div  class=\"clearfix   et_pb_popup_builder_50  et_pb_module\"><a class=\"trigger_sb_divi_modal trigger_sb_divi_modal_69ee254c4f26e\" href=\"https:\/\/koepf-photoart.de\/wp-content\/uploads\/2018\/12\/2001_reisebericht_china.jpg\"><img decoding=\"async\" src=\"https:\/\/koepf-photoart.de\/wp-content\/uploads\/2018\/12\/2001_reisebericht_china.jpg\" \/><\/a><script>\n\t\t\t\t\tjQuery(document).ready(function() {\n\t\t\t\t\t    jQuery(\".trigger_sb_divi_modal_69ee254c4f26e\").colorbox({ maxWidth: \"80%\", maxHeight: \"90%\" });\n\t\t\t\t\t    \n\t\t\t\t\t    jQuery( window ).resize(function() {\n\t\t\t\t\t\tif (jQuery( window ).width() < 550) {\n\t\t\t\t\t\t    jQuery.colorbox.resize({width:\"90%\", height:\"70%\"});\n\t\t\t\t\t\t} else {\n\t\t\t\t\t\t    jQuery.colorbox.resize({ maxWidth: \"80%\", maxHeight: \"90%\" });\n\t\t\t\t\t\t}\n\t\t\t\t\t    });\n\t\t\t\t\t});\n\t\t\t\t\t<\/script><div style=\"display:none;\">\n\t\t\t\t\t    <div class=\"sb_divi_modal\" id=\"sb_divi_modal_69ee254c4f26e\">\n\t\t\t\t\t\t<div class=\"container-image\">\n\t\t\t\t\t\t    \n\t\t\t\t\t\t<\/div>\n\t\t\t\t\t    <\/div>\n\t\t\t\t    <\/div><\/div>[et_pb_text admin_label=&#8221;Haller Tagblatt, 01.12.2001 Hauptgewinner-Reise nach China&#8221; _builder_version=&#8221;3.18.2&#8243; custom_margin=&#8221;-10px|||&#8221; custom_padding=&#8221;0px|||&#8221;]\n<h5>Haller Tagblatt, 01.12.2001 Hauptgewinner-Reise nach China<\/h5>\n[\/et_pb_text][\/et_pb_column][et_pb_column type=&#8221;1_3&#8243;][\/et_pb_column][\/et_pb_row][et_pb_row _builder_version=&#8221;3.18.2&#8243; custom_padding=&#8221;|0px||0px&#8221; border_color_bottom=&#8221;#d8d8d8&#8243; border_width_bottom=&#8221;1px&#8221;][et_pb_column type=&#8221;1_3&#8243;][\/et_pb_column][et_pb_column type=&#8221;1_3&#8243;]<div  class=\"clearfix   et_pb_popup_builder_51  et_pb_module\"><a class=\"trigger_sb_divi_modal trigger_sb_divi_modal_69ee254c4f876\" href=\"https:\/\/koepf-photoart.de\/wp-content\/uploads\/2018\/12\/2001_Diak.jpg\"><img decoding=\"async\" src=\"https:\/\/koepf-photoart.de\/wp-content\/uploads\/2018\/12\/2001_Diak.jpg\" \/><\/a><script>\n\t\t\t\t\tjQuery(document).ready(function() {\n\t\t\t\t\t    jQuery(\".trigger_sb_divi_modal_69ee254c4f876\").colorbox({ maxWidth: \"80%\", maxHeight: \"90%\" });\n\t\t\t\t\t    \n\t\t\t\t\t    jQuery( window ).resize(function() {\n\t\t\t\t\t\tif (jQuery( window ).width() < 550) {\n\t\t\t\t\t\t    jQuery.colorbox.resize({width:\"90%\", height:\"70%\"});\n\t\t\t\t\t\t} else {\n\t\t\t\t\t\t    jQuery.colorbox.resize({ maxWidth: \"80%\", maxHeight: \"90%\" });\n\t\t\t\t\t\t}\n\t\t\t\t\t    });\n\t\t\t\t\t});\n\t\t\t\t\t<\/script><div style=\"display:none;\">\n\t\t\t\t\t    <div class=\"sb_divi_modal\" id=\"sb_divi_modal_69ee254c4f876\">\n\t\t\t\t\t\t<div class=\"container-image\">\n\t\t\t\t\t\t    \n\t\t\t\t\t\t<\/div>\n\t\t\t\t\t    <\/div>\n\t\t\t\t    <\/div><\/div>[et_pb_text admin_label=&#8221;Artikel Haller Tagblatt, 30.10.2001, Ausstellung \u201eSonne und Licht\u201c im Diakoniekrankenhaus Schw\u00e4bisch Hall&#8221; _builder_version=&#8221;3.18.2&#8243; custom_margin=&#8221;-10px|||&#8221; custom_padding=&#8221;0px|||&#8221;]\n<h5>Artikel Haller Tagblatt, 30.10.2001,<br \/>Ausstellung \u201eSonne und Licht\u201c im Diakoniekrankenhaus Schw\u00e4bisch Hall<\/h5>\n[\/et_pb_text][\/et_pb_column][et_pb_column type=&#8221;1_3&#8243;][\/et_pb_column][\/et_pb_row][et_pb_row _builder_version=&#8221;3.18.2&#8243; custom_padding=&#8221;|0px||0px&#8221; border_color_bottom=&#8221;#d8d8d8&#8243; border_width_bottom=&#8221;1px&#8221;][et_pb_column type=&#8221;1_3&#8243;][\/et_pb_column][et_pb_column type=&#8221;1_3&#8243;]<div  class=\"clearfix   et_pb_popup_builder_52  et_pb_module\"><a class=\"trigger_sb_divi_modal trigger_sb_divi_modal_69ee254c4fe71\" href=\"https:\/\/koepf-photoart.de\/wp-content\/uploads\/2018\/12\/2001_Staatscicus.jpg\"><img decoding=\"async\" src=\"https:\/\/koepf-photoart.de\/wp-content\/uploads\/2018\/12\/2001_Staatscicus.jpg\" \/><\/a><script>\n\t\t\t\t\tjQuery(document).ready(function() {\n\t\t\t\t\t    jQuery(\".trigger_sb_divi_modal_69ee254c4fe71\").colorbox({ maxWidth: \"80%\", maxHeight: \"90%\" });\n\t\t\t\t\t    \n\t\t\t\t\t    jQuery( window ).resize(function() {\n\t\t\t\t\t\tif (jQuery( window ).width() < 550) {\n\t\t\t\t\t\t    jQuery.colorbox.resize({width:\"90%\", height:\"70%\"});\n\t\t\t\t\t\t} else {\n\t\t\t\t\t\t    jQuery.colorbox.resize({ maxWidth: \"80%\", maxHeight: \"90%\" });\n\t\t\t\t\t\t}\n\t\t\t\t\t    });\n\t\t\t\t\t});\n\t\t\t\t\t<\/script><div style=\"display:none;\">\n\t\t\t\t\t    <div class=\"sb_divi_modal\" id=\"sb_divi_modal_69ee254c4fe71\">\n\t\t\t\t\t\t<div class=\"container-image\">\n\t\t\t\t\t\t    \n\t\t\t\t\t\t<\/div>\n\t\t\t\t\t    <\/div>\n\t\t\t\t    <\/div><\/div>[et_pb_text admin_label=&#8221;Artikel Haller Tagblatt, 04\/2001 Hauptgewinn Fotowettbewerb Chinesischer Staatscircus&#8221; _builder_version=&#8221;3.18.2&#8243; custom_margin=&#8221;-10px|||&#8221; custom_padding=&#8221;0px|||&#8221;]\n<h5>Artikel Haller Tagblatt, 04\/2001<br \/>Hauptgewinn Fotowettbewerb Chinesischer Staatscircus<\/h5>\n[\/et_pb_text][\/et_pb_column][et_pb_column type=&#8221;1_3&#8243;][\/et_pb_column][\/et_pb_row][et_pb_row _builder_version=&#8221;3.18.2&#8243; custom_padding=&#8221;|0px||0px&#8221; border_color_bottom=&#8221;#d8d8d8&#8243; border_width_bottom=&#8221;1px&#8221;][et_pb_column type=&#8221;1_3&#8243;][\/et_pb_column][et_pb_column type=&#8221;1_3&#8243;]<div  class=\"clearfix   et_pb_popup_builder_53  et_pb_module\"><a class=\"trigger_sb_divi_modal trigger_sb_divi_modal_69ee254c50476\" href=\"https:\/\/koepf-photoart.de\/wp-content\/uploads\/2018\/12\/gleis1.jpg\"><img decoding=\"async\" src=\"https:\/\/koepf-photoart.de\/wp-content\/uploads\/2018\/12\/gleis1.jpg\" \/><\/a><script>\n\t\t\t\t\tjQuery(document).ready(function() {\n\t\t\t\t\t    jQuery(\".trigger_sb_divi_modal_69ee254c50476\").colorbox({ maxWidth: \"80%\", maxHeight: \"90%\" });\n\t\t\t\t\t    \n\t\t\t\t\t    jQuery( window ).resize(function() {\n\t\t\t\t\t\tif (jQuery( window ).width() < 550) {\n\t\t\t\t\t\t    jQuery.colorbox.resize({width:\"90%\", height:\"70%\"});\n\t\t\t\t\t\t} else {\n\t\t\t\t\t\t    jQuery.colorbox.resize({ maxWidth: \"80%\", maxHeight: \"90%\" });\n\t\t\t\t\t\t}\n\t\t\t\t\t    });\n\t\t\t\t\t});\n\t\t\t\t\t<\/script><div style=\"display:none;\">\n\t\t\t\t\t    <div class=\"sb_divi_modal\" id=\"sb_divi_modal_69ee254c50476\">\n\t\t\t\t\t\t<div class=\"container-image\">\n\t\t\t\t\t\t    \n\t\t\t\t\t\t<\/div>\n\t\t\t\t\t    <\/div>\n\t\t\t\t    <\/div><\/div>[et_pb_text admin_label=&#8221;Haller Tagblatt und Hohenloher Tagblatt, 11\/2000&#8243; _builder_version=&#8221;3.18.2&#8243; custom_margin=&#8221;-10px|||&#8221; custom_padding=&#8221;0px|||&#8221;]\n<h5>Haller Tagblatt und Hohenloher Tagblatt, 11\/2000<\/h5>\n[\/et_pb_text][\/et_pb_column][et_pb_column type=&#8221;1_3&#8243;][\/et_pb_column][\/et_pb_row][et_pb_row _builder_version=&#8221;3.18.2&#8243; custom_padding=&#8221;|0px||0px&#8221; border_color_bottom=&#8221;#d8d8d8&#8243; border_width_bottom=&#8221;1px&#8221;][et_pb_column type=&#8221;1_3&#8243;][\/et_pb_column][et_pb_column type=&#8221;1_3&#8243;]<div  class=\"clearfix   et_pb_popup_builder_54  et_pb_module\"><a class=\"trigger_sb_divi_modal trigger_sb_divi_modal_69ee254c50a80\" href=\"https:\/\/koepf-photoart.de\/wp-content\/uploads\/2018\/12\/2000_Stadtbibliothek.jpg\"><img decoding=\"async\" src=\"https:\/\/koepf-photoart.de\/wp-content\/uploads\/2018\/12\/2000_Stadtbibliothek.jpg\" \/><\/a><script>\n\t\t\t\t\tjQuery(document).ready(function() {\n\t\t\t\t\t    jQuery(\".trigger_sb_divi_modal_69ee254c50a80\").colorbox({ maxWidth: \"80%\", maxHeight: \"90%\" });\n\t\t\t\t\t    \n\t\t\t\t\t    jQuery( window ).resize(function() {\n\t\t\t\t\t\tif (jQuery( window ).width() < 550) {\n\t\t\t\t\t\t    jQuery.colorbox.resize({width:\"90%\", height:\"70%\"});\n\t\t\t\t\t\t} else {\n\t\t\t\t\t\t    jQuery.colorbox.resize({ maxWidth: \"80%\", maxHeight: \"90%\" });\n\t\t\t\t\t\t}\n\t\t\t\t\t    });\n\t\t\t\t\t});\n\t\t\t\t\t<\/script><div style=\"display:none;\">\n\t\t\t\t\t    <div class=\"sb_divi_modal\" id=\"sb_divi_modal_69ee254c50a80\">\n\t\t\t\t\t\t<div class=\"container-image\">\n\t\t\t\t\t\t    \n\t\t\t\t\t\t<\/div>\n\t\t\t\t\t    <\/div>\n\t\t\t\t    <\/div><\/div>[et_pb_text admin_label=&#8221;Artikel Haller Tagblatt, 10\/2000 Fotoausstellung \u201eFantasy Cats\u201c in der Stadtbibliothek in Schw\u00e4bisch Hall&#8221; _builder_version=&#8221;3.18.2&#8243; custom_margin=&#8221;-10px|||&#8221; custom_padding=&#8221;0px|||&#8221;]\n<h5>Artikel Haller Tagblatt, 10\/2000<br \/>Fotoausstellung \u201eFantasy Cats\u201c in der Stadtbibliothek in Schw\u00e4bisch Hall<\/h5>\n[\/et_pb_text][\/et_pb_column][et_pb_column type=&#8221;1_3&#8243;][\/et_pb_column][\/et_pb_row][et_pb_row _builder_version=&#8221;3.18.2&#8243; custom_padding=&#8221;|0px||0px&#8221; border_color_bottom=&#8221;#d8d8d8&#8243; border_width_bottom=&#8221;1px&#8221;][et_pb_column type=&#8221;1_3&#8243;][\/et_pb_column][et_pb_column type=&#8221;1_3&#8243;]<div  class=\"clearfix   et_pb_popup_builder_55  et_pb_module\"><a class=\"trigger_sb_divi_modal trigger_sb_divi_modal_69ee254c5108a\" href=\"https:\/\/koepf-photoart.de\/wp-content\/uploads\/2018\/12\/2000_fotoblaetter.jpg\"><img decoding=\"async\" src=\"https:\/\/koepf-photoart.de\/wp-content\/uploads\/2018\/12\/2000_fotoblaetter.jpg\" \/><\/a><script>\n\t\t\t\t\tjQuery(document).ready(function() {\n\t\t\t\t\t    jQuery(\".trigger_sb_divi_modal_69ee254c5108a\").colorbox({ maxWidth: \"80%\", maxHeight: \"90%\" });\n\t\t\t\t\t    \n\t\t\t\t\t    jQuery( window ).resize(function() {\n\t\t\t\t\t\tif (jQuery( window ).width() < 550) {\n\t\t\t\t\t\t    jQuery.colorbox.resize({width:\"90%\", height:\"70%\"});\n\t\t\t\t\t\t} else {\n\t\t\t\t\t\t    jQuery.colorbox.resize({ maxWidth: \"80%\", maxHeight: \"90%\" });\n\t\t\t\t\t\t}\n\t\t\t\t\t    });\n\t\t\t\t\t});\n\t\t\t\t\t<\/script><div style=\"display:none;\">\n\t\t\t\t\t    <div class=\"sb_divi_modal\" id=\"sb_divi_modal_69ee254c5108a\">\n\t\t\t\t\t\t<div class=\"container-image\">\n\t\t\t\t\t\t    \n\t\t\t\t\t\t<\/div>\n\t\t\t\t\t    <\/div>\n\t\t\t\t    <\/div><\/div>[et_pb_text admin_label=&#8221;K\u00fcnstlerportrait \u201eff Fotobl\u00e4tter\u201c (GFW Verlag) 08\/2000&#8243; _builder_version=&#8221;3.18.2&#8243; custom_margin=&#8221;-10px|||&#8221; custom_padding=&#8221;0px|||&#8221;]\n<h5>K\u00fcnstlerportrait \u201eff Fotobl\u00e4tter\u201c (GFW Verlag) 08\/2000<\/h5>\n[\/et_pb_text][\/et_pb_column][et_pb_column type=&#8221;1_3&#8243;][\/et_pb_column][\/et_pb_row][et_pb_row _builder_version=&#8221;3.18.2&#8243; custom_padding=&#8221;|0px||0px&#8221; border_color_bottom=&#8221;#d8d8d8&#8243; border_width_bottom=&#8221;1px&#8221;][et_pb_column type=&#8221;1_3&#8243;][\/et_pb_column][et_pb_column type=&#8221;1_3&#8243;]<div  class=\"clearfix   et_pb_popup_builder_56  et_pb_module\"><a class=\"trigger_sb_divi_modal trigger_sb_divi_modal_69ee254c51697\" href=\"https:\/\/koepf-photoart.de\/wp-content\/uploads\/2018\/12\/1999_AOK.jpg\"><img decoding=\"async\" src=\"https:\/\/koepf-photoart.de\/wp-content\/uploads\/2018\/12\/1999_AOK.jpg\" \/><\/a><script>\n\t\t\t\t\tjQuery(document).ready(function() {\n\t\t\t\t\t    jQuery(\".trigger_sb_divi_modal_69ee254c51697\").colorbox({ maxWidth: \"80%\", maxHeight: \"90%\" });\n\t\t\t\t\t    \n\t\t\t\t\t    jQuery( window ).resize(function() {\n\t\t\t\t\t\tif (jQuery( window ).width() < 550) {\n\t\t\t\t\t\t    jQuery.colorbox.resize({width:\"90%\", height:\"70%\"});\n\t\t\t\t\t\t} else {\n\t\t\t\t\t\t    jQuery.colorbox.resize({ maxWidth: \"80%\", maxHeight: \"90%\" });\n\t\t\t\t\t\t}\n\t\t\t\t\t    });\n\t\t\t\t\t});\n\t\t\t\t\t<\/script><div style=\"display:none;\">\n\t\t\t\t\t    <div class=\"sb_divi_modal\" id=\"sb_divi_modal_69ee254c51697\">\n\t\t\t\t\t\t<div class=\"container-image\">\n\t\t\t\t\t\t    \n\t\t\t\t\t\t<\/div>\n\t\t\t\t\t    <\/div>\n\t\t\t\t    <\/div><\/div>[et_pb_text admin_label=&#8221;Artikel Haller Tagblatt, 11\/1999 Fotoausstellung Ausstellung \u201eReflexionen\u201c im AOK-Gesundheitszentrum in Schw\u00e4bisch Hall&#8221; _builder_version=&#8221;3.18.2&#8243; custom_margin=&#8221;-10px|||&#8221; custom_padding=&#8221;0px|||&#8221;]\n<h5>Artikel Haller Tagblatt, 11\/1999<br \/>Fotoausstellung Ausstellung \u201eReflexionen\u201c im AOK-Gesundheitszentrum in Schw\u00e4bisch Hall<\/h5>\n[\/et_pb_text][\/et_pb_column][et_pb_column type=&#8221;1_3&#8243;][\/et_pb_column][\/et_pb_row][et_pb_row _builder_version=&#8221;3.18.2&#8243; custom_padding=&#8221;|0px||0px&#8221; border_color_bottom=&#8221;#d8d8d8&#8243; border_width_bottom=&#8221;1px&#8221;][et_pb_column type=&#8221;1_3&#8243;][\/et_pb_column][et_pb_column type=&#8221;1_3&#8243;]<div  class=\"clearfix   et_pb_popup_builder_57  et_pb_module\"><a class=\"trigger_sb_divi_modal trigger_sb_divi_modal_69ee254c51cad\" href=\"https:\/\/koepf-photoart.de\/wp-content\/uploads\/2018\/12\/1997_Galerie-No9.jpg\"><img decoding=\"async\" src=\"https:\/\/koepf-photoart.de\/wp-content\/uploads\/2018\/12\/1997_Galerie-No9.jpg\" \/><\/a><script>\n\t\t\t\t\tjQuery(document).ready(function() {\n\t\t\t\t\t    jQuery(\".trigger_sb_divi_modal_69ee254c51cad\").colorbox({ maxWidth: \"80%\", maxHeight: \"90%\" });\n\t\t\t\t\t    \n\t\t\t\t\t    jQuery( window ).resize(function() {\n\t\t\t\t\t\tif (jQuery( window ).width() < 550) {\n\t\t\t\t\t\t    jQuery.colorbox.resize({width:\"90%\", height:\"70%\"});\n\t\t\t\t\t\t} else {\n\t\t\t\t\t\t    jQuery.colorbox.resize({ maxWidth: \"80%\", maxHeight: \"90%\" });\n\t\t\t\t\t\t}\n\t\t\t\t\t    });\n\t\t\t\t\t});\n\t\t\t\t\t<\/script><div style=\"display:none;\">\n\t\t\t\t\t    <div class=\"sb_divi_modal\" id=\"sb_divi_modal_69ee254c51cad\">\n\t\t\t\t\t\t<div class=\"container-image\">\n\t\t\t\t\t\t    \n\t\t\t\t\t\t<\/div>\n\t\t\t\t\t    <\/div>\n\t\t\t\t    <\/div><\/div>[et_pb_text admin_label=&#8221;Artikel Haller Tagblatt, 07\/1998 Fotoausstellung \u201eSteine im Flu\u00df\u201c in der \u201eGalerie No. 9\u201c in Oberfischach&#8221; _builder_version=&#8221;3.18.2&#8243; custom_margin=&#8221;-10px|||&#8221; custom_padding=&#8221;0px|||&#8221;]\n<h5>Artikel Haller Tagblatt, 07\/1998<br \/>Fotoausstellung \u201eSteine im Flu\u00df\u201c in der \u201eGalerie No. 9\u201c in Oberfischach<\/h5>\n[\/et_pb_text][\/et_pb_column][et_pb_column type=&#8221;1_3&#8243;][\/et_pb_column][\/et_pb_row][et_pb_row _builder_version=&#8221;3.18.2&#8243; custom_padding=&#8221;|0px||0px&#8221; border_color_bottom=&#8221;#d8d8d8&#8243; border_width_bottom=&#8221;1px&#8221;][et_pb_column type=&#8221;1_3&#8243;][\/et_pb_column][et_pb_column type=&#8221;1_3&#8243;]<div  class=\"clearfix   et_pb_popup_builder_58  et_pb_module\"><a class=\"trigger_sb_divi_modal trigger_sb_divi_modal_69ee254c522c5\" href=\"https:\/\/koepf-photoart.de\/wp-content\/uploads\/2018\/12\/narziss.jpg\"><img decoding=\"async\" src=\"https:\/\/koepf-photoart.de\/wp-content\/uploads\/2018\/12\/narziss.jpg\" \/><\/a><script>\n\t\t\t\t\tjQuery(document).ready(function() {\n\t\t\t\t\t    jQuery(\".trigger_sb_divi_modal_69ee254c522c5\").colorbox({ maxWidth: \"80%\", maxHeight: \"90%\" });\n\t\t\t\t\t    \n\t\t\t\t\t    jQuery( window ).resize(function() {\n\t\t\t\t\t\tif (jQuery( window ).width() < 550) {\n\t\t\t\t\t\t    jQuery.colorbox.resize({width:\"90%\", height:\"70%\"});\n\t\t\t\t\t\t} else {\n\t\t\t\t\t\t    jQuery.colorbox.resize({ maxWidth: \"80%\", maxHeight: \"90%\" });\n\t\t\t\t\t\t}\n\t\t\t\t\t    });\n\t\t\t\t\t});\n\t\t\t\t\t<\/script><div style=\"display:none;\">\n\t\t\t\t\t    <div class=\"sb_divi_modal\" id=\"sb_divi_modal_69ee254c522c5\">\n\t\t\t\t\t\t<div class=\"container-image\">\n\t\t\t\t\t\t    \n\t\t\t\t\t\t<\/div>\n\t\t\t\t\t    <\/div>\n\t\t\t\t    <\/div><\/div>[et_pb_text admin_label=&#8221;Artikel Haller Tagblatt, 12\/1997 Fotoausstellung im Jugendcaf\u00e8 Narci\u00df&#8221; _builder_version=&#8221;3.18.2&#8243; custom_margin=&#8221;-10px|||&#8221; custom_padding=&#8221;0px|||&#8221;]\n<h5>Artikel Haller Tagblatt, 12\/1997 Fotoausstellung im Jugendcaf\u00e8 Narci\u00df<\/h5>\n[\/et_pb_text][\/et_pb_column][et_pb_column type=&#8221;1_3&#8243;][\/et_pb_column][\/et_pb_row][et_pb_row _builder_version=&#8221;3.18.2&#8243; custom_padding=&#8221;|0px||0px&#8221; border_color_bottom=&#8221;#d8d8d8&#8243; border_width_bottom=&#8221;1px&#8221;][et_pb_column type=&#8221;1_3&#8243;][\/et_pb_column][et_pb_column type=&#8221;1_3&#8243;]<div  class=\"clearfix   et_pb_popup_builder_59  et_pb_module\"><a class=\"trigger_sb_divi_modal trigger_sb_divi_modal_69ee254c528cd\" href=\"https:\/\/koepf-photoart.de\/wp-content\/uploads\/2018\/12\/batik.jpg\"><img decoding=\"async\" src=\"https:\/\/koepf-photoart.de\/wp-content\/uploads\/2018\/12\/batik.jpg\" \/><\/a><script>\n\t\t\t\t\tjQuery(document).ready(function() {\n\t\t\t\t\t    jQuery(\".trigger_sb_divi_modal_69ee254c528cd\").colorbox({ maxWidth: \"80%\", maxHeight: \"90%\" });\n\t\t\t\t\t    \n\t\t\t\t\t    jQuery( window ).resize(function() {\n\t\t\t\t\t\tif (jQuery( window ).width() < 550) {\n\t\t\t\t\t\t    jQuery.colorbox.resize({width:\"90%\", height:\"70%\"});\n\t\t\t\t\t\t} else {\n\t\t\t\t\t\t    jQuery.colorbox.resize({ maxWidth: \"80%\", maxHeight: \"90%\" });\n\t\t\t\t\t\t}\n\t\t\t\t\t    });\n\t\t\t\t\t});\n\t\t\t\t\t<\/script><div style=\"display:none;\">\n\t\t\t\t\t    <div class=\"sb_divi_modal\" id=\"sb_divi_modal_69ee254c528cd\">\n\t\t\t\t\t\t<div class=\"container-image\">\n\t\t\t\t\t\t    \n\t\t\t\t\t\t<\/div>\n\t\t\t\t\t    <\/div>\n\t\t\t\t    <\/div><\/div>[et_pb_text admin_label=&#8221;Artikel Haller Tagblatt, 09\/1996 Fotoausstellung in der Kleinen Batikgalerie in Michelbach&#8221; _builder_version=&#8221;3.18.2&#8243; custom_margin=&#8221;-10px|||&#8221; custom_padding=&#8221;0px|||&#8221;]\n<h5>Artikel Haller Tagblatt, 09\/1996<br \/>Fotoausstellung in der Kleinen Batikgalerie in Michelbach<\/h5>\n[\/et_pb_text][\/et_pb_column][et_pb_column type=&#8221;1_3&#8243;][\/et_pb_column][\/et_pb_row][et_pb_row _builder_version=&#8221;3.18.2&#8243; custom_padding=&#8221;|0px||0px&#8221; border_color_bottom=&#8221;#d8d8d8&#8243;][et_pb_column type=&#8221;1_3&#8243;][\/et_pb_column][et_pb_column type=&#8221;1_3&#8243;]<div  class=\"clearfix   et_pb_popup_builder_60  et_pb_module\"><a class=\"trigger_sb_divi_modal trigger_sb_divi_modal_69ee254c52f54\" href=\"https:\/\/koepf-photoart.de\/wp-content\/uploads\/2018\/12\/gelkatz-1.jpg\"><img decoding=\"async\" src=\"https:\/\/koepf-photoart.de\/wp-content\/uploads\/2018\/12\/gelkatz-1.jpg\" \/><\/a><script>\n\t\t\t\t\tjQuery(document).ready(function() {\n\t\t\t\t\t    jQuery(\".trigger_sb_divi_modal_69ee254c52f54\").colorbox({ maxWidth: \"80%\", maxHeight: \"90%\" });\n\t\t\t\t\t    \n\t\t\t\t\t    jQuery( window ).resize(function() {\n\t\t\t\t\t\tif (jQuery( window ).width() < 550) {\n\t\t\t\t\t\t    jQuery.colorbox.resize({width:\"90%\", height:\"70%\"});\n\t\t\t\t\t\t} else {\n\t\t\t\t\t\t    jQuery.colorbox.resize({ maxWidth: \"80%\", maxHeight: \"90%\" });\n\t\t\t\t\t\t}\n\t\t\t\t\t    });\n\t\t\t\t\t});\n\t\t\t\t\t<\/script><div style=\"display:none;\">\n\t\t\t\t\t    <div class=\"sb_divi_modal\" id=\"sb_divi_modal_69ee254c52f54\">\n\t\t\t\t\t\t<div class=\"container-image\">\n\t\t\t\t\t\t    \n\t\t\t\t\t\t<\/div>\n\t\t\t\t\t    <\/div>\n\t\t\t\t    <\/div><\/div>[et_pb_text admin_label=&#8221;K\u00fcnstlerportrait Zeitschrift \u201eGeliebte Katze\u201c 1995&#8243; _builder_version=&#8221;3.18.2&#8243; custom_margin=&#8221;-10px|||&#8221; custom_padding=&#8221;0px|||&#8221;]\n<h5>K\u00fcnstlerportrait Zeitschrift \u201eGeliebte Katze\u201c 1995<\/h5>\n[\/et_pb_text][\/et_pb_column][et_pb_column type=&#8221;1_3&#8243;][\/et_pb_column][\/et_pb_row][\/et_pb_section]","protected":false},"excerpt":{"rendered":"<p>Press Ausstellung \u201eReisewelten\u201c, Haller Tagblatt, 31.M\u00e4rz 2016 Haller Tagblatt, 18. M\u00e4rz 2016 Haller Tagblatt, 10.M\u00e4rz 2016 Haller Tagblatt, M\u00e4rz bis Mai 2016 Haller Tagblatt, 18.Mai 2015 Website Varna Fotofest, Mai 2015 Ausstellung \u201ePolare Welten\u201c, Haller Tagblatt, 15. August 2013 Haller Tagblatt, 23. April 2013 Ober\u00f6stereichische Nachrichten 30. November 2012 Haller Tagblatt, 23. Oktober 2012 Haller [&hellip;]<\/p>\n","protected":false},"author":1,"featured_media":0,"parent":0,"menu_order":30,"comment_status":"closed","ping_status":"closed","template":"","meta":{"_et_pb_use_builder":"on","_et_pb_old_content":"<p>[et_pb_section bb_built=\"1\" specialty=\"off\" next_background_color=\"#000000\" _builder_version=\"3.18.2\" custom_padding=\"40px|0px|0px|0px\" disabled=\"off\" disabled_on=\"off||\"][et_pb_row background_position=\"top_left\" background_repeat=\"repeat\" background_size=\"initial\" _builder_version=\"3.18.2\" module_alignment=\"center\" custom_padding=\"0px|0px|40px|0px\" border_width_bottom=\"1px\" border_color_bottom=\"#d8d8d8\"][et_pb_column type=\"4_4\"][et_pb_image admin_label=\"Logo\" _builder_version=\"3.18.2\" src=\"https:\/\/koepf-photoart.de\/wp-content\/uploads\/2018\/12\/Logo-AK.png\" align=\"center\" custom_padding=\"0px|0px|0px|0px\" url=\"https:\/\/koepf-photoart.de\/\" \/][\/et_pb_column][\/et_pb_row][\/et_pb_section][et_pb_section bb_built=\"1\" specialty=\"off\" prev_background_color=\"#000000\" _builder_version=\"3.18.2\" custom_padding=\"||100px|\"][et_pb_row _builder_version=\"3.18.2\" module_alignment=\"center\" custom_padding=\"40px|0px|0px|0px\"][et_pb_column type=\"4_4\"][et_pb_image _builder_version=\"3.18.2\" src=\"https:\/\/koepf-photoart.de\/wp-content\/uploads\/2018\/12\/Antarktik-Art049b.jpg\" \/][\/et_pb_column][\/et_pb_row][et_pb_row _builder_version=\"3.18.2\" module_alignment=\"center\" custom_padding=\"40px|0px|40px|0px\" border_width_bottom=\"1px\" border_color_bottom=\"#d8d8d8\"][et_pb_column type=\"4_4\"][et_pb_text admin_label=\"Presse\" _builder_version=\"3.18.2\" text_orientation=\"center\" header_text_align=\"center\" custom_padding=\"0px|0px|0px|\"]<\/p><h1>Presse<\/h1><p>[\/et_pb_text][\/et_pb_column][\/et_pb_row][et_pb_row _builder_version=\"3.18.2\" custom_padding=\"|0px||0px\" border_width_bottom=\"1px\" border_color_bottom=\"#d8d8d8\"][et_pb_column type=\"1_3\"][\/et_pb_column][et_pb_column type=\"1_3\"][et_pb_popup_builder admin_label=\"Ausstellung \u201eReisewelten\u201c, Haller Tagblatt, 31.M\u00e4rz 2016\" _builder_version=\"3.18.2\" popup_source=\"image\" image_url=\"https:\/\/koepf-photoart.de\/wp-content\/uploads\/2018\/12\/2016-03-31-ht-hfm.jpg\" divi_layout=\"926\" trigger_condition=\"image\" trigger_image_url=\"https:\/\/koepf-photoart.de\/wp-content\/uploads\/2018\/12\/2016-03-31-ht-hfm.jpg\" trigger_button_align=\"left\" modal_style=\"3\" background_color_gradient_type=\"linear\" background_color_gradient_direction=\"1px\" background_color_gradient_direction_radial=\"center\" background_color_gradient_overlays_image=\"off\" modal_height=\"90\" \/][et_pb_text admin_label=\"Ausstellung \u201eReisewelten\u201c, Haller Tagblatt, 31.M\u00e4rz 2016\" _builder_version=\"3.18.2\" custom_margin=\"-10px|||\"]<\/p><h5>Ausstellung \u201eReisewelten\u201c, Haller Tagblatt, 31.M\u00e4rz 2016<\/h5><p>[\/et_pb_text][\/et_pb_column][et_pb_column type=\"1_3\"][\/et_pb_column][\/et_pb_row][et_pb_row _builder_version=\"3.18.2\" custom_padding=\"|0px||0px\" border_color_bottom=\"#d8d8d8\" border_width_bottom=\"1px\"][et_pb_column type=\"1_3\"][\/et_pb_column][et_pb_column type=\"1_3\"][et_pb_popup_builder admin_label=\"Haller Tagblatt, 18. M\u00e4rz 2016\" _builder_version=\"3.18.2\" popup_source=\"image\" image_url=\"https:\/\/koepf-photoart.de\/wp-content\/uploads\/2018\/12\/2016-03-18-ht-reiswelten.jpg\" divi_layout=\"926\" trigger_condition=\"image\" trigger_image_url=\"https:\/\/koepf-photoart.de\/wp-content\/uploads\/2018\/12\/2016-03-18-ht-reiswelten.jpg\" trigger_button_align=\"left\" modal_style=\"3\" background_color_gradient_type=\"linear\" background_color_gradient_direction=\"1px\" background_color_gradient_direction_radial=\"center\" background_color_gradient_overlays_image=\"off\" modal_height=\"90\" \/][et_pb_text admin_label=\"Haller Tagblatt, 18. M\u00e4rz 2016\" _builder_version=\"3.18.2\" custom_margin=\"-10px|||\"]<\/p><h5>Haller Tagblatt, 18. M\u00e4rz 2016<\/h5><p>[\/et_pb_text][\/et_pb_column][et_pb_column type=\"1_3\"][\/et_pb_column][\/et_pb_row][et_pb_row _builder_version=\"3.18.2\" custom_padding=\"|0px||0px\" border_color_bottom=\"#d8d8d8\" border_width_bottom=\"1px\"][et_pb_column type=\"1_3\"][\/et_pb_column][et_pb_column type=\"1_3\"][et_pb_popup_builder admin_label=\"Haller Tagblatt, 10.M\u00e4rz 2016\" _builder_version=\"3.18.2\" popup_source=\"image\" image_url=\"https:\/\/koepf-photoart.de\/wp-content\/uploads\/2018\/12\/2016_ht-hfm-tipp.jpg\" divi_layout=\"926\" trigger_condition=\"image\" trigger_image_url=\"https:\/\/koepf-photoart.de\/wp-content\/uploads\/2018\/12\/2016_ht-hfm-tipp-300x190-1.jpg\" trigger_button_align=\"left\" modal_style=\"3\" background_color_gradient_type=\"linear\" background_color_gradient_direction=\"1px\" background_color_gradient_direction_radial=\"center\" background_color_gradient_overlays_image=\"off\" modal_height=\"100\" \/][et_pb_text admin_label=\"Haller Tagblatt, 10.M\u00e4rz 2016\" _builder_version=\"3.18.2\"]<\/p><h5>Haller Tagblatt, 10.M\u00e4rz 2016<\/h5><p>[\/et_pb_text][\/et_pb_column][et_pb_column type=\"1_3\"][\/et_pb_column][\/et_pb_row][et_pb_row _builder_version=\"3.18.2\" custom_padding=\"|0px||0px\" border_color_bottom=\"#d8d8d8\" border_width_bottom=\"1px\"][et_pb_column type=\"1_3\"][\/et_pb_column][et_pb_column type=\"1_3\"][et_pb_popup_builder admin_label=\"Haller Tagblatt, M\u00e4rz bis Mai 2016\" _builder_version=\"3.18.2\" popup_source=\"image\" image_url=\"https:\/\/koepf-photoart.de\/wp-content\/uploads\/2018\/12\/2016_hfm-03-2016.stadt_.jpg\" divi_layout=\"926\" trigger_condition=\"image\" trigger_image_url=\"https:\/\/koepf-photoart.de\/wp-content\/uploads\/2018\/12\/2016_hfm-03-2016.stadt_-284x300-1.jpg\" trigger_button_align=\"left\" modal_style=\"3\" background_color_gradient_type=\"linear\" background_color_gradient_direction=\"1px\" background_color_gradient_direction_radial=\"center\" background_color_gradient_overlays_image=\"off\" custom_padding=\"||0px|\" modal_height=\"100%\" \/][et_pb_text admin_label=\"Haller Tagblatt, M\u00e4rz bis Mai 2016\" _builder_version=\"3.18.2\" custom_margin=\"-10px|||\" custom_padding=\"0px|||\"]<\/p><h5>Haller Tagblatt, M\u00e4rz bis Mai 2016<\/h5><p>[\/et_pb_text][\/et_pb_column][et_pb_column type=\"1_3\"][\/et_pb_column][\/et_pb_row][et_pb_row _builder_version=\"3.18.2\" custom_padding=\"|0px||0px\" border_color_bottom=\"#d8d8d8\" border_width_bottom=\"1px\"][et_pb_column type=\"1_3\"][\/et_pb_column][et_pb_column type=\"1_3\"][et_pb_popup_builder admin_label=\"Haller Tagblatt, 18.Mai 2015\" _builder_version=\"3.18.2\" popup_source=\"image\" image_url=\"https:\/\/koepf-photoart.de\/wp-content\/uploads\/2018\/12\/2015_ht-lofoten-18-05-2015.jpg\" divi_layout=\"926\" trigger_condition=\"image\" trigger_image_url=\"https:\/\/koepf-photoart.de\/wp-content\/uploads\/2018\/12\/2015_ht-lofoten-18-05-2015-164x300-1.jpg\" trigger_button_align=\"left\" modal_style=\"3\" background_color_gradient_type=\"linear\" background_color_gradient_direction=\"1px\" background_color_gradient_direction_radial=\"center\" background_color_gradient_overlays_image=\"off\" custom_padding=\"||0px|\" modal_height=\"90\" \/][et_pb_text admin_label=\"Haller Tagblatt, 18.Mai 2015\" _builder_version=\"3.18.2\" custom_margin=\"-10px|||\" custom_padding=\"0px|||\"]<\/p><h5>Haller Tagblatt, 18.Mai 2015<\/h5><p>[\/et_pb_text][\/et_pb_column][et_pb_column type=\"1_3\"][\/et_pb_column][\/et_pb_row][et_pb_row _builder_version=\"3.18.2\" custom_padding=\"|0px||0px\" border_color_bottom=\"#d8d8d8\" border_width_bottom=\"1px\"][et_pb_column type=\"1_3\"][\/et_pb_column][et_pb_column type=\"1_3\"][et_pb_popup_builder admin_label=\"Website Varna Fotofest, Mai 2015\" _builder_version=\"3.18.2\" popup_source=\"image\" image_url=\"https:\/\/koepf-photoart.de\/wp-content\/uploads\/2018\/12\/2015_Varna-2015-05-15.jpg\" divi_layout=\"926\" trigger_condition=\"image\" trigger_image_url=\"https:\/\/koepf-photoart.de\/wp-content\/uploads\/2018\/12\/2015_Varna-2015-05-15.jpg\" trigger_button_align=\"left\" modal_style=\"2\" background_color_gradient_type=\"linear\" background_color_gradient_direction=\"1px\" background_color_gradient_direction_radial=\"center\" background_color_gradient_overlays_image=\"off\" custom_padding=\"||0px|\" modal_height=\"90\" \/][et_pb_text admin_label=\"Website Varna Fotofest, Mai 2015\" _builder_version=\"3.18.2\" custom_margin=\"-10px|||\" custom_padding=\"0px|||\"]<\/p><h5>Website Varna Fotofest, Mai 2015<\/h5><p>[\/et_pb_text][\/et_pb_column][et_pb_column type=\"1_3\"][\/et_pb_column][\/et_pb_row][et_pb_row _builder_version=\"3.18.2\" custom_padding=\"|0px||0px\" border_color_bottom=\"#d8d8d8\" border_width_bottom=\"1px\"][et_pb_column type=\"1_3\"][\/et_pb_column][et_pb_column type=\"1_3\"][et_pb_popup_builder admin_label=\"Ausstellung \u201ePolare Welten\u201c, Haller Tagblatt, 15. August 2013\" _builder_version=\"3.18.2\" popup_source=\"image\" image_url=\"https:\/\/koepf-photoart.de\/wp-content\/uploads\/2018\/12\/2013_ht-14-08-2013-ausstellung-bsh.jpg\" divi_layout=\"926\" trigger_condition=\"image\" trigger_image_url=\"https:\/\/koepf-photoart.de\/wp-content\/uploads\/2018\/12\/2013_ht-14-08-2013-ausstellung-bsh.jpg\" trigger_button_align=\"left\" modal_style=\"3\" background_color_gradient_type=\"linear\" background_color_gradient_direction=\"1px\" background_color_gradient_direction_radial=\"center\" background_color_gradient_overlays_image=\"off\" custom_padding=\"||0px|\" modal_height=\"90\" \/][et_pb_text admin_label=\"Ausstellung \u201ePolare Welten\u201c, Haller Tagblatt, 15. August 2013\" _builder_version=\"3.18.2\" custom_margin=\"-10px|||\" custom_padding=\"0px|||\"]<\/p><h5>Ausstellung \u201ePolare Welten\u201c, Haller Tagblatt, 15. August 2013<\/h5><p>[\/et_pb_text][\/et_pb_column][et_pb_column type=\"1_3\"][\/et_pb_column][\/et_pb_row][et_pb_row _builder_version=\"3.18.2\" custom_padding=\"|0px||0px\" border_color_bottom=\"#d8d8d8\" border_width_bottom=\"1px\"][et_pb_column type=\"1_3\"][\/et_pb_column][et_pb_column type=\"1_3\"][et_pb_popup_builder admin_label=\"Ausstellung \u201ePolare Welten\u201c, Haller Tagblatt, 15. August 2013\" _builder_version=\"3.18.2\" popup_source=\"image\" image_url=\"https:\/\/koepf-photoart.de\/wp-content\/uploads\/2018\/12\/2013_ht-23-04-2013.jpg\" divi_layout=\"926\" trigger_condition=\"image\" trigger_image_url=\"https:\/\/koepf-photoart.de\/wp-content\/uploads\/2018\/12\/2013_ht-23-04-2013.jpg\" trigger_button_align=\"left\" modal_style=\"3\" background_color_gradient_type=\"linear\" background_color_gradient_direction=\"1px\" background_color_gradient_direction_radial=\"center\" background_color_gradient_overlays_image=\"off\" custom_padding=\"||0px|\" modal_height=\"90\" \/][et_pb_text admin_label=\"Haller Tagblatt, 23. April 2013\" _builder_version=\"3.18.2\" custom_margin=\"-10px|||\" custom_padding=\"0px|||\"]<\/p><h5>Haller Tagblatt, 23. April 2013<\/h5><p>[\/et_pb_text][\/et_pb_column][et_pb_column type=\"1_3\"][\/et_pb_column][\/et_pb_row][et_pb_row _builder_version=\"3.18.2\" custom_padding=\"|0px||0px\" border_color_bottom=\"#d8d8d8\" border_width_bottom=\"1px\"][et_pb_column type=\"1_3\"][\/et_pb_column][et_pb_column type=\"1_3\"][et_pb_popup_builder admin_label=\"Ober\u00f6stereichische Nachrichten 30. November 2012\" _builder_version=\"3.18.2\" popup_source=\"image\" image_url=\"https:\/\/koepf-photoart.de\/wp-content\/uploads\/2018\/12\/2012_oberoesterreich-2012.jpg\" divi_layout=\"926\" trigger_condition=\"image\" trigger_image_url=\"https:\/\/koepf-photoart.de\/wp-content\/uploads\/2018\/12\/2012_oberoesterreich-2012.jpg\" trigger_button_align=\"left\" modal_style=\"3\" background_color_gradient_type=\"linear\" background_color_gradient_direction=\"1px\" background_color_gradient_direction_radial=\"center\" background_color_gradient_overlays_image=\"off\" custom_padding=\"||0px|\" modal_height=\"90\" \/][et_pb_text admin_label=\"Ober\u00f6stereichische Nachrichten 30. November 2012\" _builder_version=\"3.18.2\" custom_margin=\"-10px|||\" custom_padding=\"0px|||\"]<\/p><h5>Ober\u00f6stereichische Nachrichten 30. November 2012<\/h5><p>[\/et_pb_text][\/et_pb_column][et_pb_column type=\"1_3\"][\/et_pb_column][\/et_pb_row][et_pb_row _builder_version=\"3.18.2\" custom_padding=\"|0px||0px\" border_color_bottom=\"#d8d8d8\" border_width_bottom=\"1px\"][et_pb_column type=\"1_3\"][\/et_pb_column][et_pb_column type=\"1_3\"][et_pb_popup_builder admin_label=\"Haller Tagblatt, 23. Oktober 2012\" _builder_version=\"3.18.2\" popup_source=\"image\" image_url=\"https:\/\/koepf-photoart.de\/wp-content\/uploads\/2018\/12\/2012_ht_23-10-2012.jpg\" divi_layout=\"926\" trigger_condition=\"image\" trigger_image_url=\"https:\/\/koepf-photoart.de\/wp-content\/uploads\/2018\/12\/2012_ht_23-10-2012.jpg\" trigger_button_align=\"left\" modal_style=\"3\" background_color_gradient_type=\"linear\" background_color_gradient_direction=\"1px\" background_color_gradient_direction_radial=\"center\" background_color_gradient_overlays_image=\"off\" custom_padding=\"||0px|\" modal_height=\"90\" \/][et_pb_text admin_label=\"Haller Tagblatt, 23. Oktober 2012\" _builder_version=\"3.18.2\" custom_margin=\"-10px|||\" custom_padding=\"0px|||\"]<\/p><h5>Haller Tagblatt, 23. Oktober 2012<\/h5><p>[\/et_pb_text][\/et_pb_column][et_pb_column type=\"1_3\"][\/et_pb_column][\/et_pb_row][et_pb_row _builder_version=\"3.18.2\" custom_padding=\"|0px||0px\" border_color_bottom=\"#d8d8d8\" border_width_bottom=\"1px\"][et_pb_column type=\"1_3\"][\/et_pb_column][et_pb_column type=\"1_3\"][et_pb_popup_builder admin_label=\"Haller Tagblatt, 17.Oktober 2012\" _builder_version=\"3.18.2\" popup_source=\"image\" image_url=\"https:\/\/koepf-photoart.de\/wp-content\/uploads\/2018\/12\/2012_ht-17-10-2012.jpg\" divi_layout=\"926\" trigger_condition=\"image\" trigger_image_url=\"https:\/\/koepf-photoart.de\/wp-content\/uploads\/2018\/12\/2012_ht-17-10-2012-99x300-1.jpg\" trigger_button_align=\"left\" modal_style=\"3\" background_color_gradient_type=\"linear\" background_color_gradient_direction=\"1px\" background_color_gradient_direction_radial=\"center\" background_color_gradient_overlays_image=\"off\" custom_padding=\"||0px|\" modal_height=\"100\" \/][et_pb_text admin_label=\"Haller Tagblatt, 17.Oktober 2012\" _builder_version=\"3.18.2\" custom_margin=\"-10px|||\" custom_padding=\"0px|||\"]<\/p><h5>Haller Tagblatt, 17.Oktober 2012<\/h5><p>[\/et_pb_text][\/et_pb_column][et_pb_column type=\"1_3\"][\/et_pb_column][\/et_pb_row][et_pb_row _builder_version=\"3.18.2\" custom_padding=\"|0px||0px\" border_color_bottom=\"#d8d8d8\" border_width_bottom=\"1px\"][et_pb_column type=\"1_3\"][\/et_pb_column][et_pb_column type=\"1_3\"][et_pb_popup_builder admin_label=\"Haller Tagblatt, 27. September 2012\" _builder_version=\"3.18.2\" popup_source=\"image\" image_url=\"https:\/\/koepf-photoart.de\/wp-content\/uploads\/2018\/12\/2012_ht-27-09-2012.jpg\" divi_layout=\"926\" trigger_condition=\"image\" trigger_image_url=\"https:\/\/koepf-photoart.de\/wp-content\/uploads\/2018\/12\/2012_ht-27-09-2012-48x300-1.jpg\" trigger_button_align=\"left\" modal_style=\"3\" background_color_gradient_type=\"linear\" background_color_gradient_direction=\"1px\" background_color_gradient_direction_radial=\"center\" background_color_gradient_overlays_image=\"off\" custom_padding=\"||0px|\" modal_height=\"90\" \/][et_pb_text admin_label=\"Haller Tagblatt, 27. September 2012\" _builder_version=\"3.18.2\" custom_margin=\"-10px|||\" custom_padding=\"0px|||\"]<\/p><h5>Haller Tagblatt, 27. September 2012<\/h5><p>[\/et_pb_text][\/et_pb_column][et_pb_column type=\"1_3\"][\/et_pb_column][\/et_pb_row][et_pb_row _builder_version=\"3.18.2\" custom_padding=\"|0px||0px\" border_color_bottom=\"#d8d8d8\" border_width_bottom=\"1px\"][et_pb_column type=\"1_3\"][\/et_pb_column][et_pb_column type=\"1_3\"][et_pb_popup_builder admin_label=\"Photographie, Ausgabe 1\/2012\" _builder_version=\"3.18.2\" popup_source=\"image\" image_url=\"https:\/\/koepf-photoart.de\/wp-content\/uploads\/2018\/12\/2012_photographie_01_2012.jpg\" divi_layout=\"926\" trigger_condition=\"image\" trigger_image_url=\"https:\/\/koepf-photoart.de\/wp-content\/uploads\/2018\/12\/2012_photographie_01_2012.jpg\" trigger_button_align=\"left\" modal_style=\"3\" background_color_gradient_type=\"linear\" background_color_gradient_direction=\"1px\" background_color_gradient_direction_radial=\"center\" background_color_gradient_overlays_image=\"off\" custom_padding=\"||0px|\" modal_height=\"90\" \/][et_pb_text admin_label=\"Photographie, Ausgabe 1\/2012\" _builder_version=\"3.18.2\" custom_margin=\"-10px|||\" custom_padding=\"0px|||\"]<\/p><h5>Photographie, Ausgabe 1\/2012<\/h5><p>[\/et_pb_text][\/et_pb_column][et_pb_column type=\"1_3\"][\/et_pb_column][\/et_pb_row][et_pb_row _builder_version=\"3.18.2\" custom_padding=\"|0px||0px\" border_color_bottom=\"#d8d8d8\" border_width_bottom=\"1px\"][et_pb_column type=\"1_3\"][\/et_pb_column][et_pb_column type=\"1_3\"][et_pb_popup_builder admin_label=\"Haller Tagblatt, 7. Dezember 2011\" _builder_version=\"3.18.2\" popup_source=\"image\" image_url=\"https:\/\/koepf-photoart.de\/wp-content\/uploads\/2018\/12\/2011_ht_07-12-2011.jpg\" divi_layout=\"926\" trigger_condition=\"image\" trigger_image_url=\"https:\/\/koepf-photoart.de\/wp-content\/uploads\/2018\/12\/2011_ht_07-12-2011.jpg\" trigger_button_align=\"left\" modal_style=\"3\" background_color_gradient_type=\"linear\" background_color_gradient_direction=\"1px\" background_color_gradient_direction_radial=\"center\" background_color_gradient_overlays_image=\"off\" custom_padding=\"||0px|\" modal_height=\"90\" \/][et_pb_text admin_label=\"Haller Tagblatt, 7. Dezember 2011\" _builder_version=\"3.18.2\" custom_margin=\"-10px|||\" custom_padding=\"0px|||\"]<\/p><h5>Haller Tagblatt, 7. Dezember 2011<\/h5><p>[\/et_pb_text][\/et_pb_column][et_pb_column type=\"1_3\"][\/et_pb_column][\/et_pb_row][et_pb_row _builder_version=\"3.18.2\" custom_padding=\"|0px||0px\" border_color_bottom=\"#d8d8d8\" border_width_bottom=\"1px\"][et_pb_column type=\"1_3\"][\/et_pb_column][et_pb_column type=\"1_3\"][et_pb_popup_builder admin_label=\"Sch\u00f6mberger Fotoherbst, Pforzheimer Zeitung, 23.10.2011\" _builder_version=\"3.18.2\" popup_source=\"image\" image_url=\"https:\/\/koepf-photoart.de\/wp-content\/uploads\/2018\/12\/2011_pforzheimer-zeitung-10-2012.jpg\" divi_layout=\"926\" trigger_condition=\"image\" trigger_image_url=\"https:\/\/koepf-photoart.de\/wp-content\/uploads\/2018\/12\/2011_pforzheimer-zeitung-10-2012.jpg\" trigger_button_align=\"left\" modal_style=\"3\" background_color_gradient_type=\"linear\" background_color_gradient_direction=\"1px\" background_color_gradient_direction_radial=\"center\" background_color_gradient_overlays_image=\"off\" custom_padding=\"||0px|\" modal_height=\"90\" \/][et_pb_text admin_label=\"Sch\u00f6mberger Fotoherbst, Pforzheimer Zeitung, 23.10.2011\" _builder_version=\"3.18.2\" custom_margin=\"-10px|||\" custom_padding=\"0px|||\"]<\/p><h5>Sch\u00f6mberger Fotoherbst, Pforzheimer Zeitung, 23.10.2011<\/h5><p>[\/et_pb_text][\/et_pb_column][et_pb_column type=\"1_3\"][\/et_pb_column][\/et_pb_row][et_pb_row _builder_version=\"3.18.2\" custom_padding=\"|0px||0px\" border_color_bottom=\"#d8d8d8\" border_width_bottom=\"1px\"][et_pb_column type=\"1_3\"][\/et_pb_column][et_pb_column type=\"1_3\"][et_pb_popup_builder admin_label=\"Gaildorfer Rundschau, 6. Dezember 2011\" _builder_version=\"3.18.2\" popup_source=\"image\" image_url=\"https:\/\/koepf-photoart.de\/wp-content\/uploads\/2018\/12\/2011_rundschu_06_12_2011.jpg\" divi_layout=\"926\" trigger_condition=\"image\" trigger_image_url=\"https:\/\/koepf-photoart.de\/wp-content\/uploads\/2018\/12\/2011_rundschu_06_12_2011.jpg\" trigger_button_align=\"left\" modal_style=\"3\" background_color_gradient_type=\"linear\" background_color_gradient_direction=\"1px\" background_color_gradient_direction_radial=\"center\" background_color_gradient_overlays_image=\"off\" custom_padding=\"||0px|\" modal_height=\"90\" \/][et_pb_text admin_label=\"Gaildorfer Rundschau, 6. Dezember 2011\" _builder_version=\"3.18.2\" custom_margin=\"-10px|||\" custom_padding=\"0px|||\"]<\/p><h5>Gaildorfer Rundschau, 6. Dezember 2011<\/h5><p>[\/et_pb_text][\/et_pb_column][et_pb_column type=\"1_3\"][\/et_pb_column][\/et_pb_row][et_pb_row _builder_version=\"3.18.2\" custom_padding=\"|0px||0px\" border_color_bottom=\"#d8d8d8\" border_width_bottom=\"1px\"][et_pb_column type=\"1_3\"][\/et_pb_column][et_pb_column type=\"1_3\"][et_pb_popup_builder admin_label=\"Haller Tagblatt, 2. November 2011\" _builder_version=\"3.18.2\" popup_source=\"image\" image_url=\"https:\/\/koepf-photoart.de\/wp-content\/uploads\/2018\/12\/2012_anzeige_antarktika-2012.jpg\" divi_layout=\"926\" trigger_condition=\"image\" trigger_image_url=\"https:\/\/koepf-photoart.de\/wp-content\/uploads\/2018\/12\/2012_anzeige_antarktika-2012.jpg\" trigger_button_align=\"left\" modal_style=\"3\" background_color_gradient_type=\"linear\" background_color_gradient_direction=\"1px\" background_color_gradient_direction_radial=\"center\" background_color_gradient_overlays_image=\"off\" custom_padding=\"||0px|\" modal_height=\"90\" \/][et_pb_text admin_label=\"Haller Tagblatt, 2. November 2011\" _builder_version=\"3.18.2\" custom_margin=\"-10px|||\" custom_padding=\"0px|||\"]<\/p><h5>Haller Tagblatt, 2. November 2011<\/h5><p>[\/et_pb_text][\/et_pb_column][et_pb_column type=\"1_3\"][\/et_pb_column][\/et_pb_row][et_pb_row _builder_version=\"3.18.2\" custom_padding=\"|0px||0px\" border_color_bottom=\"#d8d8d8\" border_width_bottom=\"1px\"][et_pb_column type=\"1_3\"][\/et_pb_column][et_pb_column type=\"1_3\"][et_pb_popup_builder admin_label=\"Haller Tagblatt, 12. Oktober 2011\" _builder_version=\"3.18.2\" popup_source=\"image\" image_url=\"https:\/\/koepf-photoart.de\/wp-content\/uploads\/2018\/12\/2011_ht_12-10-2011.jpg\" divi_layout=\"926\" trigger_condition=\"image\" trigger_image_url=\"https:\/\/koepf-photoart.de\/wp-content\/uploads\/2018\/12\/2011_ht_12-10-2011-74x300-1.jpg\" trigger_button_align=\"left\" modal_style=\"3\" background_color_gradient_type=\"linear\" background_color_gradient_direction=\"1px\" background_color_gradient_direction_radial=\"center\" background_color_gradient_overlays_image=\"off\" custom_padding=\"||0px|\" modal_height=\"90\" \/][et_pb_text admin_label=\"Haller Tagblatt, 12. Oktober 2011\" _builder_version=\"3.18.2\" custom_margin=\"-10px|||\" custom_padding=\"0px|||\"]<\/p><h5>Haller Tagblatt, 12. Oktober 2011<\/h5><p>[\/et_pb_text][\/et_pb_column][et_pb_column type=\"1_3\"][\/et_pb_column][\/et_pb_row][et_pb_row _builder_version=\"3.18.2\" custom_padding=\"|0px||0px\" border_color_bottom=\"#d8d8d8\" border_width_bottom=\"1px\"][et_pb_column type=\"1_3\"][\/et_pb_column][et_pb_column type=\"1_3\"][et_pb_popup_builder admin_label=\"Gaildorfer Rundschau, 2. September 2011\" _builder_version=\"3.18.2\" popup_source=\"image\" image_url=\"https:\/\/koepf-photoart.de\/wp-content\/uploads\/2018\/12\/2011_rundschau_02-09_2011.jpg\" divi_layout=\"926\" trigger_condition=\"image\" trigger_image_url=\"https:\/\/koepf-photoart.de\/wp-content\/uploads\/2018\/12\/2011_rundschau_02-09_2011.jpg\" trigger_button_align=\"left\" modal_style=\"3\" background_color_gradient_type=\"linear\" background_color_gradient_direction=\"1px\" background_color_gradient_direction_radial=\"center\" background_color_gradient_overlays_image=\"off\" custom_padding=\"||0px|\" modal_height=\"90\" \/][et_pb_text admin_label=\"Gaildorfer Rundschau, 2. September 2011\" _builder_version=\"3.18.2\" custom_margin=\"-10px|||\" custom_padding=\"0px|||\"]<\/p><h5>Gaildorfer Rundschau, 2. September 2011<\/h5><p>[\/et_pb_text][\/et_pb_column][et_pb_column type=\"1_3\"][\/et_pb_column][\/et_pb_row][et_pb_row _builder_version=\"3.18.2\" custom_padding=\"|0px||0px\" border_color_bottom=\"#d8d8d8\" border_width_bottom=\"1px\"][et_pb_column type=\"1_3\"][\/et_pb_column][et_pb_column type=\"1_3\"][et_pb_popup_builder admin_label=\"Haller Tagblatt, 17. Juni 2011\" _builder_version=\"3.18.2\" popup_source=\"image\" image_url=\"https:\/\/koepf-photoart.de\/wp-content\/uploads\/2018\/12\/2011_ht_anz_17-06-2011.jpg\" divi_layout=\"926\" trigger_condition=\"image\" trigger_image_url=\"https:\/\/koepf-photoart.de\/wp-content\/uploads\/2018\/12\/2011_ht_anz_17-06-2011.jpg\" trigger_button_align=\"left\" modal_style=\"3\" background_color_gradient_type=\"linear\" background_color_gradient_direction=\"1px\" background_color_gradient_direction_radial=\"center\" background_color_gradient_overlays_image=\"off\" custom_padding=\"||0px|\" modal_height=\"90\" \/][et_pb_text admin_label=\"Haller Tagblatt, 17. Juni 2011\" _builder_version=\"3.18.2\" custom_margin=\"-10px|||\" custom_padding=\"0px|||\"]<\/p><h5>Haller Tagblatt, 17. Juni 2011<\/h5><p>[\/et_pb_text][\/et_pb_column][et_pb_column type=\"1_3\"][\/et_pb_column][\/et_pb_row][et_pb_row _builder_version=\"3.18.2\" custom_padding=\"|0px||0px\" border_color_bottom=\"#d8d8d8\" border_width_bottom=\"1px\"][et_pb_column type=\"1_3\"][\/et_pb_column][et_pb_column type=\"1_3\"][et_pb_popup_builder admin_label=\"Haller Tagblatt, 16. Juni 2011\" _builder_version=\"3.18.2\" popup_source=\"image\" image_url=\"https:\/\/koepf-photoart.de\/wp-content\/uploads\/2018\/12\/2011_ht_16_06_2011.jpg\" divi_layout=\"926\" trigger_condition=\"image\" trigger_image_url=\"https:\/\/koepf-photoart.de\/wp-content\/uploads\/2018\/12\/2011_ht_16_06_2011.jpg\" trigger_button_align=\"left\" modal_style=\"3\" background_color_gradient_type=\"linear\" background_color_gradient_direction=\"1px\" background_color_gradient_direction_radial=\"center\" background_color_gradient_overlays_image=\"off\" custom_padding=\"||0px|\" modal_height=\"90\" \/][et_pb_text admin_label=\"Haller Tagblatt, 16. Juni 2011\" _builder_version=\"3.18.2\" custom_margin=\"-10px|||\" custom_padding=\"0px|||\"]<\/p><h5>Haller Tagblatt, 16. Juni 2011<\/h5><p>[\/et_pb_text][\/et_pb_column][et_pb_column type=\"1_3\"][\/et_pb_column][\/et_pb_row][et_pb_row _builder_version=\"3.18.2\" custom_padding=\"|0px||0px\" border_color_bottom=\"#d8d8d8\" border_width_bottom=\"1px\"][et_pb_column type=\"1_3\"][\/et_pb_column][et_pb_column type=\"1_3\"][et_pb_popup_builder admin_label=\"Ausstellung \u201eAntarktika\u201c Haller Tagblatt, 11. Juni 2011\" _builder_version=\"3.18.2\" popup_source=\"image\" image_url=\"https:\/\/koepf-photoart.de\/wp-content\/uploads\/2018\/12\/2011_ht_11_06_2011.jpg\" divi_layout=\"926\" trigger_condition=\"image\" trigger_image_url=\"https:\/\/koepf-photoart.de\/wp-content\/uploads\/2018\/12\/2011_ht_11_06_2011.jpg\" trigger_button_align=\"left\" modal_style=\"3\" background_color_gradient_type=\"linear\" background_color_gradient_direction=\"1px\" background_color_gradient_direction_radial=\"center\" background_color_gradient_overlays_image=\"off\" custom_padding=\"||0px|\" modal_height=\"90\" \/][et_pb_text admin_label=\"Ausstellung \u201eAntarktika\u201c Haller Tagblatt, 11. Juni 2011\" _builder_version=\"3.18.2\" custom_margin=\"-10px|||\" custom_padding=\"0px|||\"]<\/p><h5>Ausstellung \u201eAntarktika\u201c Haller Tagblatt, 11. Juni 2011<\/h5><p>[\/et_pb_text][\/et_pb_column][et_pb_column type=\"1_3\"][\/et_pb_column][\/et_pb_row][et_pb_row _builder_version=\"3.18.2\" custom_padding=\"|0px||0px\" border_color_bottom=\"#d8d8d8\" border_width_bottom=\"1px\"][et_pb_column type=\"1_3\"][\/et_pb_column][et_pb_column type=\"1_3\"][et_pb_popup_builder admin_label=\"Ausstellung \u201eAntarktika\u201c Haller Tagblatt, 09. Juni 2011\" _builder_version=\"3.18.2\" popup_source=\"image\" image_url=\"https:\/\/koepf-photoart.de\/wp-content\/uploads\/2018\/12\/2011_ht_09_06_2011.jpg\" divi_layout=\"926\" trigger_condition=\"image\" trigger_image_url=\"https:\/\/koepf-photoart.de\/wp-content\/uploads\/2018\/12\/2011_ht_09_06_2011.jpg\" trigger_button_align=\"left\" modal_style=\"3\" background_color_gradient_type=\"linear\" background_color_gradient_direction=\"1px\" background_color_gradient_direction_radial=\"center\" background_color_gradient_overlays_image=\"off\" custom_padding=\"||0px|\" modal_height=\"90\" \/][et_pb_text admin_label=\"Ausstellung \u201eAntarktika\u201c Haller Tagblatt, 09. Juni 2011\" _builder_version=\"3.18.2\" custom_margin=\"-10px|||\" custom_padding=\"0px|||\"]<\/p><h5>Ausstellung \u201eAntarktika\u201c Haller Tagblatt, 09. Juni 2011<\/h5><p>[\/et_pb_text][\/et_pb_column][et_pb_column type=\"1_3\"][\/et_pb_column][\/et_pb_row][et_pb_row _builder_version=\"3.18.2\" custom_padding=\"|0px||0px\" border_color_bottom=\"#d8d8d8\" border_width_bottom=\"1px\"][et_pb_column type=\"1_3\"][\/et_pb_column][et_pb_column type=\"1_3\"][et_pb_popup_builder admin_label=\"Kreis Kurier, 08. Juni 2011\" _builder_version=\"3.18.2\" popup_source=\"image\" image_url=\"https:\/\/koepf-photoart.de\/wp-content\/uploads\/2018\/12\/2011_kk_08_06_2011.jpg\" divi_layout=\"926\" trigger_condition=\"image\" trigger_image_url=\"https:\/\/koepf-photoart.de\/wp-content\/uploads\/2018\/12\/2011_kk_08_06_2011.jpg\" trigger_button_align=\"left\" modal_style=\"3\" background_color_gradient_type=\"linear\" background_color_gradient_direction=\"1px\" background_color_gradient_direction_radial=\"center\" background_color_gradient_overlays_image=\"off\" custom_padding=\"||0px|\" modal_height=\"90\" \/][et_pb_text admin_label=\"Kreis Kurier, 08. Juni 2011\" _builder_version=\"3.18.2\" custom_margin=\"-10px|||\" custom_padding=\"0px|||\"]<\/p><h5>Kreis Kurier, 08. Juni 2011<\/h5><p>[\/et_pb_text][\/et_pb_column][et_pb_column type=\"1_3\"][\/et_pb_column][\/et_pb_row][et_pb_row _builder_version=\"3.18.2\" custom_padding=\"|0px||0px\" border_color_bottom=\"#d8d8d8\" border_width_bottom=\"1px\"][et_pb_column type=\"1_3\"][\/et_pb_column][et_pb_column type=\"1_3\"][et_pb_popup_builder admin_label=\"Ausstellung \u201eAntarktika\u201c, Haller Tagblatt, 08. Juni 2011\" _builder_version=\"3.18.2\" popup_source=\"image\" image_url=\"https:\/\/koepf-photoart.de\/wp-content\/uploads\/2018\/12\/2011_ht_08_06_2011-s01.jpg\" divi_layout=\"926\" trigger_condition=\"image\" trigger_image_url=\"https:\/\/koepf-photoart.de\/wp-content\/uploads\/2018\/12\/2011_ht_08_06_2011-s01.jpg\" trigger_button_align=\"left\" modal_style=\"3\" background_color_gradient_type=\"linear\" background_color_gradient_direction=\"1px\" background_color_gradient_direction_radial=\"center\" background_color_gradient_overlays_image=\"off\" custom_padding=\"||0px|\" modal_height=\"90\" \/][et_pb_text admin_label=\"Ausstellung \u201eAntarktika\u201c, Haller Tagblatt, 08. Juni 2011\" _builder_version=\"3.18.2\" custom_margin=\"-10px|||\" custom_padding=\"0px|||\"]<\/p><h5>Ausstellung \u201eAntarktika\u201c, Haller Tagblatt, 08. Juni 2011<\/h5><p>[\/et_pb_text][\/et_pb_column][et_pb_column type=\"1_3\"][\/et_pb_column][\/et_pb_row][et_pb_row _builder_version=\"3.18.2\" custom_padding=\"|0px||0px\" border_color_bottom=\"#d8d8d8\" border_width_bottom=\"1px\"][et_pb_column type=\"1_3\"][\/et_pb_column][et_pb_column type=\"1_3\"][et_pb_popup_builder admin_label=\"Website Stadt Schw\u00e4bisch Hall, Juni 2011\" _builder_version=\"3.18.2\" popup_source=\"image\" image_url=\"https:\/\/koepf-photoart.de\/wp-content\/uploads\/2018\/12\/2011_sha_06_2011.jpg\" divi_layout=\"926\" trigger_condition=\"image\" trigger_image_url=\"https:\/\/koepf-photoart.de\/wp-content\/uploads\/2018\/12\/2011_sha_06_2011.jpg\" trigger_button_align=\"left\" modal_style=\"3\" background_color_gradient_type=\"linear\" background_color_gradient_direction=\"1px\" background_color_gradient_direction_radial=\"center\" background_color_gradient_overlays_image=\"off\" custom_padding=\"||0px|\" modal_height=\"90\" \/][et_pb_text admin_label=\"Website Stadt Schw\u00e4bisch Hall, Juni 2011\" _builder_version=\"3.18.2\" custom_margin=\"-10px|||\" custom_padding=\"0px|||\"]<\/p><h5>Website Stadt Schw\u00e4bisch Hall, Juni 2011<\/h5><p>[\/et_pb_text][\/et_pb_column][et_pb_column type=\"1_3\"][\/et_pb_column][\/et_pb_row][et_pb_row _builder_version=\"3.18.2\" custom_padding=\"|0px||0px\" border_color_bottom=\"#d8d8d8\" border_width_bottom=\"1px\"][et_pb_column type=\"1_3\"][\/et_pb_column][et_pb_column type=\"1_3\"][et_pb_popup_builder admin_label=\"Hohenlohe Trends, Ausgabe Juni 2011\" _builder_version=\"3.18.2\" popup_source=\"image\" image_url=\"https:\/\/koepf-photoart.de\/wp-content\/uploads\/2018\/12\/2011_Trends_06_2011.jpg\" divi_layout=\"926\" trigger_condition=\"image\" trigger_image_url=\"https:\/\/koepf-photoart.de\/wp-content\/uploads\/2018\/12\/2011_Trends_06_2011.jpg\" trigger_button_align=\"left\" modal_style=\"3\" background_color_gradient_type=\"linear\" background_color_gradient_direction=\"1px\" background_color_gradient_direction_radial=\"center\" background_color_gradient_overlays_image=\"off\" custom_padding=\"||0px|\" modal_height=\"90\" \/][et_pb_text admin_label=\"Hohenlohe Trends, Ausgabe Juni 2011\" _builder_version=\"3.18.2\" custom_margin=\"-10px|||\" custom_padding=\"0px|||\"]<\/p><h5>Hohenlohe Trends, Ausgabe Juni 2011<\/h5><p>[\/et_pb_text][\/et_pb_column][et_pb_column type=\"1_3\"][\/et_pb_column][\/et_pb_row][et_pb_row _builder_version=\"3.18.2\" custom_padding=\"|0px||0px\" border_color_bottom=\"#d8d8d8\" border_width_bottom=\"1px\"][et_pb_column type=\"1_3\"][\/et_pb_column][et_pb_column type=\"1_3\"][et_pb_popup_builder admin_label=\"Hohenlohe Trends, Ausgabe Mai 2011 -1-\" _builder_version=\"3.18.2\" popup_source=\"image\" image_url=\"https:\/\/koepf-photoart.de\/wp-content\/uploads\/2018\/12\/trends1.jpg\" divi_layout=\"926\" trigger_condition=\"image\" trigger_image_url=\"https:\/\/koepf-photoart.de\/wp-content\/uploads\/2018\/12\/trends1.jpg\" trigger_button_align=\"left\" modal_style=\"3\" background_color_gradient_type=\"linear\" background_color_gradient_direction=\"1px\" background_color_gradient_direction_radial=\"center\" background_color_gradient_overlays_image=\"off\" custom_padding=\"||0px|\" modal_height=\"90\" \/][et_pb_popup_builder admin_label=\"Hohenlohe Trends, Ausgabe Mai 2011 -2-\" _builder_version=\"3.18.2\" popup_source=\"image\" image_url=\"https:\/\/koepf-photoart.de\/wp-content\/uploads\/2018\/12\/2011_trends2.jpg\" divi_layout=\"926\" trigger_condition=\"image\" trigger_image_url=\"https:\/\/koepf-photoart.de\/wp-content\/uploads\/2018\/12\/2011_trends2.jpg\" trigger_button_align=\"left\" modal_style=\"3\" background_color_gradient_type=\"linear\" background_color_gradient_direction=\"1px\" background_color_gradient_direction_radial=\"center\" background_color_gradient_overlays_image=\"off\" custom_padding=\"||0px|\" modal_height=\"90\" \/][et_pb_text admin_label=\"Hohenlohe Trends, Ausgabe Mai 2011\" _builder_version=\"3.18.2\" custom_margin=\"-10px|||\" custom_padding=\"0px|||\"]<\/p><h5>Hohenlohe Trends, Ausgabe Mai 2011<\/h5><p>[\/et_pb_text][\/et_pb_column][et_pb_column type=\"1_3\"][\/et_pb_column][\/et_pb_row][et_pb_row _builder_version=\"3.18.2\" custom_padding=\"|0px||0px\" border_color_bottom=\"#d8d8d8\" border_width_bottom=\"1px\"][et_pb_column type=\"1_3\"][\/et_pb_column][et_pb_column type=\"1_3\"][et_pb_popup_builder admin_label=\"Sulmtaler Woche, 25. August 2010\" _builder_version=\"3.18.2\" popup_source=\"image\" image_url=\"https:\/\/koepf-photoart.de\/wp-content\/uploads\/2018\/12\/2010_zeitung_obersulm.jpg\" divi_layout=\"926\" trigger_condition=\"image\" trigger_image_url=\"https:\/\/koepf-photoart.de\/wp-content\/uploads\/2018\/12\/2010_zeitung_obersulm.jpg\" trigger_button_align=\"left\" modal_style=\"3\" background_color_gradient_type=\"linear\" background_color_gradient_direction=\"1px\" background_color_gradient_direction_radial=\"center\" background_color_gradient_overlays_image=\"off\" custom_padding=\"||0px|\" modal_height=\"90\" \/][et_pb_text admin_label=\"Sulmtaler Woche, 25. August 2010\" _builder_version=\"3.18.2\" custom_margin=\"-10px|||\" custom_padding=\"0px|||\"]<\/p><h5>Sulmtaler Woche, 25. August 2010<\/h5><p>[\/et_pb_text][\/et_pb_column][et_pb_column type=\"1_3\"][\/et_pb_column][\/et_pb_row][et_pb_row _builder_version=\"3.18.2\" custom_padding=\"|0px||0px\" border_color_bottom=\"#d8d8d8\" border_width_bottom=\"1px\"][et_pb_column type=\"1_3\"][\/et_pb_column][et_pb_column type=\"1_3\"][et_pb_popup_builder admin_label=\"Ausstellung Arctic Art, Gleis 1, Hohenloher Zeitung, 23. Dezember 2009\" _builder_version=\"3.18.2\" popup_source=\"image\" image_url=\"https:\/\/koepf-photoart.de\/wp-content\/uploads\/2018\/12\/2009_kulturstimme_gleis1_2009.jpg\" divi_layout=\"926\" trigger_condition=\"image\" trigger_image_url=\"https:\/\/koepf-photoart.de\/wp-content\/uploads\/2018\/12\/2009_kulturstimme_gleis1_2009.jpg\" trigger_button_align=\"left\" modal_style=\"3\" background_color_gradient_type=\"linear\" background_color_gradient_direction=\"1px\" background_color_gradient_direction_radial=\"center\" background_color_gradient_overlays_image=\"off\" custom_padding=\"||0px|\" modal_height=\"90\" \/][et_pb_text admin_label=\"Ausstellung Arctic Art, Gleis 1, Hohenloher Zeitung, 23. Dezember 2009\" _builder_version=\"3.18.2\" custom_margin=\"-10px|||\" custom_padding=\"0px|||\"]<\/p><h5>Ausstellung Arctic Art, Gleis 1, Hohenloher Zeitung, 23. Dezember 2009<\/h5><p>[\/et_pb_text][\/et_pb_column][et_pb_column type=\"1_3\"][\/et_pb_column][\/et_pb_row][et_pb_row _builder_version=\"3.18.2\" custom_padding=\"|0px||0px\" border_color_bottom=\"#d8d8d8\" border_width_bottom=\"1px\"][et_pb_column type=\"1_3\"][\/et_pb_column][et_pb_column type=\"1_3\"][et_pb_popup_builder admin_label=\"settegiorni, Italien, 04. Dezember 2009\" _builder_version=\"3.18.2\" popup_source=\"image\" image_url=\"https:\/\/koepf-photoart.de\/wp-content\/uploads\/2018\/12\/2009_settegiorni_2009.jpg\" divi_layout=\"926\" trigger_condition=\"image\" trigger_image_url=\"https:\/\/koepf-photoart.de\/wp-content\/uploads\/2018\/12\/2009_settegiorni_2009.jpg\" trigger_button_align=\"left\" modal_style=\"3\" background_color_gradient_type=\"linear\" background_color_gradient_direction=\"1px\" background_color_gradient_direction_radial=\"center\" background_color_gradient_overlays_image=\"off\" custom_padding=\"||0px|\" modal_height=\"90\" \/][et_pb_text admin_label=\"settegiorni, Italien, 04. Dezember 2009\" _builder_version=\"3.18.2\" custom_margin=\"-10px|||\" custom_padding=\"0px|||\"]<\/p><h5>settegiorni, Italien, 04. Dezember 2009<\/h5><p>[\/et_pb_text][\/et_pb_column][et_pb_column type=\"1_3\"][\/et_pb_column][\/et_pb_row][et_pb_row _builder_version=\"3.18.2\" custom_padding=\"|0px||0px\" border_color_bottom=\"#d8d8d8\" border_width_bottom=\"1px\"][et_pb_column type=\"1_3\"][\/et_pb_column][et_pb_column type=\"1_3\"][et_pb_popup_builder admin_label=\"il notiziario, Italien, 04. Dezember 2009\" _builder_version=\"3.18.2\" popup_source=\"image\" image_url=\"https:\/\/koepf-photoart.de\/wp-content\/uploads\/2018\/12\/2009_notiziario_garbagnate_2009.jpg\" divi_layout=\"926\" trigger_condition=\"image\" trigger_image_url=\"https:\/\/koepf-photoart.de\/wp-content\/uploads\/2018\/12\/2009_notiziario_garbagnate_2009.jpg\" trigger_button_align=\"left\" modal_style=\"3\" background_color_gradient_type=\"linear\" background_color_gradient_direction=\"1px\" background_color_gradient_direction_radial=\"center\" background_color_gradient_overlays_image=\"off\" custom_padding=\"||0px|\" modal_height=\"90\" \/][et_pb_text admin_label=\"il notiziario, Italien, 04. Dezember 2009\" _builder_version=\"3.18.2\" custom_margin=\"-10px|||\" custom_padding=\"0px|||\"]<\/p><h5>il notiziario, Italien, 04. Dezember 2009<\/h5><p>[\/et_pb_text][\/et_pb_column][et_pb_column type=\"1_3\"][\/et_pb_column][\/et_pb_row][et_pb_row _builder_version=\"3.18.2\" custom_padding=\"|0px||0px\" border_color_bottom=\"#d8d8d8\" border_width_bottom=\"1px\"][et_pb_column type=\"1_3\"][\/et_pb_column][et_pb_column type=\"1_3\"][et_pb_popup_builder admin_label=\"Ausstellung Arctic Art, Haller Tagblatt, 24.10.2009\" _builder_version=\"3.18.2\" popup_source=\"image\" image_url=\"https:\/\/koepf-photoart.de\/wp-content\/uploads\/2018\/12\/2009_arctic_egenschule_2009.jpg\" divi_layout=\"926\" trigger_condition=\"image\" trigger_image_url=\"https:\/\/koepf-photoart.de\/wp-content\/uploads\/2018\/12\/2009_arctic_egenschule_2009.jpg\" trigger_button_align=\"left\" modal_style=\"3\" background_color_gradient_type=\"linear\" background_color_gradient_direction=\"1px\" background_color_gradient_direction_radial=\"center\" background_color_gradient_overlays_image=\"off\" custom_padding=\"||0px|\" modal_height=\"90\" \/][et_pb_text admin_label=\"Ausstellung Arctic Art, Haller Tagblatt, 24.10.2009\" _builder_version=\"3.18.2\" custom_margin=\"-10px|||\" custom_padding=\"0px|||\"]<\/p><h5>Ausstellung Arctic Art, Haller Tagblatt, 24.10.2009<\/h5><p>[\/et_pb_text][\/et_pb_column][et_pb_column type=\"1_3\"][\/et_pb_column][\/et_pb_row][et_pb_row _builder_version=\"3.18.2\" custom_padding=\"|0px||0px\" border_color_bottom=\"#d8d8d8\" border_width_bottom=\"1px\"][et_pb_column type=\"1_3\"][\/et_pb_column][et_pb_column type=\"1_3\"][et_pb_popup_builder admin_label=\"Ausstellung Arctic Art, Haller Tagblatt, 19. Oktober 2009\" _builder_version=\"3.18.2\" popup_source=\"image\" image_url=\"https:\/\/koepf-photoart.de\/wp-content\/uploads\/2018\/12\/2009_HT_Arctic-Art_19_10-2009.jpg\" divi_layout=\"926\" trigger_condition=\"image\" trigger_image_url=\"https:\/\/koepf-photoart.de\/wp-content\/uploads\/2018\/12\/2009_HT_Arctic-Art_19_10-2009.jpg\" trigger_button_align=\"left\" modal_style=\"3\" background_color_gradient_type=\"linear\" background_color_gradient_direction=\"1px\" background_color_gradient_direction_radial=\"center\" background_color_gradient_overlays_image=\"off\" custom_padding=\"||0px|\" modal_height=\"90\" \/][et_pb_text admin_label=\"Ausstellung Arctic Art, Haller Tagblatt, 19. Oktober 2009\" _builder_version=\"3.18.2\" custom_margin=\"-10px|||\" custom_padding=\"0px|||\"]<\/p><h5>Ausstellung Arctic Art, Haller Tagblatt, 19. Oktober 2009<\/h5><p>[\/et_pb_text][\/et_pb_column][et_pb_column type=\"1_3\"][\/et_pb_column][\/et_pb_row][et_pb_row _builder_version=\"3.18.2\" custom_padding=\"|0px||0px\" border_color_bottom=\"#d8d8d8\" border_width_bottom=\"1px\"][et_pb_column type=\"1_3\"][\/et_pb_column][et_pb_column type=\"1_3\"][et_pb_popup_builder admin_label=\"Bildband Schw\u00e4isch Hall, Haller Tagblatt, 22.10.2009\" _builder_version=\"3.18.2\" popup_source=\"image\" image_url=\"https:\/\/koepf-photoart.de\/wp-content\/uploads\/2018\/12\/2009_ht_bildband_2009.jpg\" divi_layout=\"926\" trigger_condition=\"image\" trigger_image_url=\"https:\/\/koepf-photoart.de\/wp-content\/uploads\/2018\/12\/2009_ht_bildband_2009.jpg\" trigger_button_align=\"left\" modal_style=\"3\" background_color_gradient_type=\"linear\" background_color_gradient_direction=\"1px\" background_color_gradient_direction_radial=\"center\" background_color_gradient_overlays_image=\"off\" custom_padding=\"||0px|\" modal_height=\"90\" \/][et_pb_text admin_label=\"Bildband Schw\u00e4isch Hall, Haller Tagblatt, 22.10.2009\" _builder_version=\"3.18.2\" custom_margin=\"-10px|||\" custom_padding=\"0px|||\"]<\/p><h5>Bildband Schw\u00e4isch Hall, Haller Tagblatt, 22.10.2009<\/h5><p>[\/et_pb_text][\/et_pb_column][et_pb_column type=\"1_3\"][\/et_pb_column][\/et_pb_row][et_pb_row _builder_version=\"3.18.2\" custom_padding=\"|0px||0px\" border_color_bottom=\"#d8d8d8\" border_width_bottom=\"1px\"][et_pb_column type=\"1_3\"][\/et_pb_column][et_pb_column type=\"1_3\"][et_pb_popup_builder admin_label=\"Photographie 11\/2008\" _builder_version=\"3.18.2\" popup_source=\"image\" image_url=\"https:\/\/koepf-photoart.de\/wp-content\/uploads\/2018\/12\/2008_photographie_11_2008.jpg\" divi_layout=\"926\" trigger_condition=\"image\" trigger_image_url=\"https:\/\/koepf-photoart.de\/wp-content\/uploads\/2018\/12\/2008_photographie_11_2008.jpg\" trigger_button_align=\"left\" modal_style=\"3\" background_color_gradient_type=\"linear\" background_color_gradient_direction=\"1px\" background_color_gradient_direction_radial=\"center\" background_color_gradient_overlays_image=\"off\" custom_padding=\"||0px|\" modal_height=\"90\" \/][et_pb_text admin_label=\"Photographie 11\/2008\" _builder_version=\"3.18.2\" custom_margin=\"-10px|||\" custom_padding=\"0px|||\"]<\/p><h5>Photographie 11\/2008<\/h5><p>[\/et_pb_text][\/et_pb_column][et_pb_column type=\"1_3\"][\/et_pb_column][\/et_pb_row][et_pb_row _builder_version=\"3.18.2\" custom_padding=\"|0px||0px\" border_color_bottom=\"#d8d8d8\" border_width_bottom=\"1px\"][et_pb_column type=\"1_3\"][\/et_pb_column][et_pb_column type=\"1_3\"][et_pb_popup_builder admin_label=\"Haller Tagblatt, 08.05.2008\" _builder_version=\"3.18.2\" popup_source=\"image\" image_url=\"https:\/\/koepf-photoart.de\/wp-content\/uploads\/2018\/12\/2008_ht_08_05_2008.jpg\" divi_layout=\"926\" trigger_condition=\"image\" trigger_image_url=\"https:\/\/koepf-photoart.de\/wp-content\/uploads\/2018\/12\/2008_ht_08_05_2008.jpg\" trigger_button_align=\"left\" modal_style=\"3\" background_color_gradient_type=\"linear\" background_color_gradient_direction=\"1px\" background_color_gradient_direction_radial=\"center\" background_color_gradient_overlays_image=\"off\" custom_padding=\"||0px|\" modal_height=\"90\" \/][et_pb_text admin_label=\"Haller Tagblatt, 08.05.2008\" _builder_version=\"3.18.2\" custom_margin=\"-10px|||\" custom_padding=\"0px|||\"]<\/p><h5>Haller Tagblatt, 08.05.2008<\/h5><p>[\/et_pb_text][\/et_pb_column][et_pb_column type=\"1_3\"][\/et_pb_column][\/et_pb_row][et_pb_row _builder_version=\"3.18.2\" custom_padding=\"|0px||0px\" border_color_bottom=\"#d8d8d8\" border_width_bottom=\"1px\"][et_pb_column type=\"1_3\"][\/et_pb_column][et_pb_column type=\"1_3\"][et_pb_popup_builder admin_label=\"2008 CEWE Fotobuchaward Fotoheft\" _builder_version=\"3.18.2\" popup_source=\"image\" image_url=\"https:\/\/koepf-photoart.de\/wp-content\/uploads\/2018\/12\/2008_fotobuchaward_fotoheft.jpg\" divi_layout=\"926\" trigger_condition=\"image\" trigger_image_url=\"https:\/\/koepf-photoart.de\/wp-content\/uploads\/2018\/12\/2008_fotobuchaward_fotoheft.jpg\" trigger_button_align=\"left\" modal_style=\"3\" background_color_gradient_type=\"linear\" background_color_gradient_direction=\"1px\" background_color_gradient_direction_radial=\"center\" background_color_gradient_overlays_image=\"off\" custom_padding=\"||0px|\" modal_height=\"90\" \/][et_pb_text admin_label=\"2008 CEWE Fotobuchaward Fotoheft\" _builder_version=\"3.18.2\" custom_margin=\"-10px|||\" custom_padding=\"0px|||\"]<\/p><h5>2008 CEWE Fotobuchaward Fotoheft<\/h5><p>[\/et_pb_text][\/et_pb_column][et_pb_column type=\"1_3\"][\/et_pb_column][\/et_pb_row][et_pb_row _builder_version=\"3.18.2\" custom_padding=\"|0px||0px\" border_color_bottom=\"#d8d8d8\" border_width_bottom=\"1px\"][et_pb_column type=\"1_3\"][\/et_pb_column][et_pb_column type=\"1_3\"][et_pb_popup_builder admin_label=\"Haller Tagblatt, 12.01.2006\" _builder_version=\"3.18.2\" popup_source=\"image\" image_url=\"https:\/\/koepf-photoart.de\/wp-content\/uploads\/2018\/12\/2006_Hallertagblatt.jpg\" divi_layout=\"926\" trigger_condition=\"image\" trigger_image_url=\"https:\/\/koepf-photoart.de\/wp-content\/uploads\/2018\/12\/2006_Hallertagblatt.jpg\" trigger_button_align=\"left\" modal_style=\"3\" background_color_gradient_type=\"linear\" background_color_gradient_direction=\"1px\" background_color_gradient_direction_radial=\"center\" background_color_gradient_overlays_image=\"off\" custom_padding=\"||0px|\" modal_height=\"90\" \/][et_pb_text admin_label=\"Haller Tagblatt, 12.01.2006\" _builder_version=\"3.18.2\" custom_margin=\"-10px|||\" custom_padding=\"0px|||\"]<\/p><h5>Haller Tagblatt, 12.01.2006<\/h5><p>[\/et_pb_text][\/et_pb_column][et_pb_column type=\"1_3\"][\/et_pb_column][\/et_pb_row][et_pb_row _builder_version=\"3.18.2\" custom_padding=\"|0px||0px\" border_color_bottom=\"#d8d8d8\" border_width_bottom=\"1px\"][et_pb_column type=\"1_3\"][\/et_pb_column][et_pb_column type=\"1_3\"][et_pb_popup_builder admin_label=\"Ausstellung \u201eBodylandscapes\u201c, Haller Tagblatt, 15.10.2005\" _builder_version=\"3.18.2\" popup_source=\"image\" image_url=\"https:\/\/koepf-photoart.de\/wp-content\/uploads\/2018\/12\/2005_pulcinella.jpg\" divi_layout=\"926\" trigger_condition=\"image\" trigger_image_url=\"https:\/\/koepf-photoart.de\/wp-content\/uploads\/2018\/12\/2005_pulcinella.jpg\" trigger_button_align=\"left\" modal_style=\"3\" background_color_gradient_type=\"linear\" background_color_gradient_direction=\"1px\" background_color_gradient_direction_radial=\"center\" background_color_gradient_overlays_image=\"off\" custom_padding=\"||0px|\" modal_height=\"90\" \/][et_pb_text admin_label=\"Ausstellung \u201eBodylandscapes\u201c, Haller Tagblatt, 15.10.2005\" _builder_version=\"3.18.2\" custom_margin=\"-10px|||\" custom_padding=\"0px|||\"]<\/p><h5>Ausstellung \u201eBodylandscapes\u201c, Haller Tagblatt, 15.10.2005<\/h5><p>[\/et_pb_text][\/et_pb_column][et_pb_column type=\"1_3\"][\/et_pb_column][\/et_pb_row][et_pb_row _builder_version=\"3.18.2\" custom_padding=\"|0px||0px\" border_color_bottom=\"#d8d8d8\" border_width_bottom=\"1px\"][et_pb_column type=\"1_3\"][\/et_pb_column][et_pb_column type=\"1_3\"][et_pb_popup_builder admin_label=\"Sch\u00f6mberger Fotoherbst, Kreisnachrichten Calw, 25.10.2004\" _builder_version=\"3.18.2\" popup_source=\"image\" image_url=\"https:\/\/koepf-photoart.de\/wp-content\/uploads\/2018\/12\/2004_schoemberg04_kreis.jpg\" divi_layout=\"926\" trigger_condition=\"image\" trigger_image_url=\"https:\/\/koepf-photoart.de\/wp-content\/uploads\/2018\/12\/2004_schoemberg04_kreis.jpg\" trigger_button_align=\"left\" modal_style=\"3\" background_color_gradient_type=\"linear\" background_color_gradient_direction=\"1px\" background_color_gradient_direction_radial=\"center\" background_color_gradient_overlays_image=\"off\" custom_padding=\"||0px|\" modal_height=\"90\" \/][et_pb_text admin_label=\"Sch\u00f6mberger Fotoherbst, Kreisnachrichten Calw, 25.10.2004\" _builder_version=\"3.18.2\" custom_margin=\"-10px|||\" custom_padding=\"0px|||\"]<\/p><h5>Sch\u00f6mberger Fotoherbst, Kreisnachrichten Calw, 25.10.2004<\/h5><p>[\/et_pb_text][\/et_pb_column][et_pb_column type=\"1_3\"][\/et_pb_column][\/et_pb_row][et_pb_row _builder_version=\"3.18.2\" custom_padding=\"|0px||0px\" border_color_bottom=\"#d8d8d8\" border_width_bottom=\"1px\"][et_pb_column type=\"1_3\"][\/et_pb_column][et_pb_column type=\"1_3\"][et_pb_popup_builder admin_label=\"Sch\u00f6mberger Fotoherbst, Kreisnachrichten Calw, 25.10.2004\" _builder_version=\"3.18.2\" popup_source=\"image\" image_url=\"https:\/\/koepf-photoart.de\/wp-content\/uploads\/2018\/12\/2004_schoemberg04_fotoforum.jpg\" divi_layout=\"926\" trigger_condition=\"image\" trigger_image_url=\"https:\/\/koepf-photoart.de\/wp-content\/uploads\/2018\/12\/2004_schoemberg04_fotoforum.jpg\" trigger_button_align=\"left\" modal_style=\"3\" background_color_gradient_type=\"linear\" background_color_gradient_direction=\"1px\" background_color_gradient_direction_radial=\"center\" background_color_gradient_overlays_image=\"off\" custom_padding=\"||0px|\" modal_height=\"90\" \/][et_pb_text admin_label=\"Sch\u00f6mberger Fotoherbst 2004, Fotoforum Schwarzwald 44\/2004\" _builder_version=\"3.18.2\" custom_margin=\"-10px|||\" custom_padding=\"0px|||\"]<\/p><h5>Sch\u00f6mberger Fotoherbst 2004, Fotoforum Schwarzwald 44\/2004<\/h5><p>[\/et_pb_text][\/et_pb_column][et_pb_column type=\"1_3\"][\/et_pb_column][\/et_pb_row][et_pb_row _builder_version=\"3.18.2\" custom_padding=\"|0px||0px\" border_color_bottom=\"#d8d8d8\" border_width_bottom=\"1px\"][et_pb_column type=\"1_3\"][\/et_pb_column][et_pb_column type=\"1_3\"][et_pb_popup_builder admin_label=\"Haller Tagblatt, 07. Dezember 2004\" _builder_version=\"3.18.2\" popup_source=\"image\" image_url=\"https:\/\/koepf-photoart.de\/wp-content\/uploads\/2018\/12\/2004_icelandart_felger.jpg\" divi_layout=\"926\" trigger_condition=\"image\" trigger_image_url=\"https:\/\/koepf-photoart.de\/wp-content\/uploads\/2018\/12\/2004_icelandart_felger.jpg\" trigger_button_align=\"left\" modal_style=\"3\" background_color_gradient_type=\"linear\" background_color_gradient_direction=\"1px\" background_color_gradient_direction_radial=\"center\" background_color_gradient_overlays_image=\"off\" custom_padding=\"||0px|\" modal_height=\"90\" \/][et_pb_text admin_label=\"Haller Tagblatt, 07. Dezember 2004\" _builder_version=\"3.18.2\" custom_margin=\"-10px|||\" custom_padding=\"0px|||\"]<\/p><h5>Haller Tagblatt, 07. Dezember 2004<\/h5><p>[\/et_pb_text][\/et_pb_column][et_pb_column type=\"1_3\"][\/et_pb_column][\/et_pb_row][et_pb_row _builder_version=\"3.18.2\" custom_padding=\"|0px||0px\" border_color_bottom=\"#d8d8d8\" border_width_bottom=\"1px\"][et_pb_column type=\"1_3\"][\/et_pb_column][et_pb_column type=\"1_3\"][et_pb_popup_builder admin_label=\"Ausstellung Iceland Art, Gleis 1, Hohenloher Zeitung 08.10.2004\" _builder_version=\"3.18.2\" popup_source=\"image\" image_url=\"https:\/\/koepf-photoart.de\/wp-content\/uploads\/2018\/12\/2004_icelandart_gleis1-hz.jpg\" divi_layout=\"926\" trigger_condition=\"image\" trigger_image_url=\"https:\/\/koepf-photoart.de\/wp-content\/uploads\/2018\/12\/2004_icelandart_gleis1-hz.jpg\" trigger_button_align=\"left\" modal_style=\"3\" background_color_gradient_type=\"linear\" background_color_gradient_direction=\"1px\" background_color_gradient_direction_radial=\"center\" background_color_gradient_overlays_image=\"off\" custom_padding=\"||0px|\" modal_height=\"90\" \/][et_pb_text admin_label=\"Ausstellung Iceland Art, Gleis 1, Hohenloher Zeitung 08.10.2004\" _builder_version=\"3.18.2\" custom_margin=\"-10px|||\" custom_padding=\"0px|||\"]<\/p><h5>Ausstellung Iceland Art, Gleis 1, Hohenloher Zeitung 08.10.2004<\/h5><p>[\/et_pb_text][\/et_pb_column][et_pb_column type=\"1_3\"][\/et_pb_column][\/et_pb_row][et_pb_row _builder_version=\"3.18.2\" custom_padding=\"|0px||0px\" border_color_bottom=\"#d8d8d8\" border_width_bottom=\"1px\"][et_pb_column type=\"1_3\"][\/et_pb_column][et_pb_column type=\"1_3\"][et_pb_popup_builder admin_label=\"Haller Tagblatt, 30. Oktober 2004\" _builder_version=\"3.18.2\" popup_source=\"image\" image_url=\"https:\/\/koepf-photoart.de\/wp-content\/uploads\/2018\/12\/2004_ht_schoemberg.jpg\" divi_layout=\"926\" trigger_condition=\"image\" trigger_image_url=\"https:\/\/koepf-photoart.de\/wp-content\/uploads\/2018\/12\/2004_ht_schoemberg.jpg\" trigger_button_align=\"left\" modal_style=\"3\" background_color_gradient_type=\"linear\" background_color_gradient_direction=\"1px\" background_color_gradient_direction_radial=\"center\" background_color_gradient_overlays_image=\"off\" custom_padding=\"||0px|\" modal_height=\"90\" \/][et_pb_text admin_label=\"Haller Tagblatt, 30. Oktober 2004\" _builder_version=\"3.18.2\" custom_margin=\"-10px|||\" custom_padding=\"0px|||\"]<\/p><h5>Haller Tagblatt, 30. Oktober 2004<\/h5><p>[\/et_pb_text][\/et_pb_column][et_pb_column type=\"1_3\"][\/et_pb_column][\/et_pb_row][et_pb_row _builder_version=\"3.18.2\" custom_padding=\"|0px||0px\" border_color_bottom=\"#d8d8d8\" border_width_bottom=\"1px\"][et_pb_column type=\"1_3\"][\/et_pb_column][et_pb_column type=\"1_3\"][et_pb_popup_builder admin_label=\"Ausstellung Iceland Art Gleis 1, Haller Tagblatt, 29. September 2004\" _builder_version=\"3.18.2\" popup_source=\"image\" image_url=\"https:\/\/koepf-photoart.de\/wp-content\/uploads\/2018\/12\/2004_iceland_gleis1.jpg\" divi_layout=\"926\" trigger_condition=\"image\" trigger_image_url=\"https:\/\/koepf-photoart.de\/wp-content\/uploads\/2018\/12\/2004_iceland_gleis1.jpg\" trigger_button_align=\"left\" modal_style=\"3\" background_color_gradient_type=\"linear\" background_color_gradient_direction=\"1px\" background_color_gradient_direction_radial=\"center\" background_color_gradient_overlays_image=\"off\" custom_padding=\"||0px|\" modal_height=\"90\" \/][et_pb_text admin_label=\"Ausstellung Iceland Art Gleis 1, Haller Tagblatt, 29. September 2004\" _builder_version=\"3.18.2\" custom_margin=\"-10px|||\" custom_padding=\"0px|||\"]<\/p><h5>Ausstellung Iceland Art Gleis 1, Haller Tagblatt, 29. September 2004<\/h5><p>[\/et_pb_text][\/et_pb_column][et_pb_column type=\"1_3\"][\/et_pb_column][\/et_pb_row][et_pb_row _builder_version=\"3.18.2\" custom_padding=\"|0px||0px\" border_color_bottom=\"#d8d8d8\" border_width_bottom=\"1px\"][et_pb_column type=\"1_3\"][\/et_pb_column][et_pb_column type=\"1_3\"][et_pb_popup_builder admin_label=\"Haller Tagblatt, 06.03.2004\" _builder_version=\"3.18.2\" popup_source=\"image\" image_url=\"https:\/\/koepf-photoart.de\/wp-content\/uploads\/2018\/12\/ht_maerz_2004.jpg\" divi_layout=\"926\" trigger_condition=\"image\" trigger_image_url=\"https:\/\/koepf-photoart.de\/wp-content\/uploads\/2018\/12\/ht_maerz_2004.jpg\" trigger_button_align=\"left\" modal_style=\"3\" background_color_gradient_type=\"linear\" background_color_gradient_direction=\"1px\" background_color_gradient_direction_radial=\"center\" background_color_gradient_overlays_image=\"off\" custom_padding=\"||0px|\" modal_height=\"90\" \/][et_pb_text admin_label=\"Haller Tagblatt, 06.03.2004\" _builder_version=\"3.18.2\" custom_margin=\"-10px|||\" custom_padding=\"0px|||\"]<\/p><h5>Haller Tagblatt, 06.03.2004<\/h5><p>[\/et_pb_text][\/et_pb_column][et_pb_column type=\"1_3\"][\/et_pb_column][\/et_pb_row][et_pb_row _builder_version=\"3.18.2\" custom_padding=\"|0px||0px\" border_color_bottom=\"#d8d8d8\" border_width_bottom=\"1px\"][et_pb_column type=\"1_3\"][\/et_pb_column][et_pb_column type=\"1_3\"][et_pb_popup_builder admin_label=\"K\u00fcnstlerportrait Fantasycats\" _builder_version=\"3.18.2\" popup_source=\"image\" image_url=\"https:\/\/koepf-photoart.de\/wp-content\/uploads\/2018\/12\/2003_katzenextra_fantacat01.jpg\" divi_layout=\"926\" trigger_condition=\"image\" trigger_image_url=\"https:\/\/koepf-photoart.de\/wp-content\/uploads\/2018\/12\/2003_katzenextra_fantacat01.jpg\" trigger_button_align=\"left\" modal_style=\"3\" background_color_gradient_type=\"linear\" background_color_gradient_direction=\"1px\" background_color_gradient_direction_radial=\"center\" background_color_gradient_overlays_image=\"off\" custom_padding=\"||0px|\" modal_height=\"90\" \/][et_pb_text admin_label=\"K\u00fcnstlerportrait Fantasycats\" _builder_version=\"3.18.2\" custom_margin=\"-10px|||\" custom_padding=\"0px|||\"]<\/p><h5>K\u00fcnstlerportrait Fantasycats<\/h5><p>[\/et_pb_text][\/et_pb_column][et_pb_column type=\"1_3\"][\/et_pb_column][\/et_pb_row][et_pb_row _builder_version=\"3.18.2\" custom_padding=\"|0px||0px\" border_color_bottom=\"#d8d8d8\" border_width_bottom=\"1px\"][et_pb_column type=\"1_3\"][\/et_pb_column][et_pb_column type=\"1_3\"][et_pb_popup_builder admin_label=\"Hauptpreis Fotowettbewerb der Zeitschrift \u201eColor Foto\u201c 01\/2003\" _builder_version=\"3.18.2\" popup_source=\"image\" image_url=\"https:\/\/koepf-photoart.de\/wp-content\/uploads\/2018\/12\/2003_Foto-Creativ.jpg\" divi_layout=\"926\" trigger_condition=\"image\" trigger_image_url=\"https:\/\/koepf-photoart.de\/wp-content\/uploads\/2018\/12\/2003_Foto-Creativ.jpg\" trigger_button_align=\"left\" modal_style=\"3\" background_color_gradient_type=\"linear\" background_color_gradient_direction=\"1px\" background_color_gradient_direction_radial=\"center\" background_color_gradient_overlays_image=\"off\" custom_padding=\"||0px|\" modal_height=\"90\" \/][et_pb_text admin_label=\"Hauptpreis Fotowettbewerb der Zeitschrift \u201eColor Foto\u201c 01\/2003\" _builder_version=\"3.18.2\" custom_margin=\"-10px|||\" custom_padding=\"0px|||\"]<\/p><h5>Hauptpreis Fotowettbewerb der Zeitschrift \u201eColor Foto\u201c 01\/2003<\/h5><p>[\/et_pb_text][\/et_pb_column][et_pb_column type=\"1_3\"][\/et_pb_column][\/et_pb_row][et_pb_row _builder_version=\"3.18.2\" custom_padding=\"|0px||0px\" border_color_bottom=\"#d8d8d8\" border_width_bottom=\"1px\"][et_pb_column type=\"1_3\"][\/et_pb_column][et_pb_column type=\"1_3\"][et_pb_popup_builder admin_label=\"Haller Tagblatt, 01.12.2001 Hauptgewinner-Reise nach China\" _builder_version=\"3.18.2\" popup_source=\"image\" image_url=\"https:\/\/koepf-photoart.de\/wp-content\/uploads\/2018\/12\/2001_reisebericht_china.jpg\" divi_layout=\"926\" trigger_condition=\"image\" trigger_image_url=\"https:\/\/koepf-photoart.de\/wp-content\/uploads\/2018\/12\/2001_reisebericht_china.jpg\" trigger_button_align=\"left\" modal_style=\"3\" background_color_gradient_type=\"linear\" background_color_gradient_direction=\"1px\" background_color_gradient_direction_radial=\"center\" background_color_gradient_overlays_image=\"off\" custom_padding=\"||0px|\" modal_height=\"90\" \/][et_pb_text admin_label=\"Haller Tagblatt, 01.12.2001 Hauptgewinner-Reise nach China\" _builder_version=\"3.18.2\" custom_margin=\"-10px|||\" custom_padding=\"0px|||\"]<\/p><h5>Haller Tagblatt, 01.12.2001 Hauptgewinner-Reise nach China<\/h5><p>[\/et_pb_text][\/et_pb_column][et_pb_column type=\"1_3\"][\/et_pb_column][\/et_pb_row][et_pb_row _builder_version=\"3.18.2\" custom_padding=\"|0px||0px\" border_color_bottom=\"#d8d8d8\" border_width_bottom=\"1px\"][et_pb_column type=\"1_3\"][\/et_pb_column][et_pb_column type=\"1_3\"][et_pb_popup_builder admin_label=\"Artikel Haller Tagblatt, 30.10.2001, Ausstellung \u201eSonne und Licht\u201c im Diakoniekrankenhaus Schw\u00e4bisch Hall\" _builder_version=\"3.18.2\" popup_source=\"image\" image_url=\"https:\/\/koepf-photoart.de\/wp-content\/uploads\/2018\/12\/2001_Diak.jpg\" divi_layout=\"926\" trigger_condition=\"image\" trigger_image_url=\"https:\/\/koepf-photoart.de\/wp-content\/uploads\/2018\/12\/2001_Diak.jpg\" trigger_button_align=\"left\" modal_style=\"3\" background_color_gradient_type=\"linear\" background_color_gradient_direction=\"1px\" background_color_gradient_direction_radial=\"center\" background_color_gradient_overlays_image=\"off\" custom_padding=\"||0px|\" modal_height=\"90\" \/][et_pb_text admin_label=\"Artikel Haller Tagblatt, 30.10.2001, Ausstellung \u201eSonne und Licht\u201c im Diakoniekrankenhaus Schw\u00e4bisch Hall\" _builder_version=\"3.18.2\" custom_margin=\"-10px|||\" custom_padding=\"0px|||\"]<\/p><h5>Artikel Haller Tagblatt, 30.10.2001,<br \/>Ausstellung \u201eSonne und Licht\u201c im Diakoniekrankenhaus Schw\u00e4bisch Hall<\/h5><p>[\/et_pb_text][\/et_pb_column][et_pb_column type=\"1_3\"][\/et_pb_column][\/et_pb_row][et_pb_row _builder_version=\"3.18.2\" custom_padding=\"|0px||0px\" border_color_bottom=\"#d8d8d8\" border_width_bottom=\"1px\"][et_pb_column type=\"1_3\"][\/et_pb_column][et_pb_column type=\"1_3\"][et_pb_popup_builder admin_label=\"Artikel Haller Tagblatt, 04\/2001 Hauptgewinn Fotowettbewerb Chinesischer Staatscircus\" _builder_version=\"3.18.2\" popup_source=\"image\" image_url=\"https:\/\/koepf-photoart.de\/wp-content\/uploads\/2018\/12\/2001_Staatscicus.jpg\" divi_layout=\"926\" trigger_condition=\"image\" trigger_image_url=\"https:\/\/koepf-photoart.de\/wp-content\/uploads\/2018\/12\/2001_Staatscicus.jpg\" trigger_button_align=\"left\" modal_style=\"3\" background_color_gradient_type=\"linear\" background_color_gradient_direction=\"1px\" background_color_gradient_direction_radial=\"center\" background_color_gradient_overlays_image=\"off\" custom_padding=\"||0px|\" modal_height=\"90\" \/][et_pb_text admin_label=\"Artikel Haller Tagblatt, 04\/2001 Hauptgewinn Fotowettbewerb Chinesischer Staatscircus\" _builder_version=\"3.18.2\" custom_margin=\"-10px|||\" custom_padding=\"0px|||\"]<\/p><h5>Artikel Haller Tagblatt, 04\/2001<br \/>Hauptgewinn Fotowettbewerb Chinesischer Staatscircus<\/h5><p>[\/et_pb_text][\/et_pb_column][et_pb_column type=\"1_3\"][\/et_pb_column][\/et_pb_row][et_pb_row _builder_version=\"3.18.2\" custom_padding=\"|0px||0px\" border_color_bottom=\"#d8d8d8\" border_width_bottom=\"1px\"][et_pb_column type=\"1_3\"][\/et_pb_column][et_pb_column type=\"1_3\"][et_pb_popup_builder admin_label=\"Haller Tagblatt und Hohenloher Tagblatt, 11\/2000\" _builder_version=\"3.18.2\" popup_source=\"image\" image_url=\"https:\/\/koepf-photoart.de\/wp-content\/uploads\/2018\/12\/gleis1.jpg\" divi_layout=\"926\" trigger_condition=\"image\" trigger_image_url=\"https:\/\/koepf-photoart.de\/wp-content\/uploads\/2018\/12\/gleis1.jpg\" trigger_button_align=\"left\" modal_style=\"3\" background_color_gradient_type=\"linear\" background_color_gradient_direction=\"1px\" background_color_gradient_direction_radial=\"center\" background_color_gradient_overlays_image=\"off\" custom_padding=\"||0px|\" modal_height=\"90\" \/][et_pb_text admin_label=\"Haller Tagblatt und Hohenloher Tagblatt, 11\/2000\" _builder_version=\"3.18.2\" custom_margin=\"-10px|||\" custom_padding=\"0px|||\"]<\/p><h5>Haller Tagblatt und Hohenloher Tagblatt, 11\/2000<\/h5><p>[\/et_pb_text][\/et_pb_column][et_pb_column type=\"1_3\"][\/et_pb_column][\/et_pb_row][et_pb_row _builder_version=\"3.18.2\" custom_padding=\"|0px||0px\" border_color_bottom=\"#d8d8d8\" border_width_bottom=\"1px\"][et_pb_column type=\"1_3\"][\/et_pb_column][et_pb_column type=\"1_3\"][et_pb_popup_builder admin_label=\"Artikel Haller Tagblatt, 10\/2000 Fotoausstellung \u201eFantasy Cats\u201c in der Stadtbibliothek in Schw\u00e4bisch Hall\" _builder_version=\"3.18.2\" popup_source=\"image\" image_url=\"https:\/\/koepf-photoart.de\/wp-content\/uploads\/2018\/12\/2000_Stadtbibliothek.jpg\" divi_layout=\"926\" trigger_condition=\"image\" trigger_image_url=\"https:\/\/koepf-photoart.de\/wp-content\/uploads\/2018\/12\/2000_Stadtbibliothek.jpg\" trigger_button_align=\"left\" modal_style=\"3\" background_color_gradient_type=\"linear\" background_color_gradient_direction=\"1px\" background_color_gradient_direction_radial=\"center\" background_color_gradient_overlays_image=\"off\" custom_padding=\"||0px|\" modal_height=\"90\" \/][et_pb_text admin_label=\"Artikel Haller Tagblatt, 10\/2000 Fotoausstellung \u201eFantasy Cats\u201c in der Stadtbibliothek in Schw\u00e4bisch Hall\" _builder_version=\"3.18.2\" custom_margin=\"-10px|||\" custom_padding=\"0px|||\"]<\/p><h5>Artikel Haller Tagblatt, 10\/2000<br \/>Fotoausstellung \u201eFantasy Cats\u201c in der Stadtbibliothek in Schw\u00e4bisch Hall<\/h5><p>[\/et_pb_text][\/et_pb_column][et_pb_column type=\"1_3\"][\/et_pb_column][\/et_pb_row][et_pb_row _builder_version=\"3.18.2\" custom_padding=\"|0px||0px\" border_color_bottom=\"#d8d8d8\" border_width_bottom=\"1px\"][et_pb_column type=\"1_3\"][\/et_pb_column][et_pb_column type=\"1_3\"][et_pb_popup_builder admin_label=\"K\u00fcnstlerportrait \u201eff Fotobl\u00e4tter\u201c (GFW Verlag) 08\/2000\" _builder_version=\"3.18.2\" popup_source=\"image\" image_url=\"https:\/\/koepf-photoart.de\/wp-content\/uploads\/2018\/12\/2000_fotoblaetter.jpg\" divi_layout=\"926\" trigger_condition=\"image\" trigger_image_url=\"https:\/\/koepf-photoart.de\/wp-content\/uploads\/2018\/12\/2000_fotoblaetter.jpg\" trigger_button_align=\"left\" modal_style=\"3\" background_color_gradient_type=\"linear\" background_color_gradient_direction=\"1px\" background_color_gradient_direction_radial=\"center\" background_color_gradient_overlays_image=\"off\" custom_padding=\"||0px|\" modal_height=\"90\" \/][et_pb_text admin_label=\"K\u00fcnstlerportrait \u201eff Fotobl\u00e4tter\u201c (GFW Verlag) 08\/2000\" _builder_version=\"3.18.2\" custom_margin=\"-10px|||\" custom_padding=\"0px|||\"]<\/p><h5>K\u00fcnstlerportrait \u201eff Fotobl\u00e4tter\u201c (GFW Verlag) 08\/2000<\/h5><p>[\/et_pb_text][\/et_pb_column][et_pb_column type=\"1_3\"][\/et_pb_column][\/et_pb_row][et_pb_row _builder_version=\"3.18.2\" custom_padding=\"|0px||0px\" border_color_bottom=\"#d8d8d8\" border_width_bottom=\"1px\"][et_pb_column type=\"1_3\"][\/et_pb_column][et_pb_column type=\"1_3\"][et_pb_popup_builder admin_label=\"Artikel Haller Tagblatt, 11\/1999 Fotoausstellung Ausstellung \u201eReflexionen\u201c im AOK-Gesundheitszentrum in Schw\u00e4bisch Hall\" _builder_version=\"3.18.2\" popup_source=\"image\" image_url=\"https:\/\/koepf-photoart.de\/wp-content\/uploads\/2018\/12\/1999_AOK.jpg\" divi_layout=\"926\" trigger_condition=\"image\" trigger_image_url=\"https:\/\/koepf-photoart.de\/wp-content\/uploads\/2018\/12\/1999_AOK.jpg\" trigger_button_align=\"left\" modal_style=\"3\" background_color_gradient_type=\"linear\" background_color_gradient_direction=\"1px\" background_color_gradient_direction_radial=\"center\" background_color_gradient_overlays_image=\"off\" custom_padding=\"||0px|\" modal_height=\"90\" \/][et_pb_text admin_label=\"Artikel Haller Tagblatt, 11\/1999 Fotoausstellung Ausstellung \u201eReflexionen\u201c im AOK-Gesundheitszentrum in Schw\u00e4bisch Hall\" _builder_version=\"3.18.2\" custom_margin=\"-10px|||\" custom_padding=\"0px|||\"]<\/p><h5>Artikel Haller Tagblatt, 11\/1999<br \/>Fotoausstellung Ausstellung \u201eReflexionen\u201c im AOK-Gesundheitszentrum in Schw\u00e4bisch Hall<\/h5><p>[\/et_pb_text][\/et_pb_column][et_pb_column type=\"1_3\"][\/et_pb_column][\/et_pb_row][et_pb_row _builder_version=\"3.18.2\" custom_padding=\"|0px||0px\" border_color_bottom=\"#d8d8d8\" border_width_bottom=\"1px\"][et_pb_column type=\"1_3\"][\/et_pb_column][et_pb_column type=\"1_3\"][et_pb_popup_builder admin_label=\"Artikel Haller Tagblatt, 07\/1998 Fotoausstellung \u201eSteine im Flu\u00df\u201c in der \u201eGalerie No. 9\u201c in Oberfischach\" _builder_version=\"3.18.2\" popup_source=\"image\" image_url=\"https:\/\/koepf-photoart.de\/wp-content\/uploads\/2018\/12\/1997_Galerie-No9.jpg\" divi_layout=\"926\" trigger_condition=\"image\" trigger_image_url=\"https:\/\/koepf-photoart.de\/wp-content\/uploads\/2018\/12\/1997_Galerie-No9.jpg\" trigger_button_align=\"left\" modal_style=\"3\" background_color_gradient_type=\"linear\" background_color_gradient_direction=\"1px\" background_color_gradient_direction_radial=\"center\" background_color_gradient_overlays_image=\"off\" custom_padding=\"||0px|\" modal_height=\"90\" \/][et_pb_text admin_label=\"Artikel Haller Tagblatt, 07\/1998 Fotoausstellung \u201eSteine im Flu\u00df\u201c in der \u201eGalerie No. 9\u201c in Oberfischach\" _builder_version=\"3.18.2\" custom_margin=\"-10px|||\" custom_padding=\"0px|||\"]<\/p><h5>Artikel Haller Tagblatt, 07\/1998<br \/>Fotoausstellung \u201eSteine im Flu\u00df\u201c in der \u201eGalerie No. 9\u201c in Oberfischach<\/h5><p>[\/et_pb_text][\/et_pb_column][et_pb_column type=\"1_3\"][\/et_pb_column][\/et_pb_row][et_pb_row _builder_version=\"3.18.2\" custom_padding=\"|0px||0px\" border_color_bottom=\"#d8d8d8\" border_width_bottom=\"1px\"][et_pb_column type=\"1_3\"][\/et_pb_column][et_pb_column type=\"1_3\"][et_pb_popup_builder admin_label=\"Artikel Haller Tagblatt, 12\/1997 Fotoausstellung im Jugendcaf\u00e8 Narci\u00df\" _builder_version=\"3.18.2\" popup_source=\"image\" image_url=\"https:\/\/koepf-photoart.de\/wp-content\/uploads\/2018\/12\/narziss.jpg\" divi_layout=\"926\" trigger_condition=\"image\" trigger_image_url=\"https:\/\/koepf-photoart.de\/wp-content\/uploads\/2018\/12\/narziss.jpg\" trigger_button_align=\"left\" modal_style=\"3\" background_color_gradient_type=\"linear\" background_color_gradient_direction=\"1px\" background_color_gradient_direction_radial=\"center\" background_color_gradient_overlays_image=\"off\" custom_padding=\"||0px|\" modal_height=\"90\" \/][et_pb_text admin_label=\"Artikel Haller Tagblatt, 12\/1997 Fotoausstellung im Jugendcaf\u00e8 Narci\u00df\" _builder_version=\"3.18.2\" custom_margin=\"-10px|||\" custom_padding=\"0px|||\"]<\/p><h5>Artikel Haller Tagblatt, 12\/1997 Fotoausstellung im Jugendcaf\u00e8 Narci\u00df<\/h5><p>[\/et_pb_text][\/et_pb_column][et_pb_column type=\"1_3\"][\/et_pb_column][\/et_pb_row][et_pb_row _builder_version=\"3.18.2\" custom_padding=\"|0px||0px\" border_color_bottom=\"#d8d8d8\" border_width_bottom=\"1px\"][et_pb_column type=\"1_3\"][\/et_pb_column][et_pb_column type=\"1_3\"][et_pb_popup_builder admin_label=\"Artikel Haller Tagblatt, 09\/1996 Fotoausstellung in der Kleinen Batikgalerie in Michelbach\" _builder_version=\"3.18.2\" popup_source=\"image\" image_url=\"https:\/\/koepf-photoart.de\/wp-content\/uploads\/2018\/12\/batik.jpg\" divi_layout=\"926\" trigger_condition=\"image\" trigger_image_url=\"https:\/\/koepf-photoart.de\/wp-content\/uploads\/2018\/12\/batik.jpg\" trigger_button_align=\"left\" modal_style=\"3\" background_color_gradient_type=\"linear\" background_color_gradient_direction=\"1px\" background_color_gradient_direction_radial=\"center\" background_color_gradient_overlays_image=\"off\" custom_padding=\"||0px|\" modal_height=\"90\" \/][et_pb_text admin_label=\"Artikel Haller Tagblatt, 09\/1996 Fotoausstellung in der Kleinen Batikgalerie in Michelbach\" _builder_version=\"3.18.2\" custom_margin=\"-10px|||\" custom_padding=\"0px|||\"]<\/p><h5>Artikel Haller Tagblatt, 09\/1996<br \/>Fotoausstellung in der Kleinen Batikgalerie in Michelbach<\/h5><p>[\/et_pb_text][\/et_pb_column][et_pb_column type=\"1_3\"][\/et_pb_column][\/et_pb_row][et_pb_row _builder_version=\"3.18.2\" custom_padding=\"|0px||0px\" border_color_bottom=\"#d8d8d8\"][et_pb_column type=\"1_3\"][\/et_pb_column][et_pb_column type=\"1_3\"][et_pb_popup_builder admin_label=\"K\u00fcnstlerportrait Zeitschrift \u201eGeliebte Katze\u201c 1995\" _builder_version=\"3.18.2\" popup_source=\"image\" image_url=\"https:\/\/koepf-photoart.de\/wp-content\/uploads\/2018\/12\/gelkatz-1.jpg\" divi_layout=\"926\" trigger_condition=\"image\" trigger_image_url=\"https:\/\/koepf-photoart.de\/wp-content\/uploads\/2018\/12\/gelkatz-1.jpg\" trigger_button_align=\"left\" modal_style=\"3\" background_color_gradient_type=\"linear\" background_color_gradient_direction=\"1px\" background_color_gradient_direction_radial=\"center\" background_color_gradient_overlays_image=\"off\" custom_padding=\"||0px|\" modal_height=\"90\" \/][et_pb_text admin_label=\"K\u00fcnstlerportrait Zeitschrift \u201eGeliebte Katze\u201c 1995\" _builder_version=\"3.18.2\" custom_margin=\"-10px|||\" custom_padding=\"0px|||\"]<\/p><h5>K\u00fcnstlerportrait Zeitschrift \u201eGeliebte Katze\u201c 1995<\/h5><p>[\/et_pb_text][\/et_pb_column][et_pb_column type=\"1_3\"][\/et_pb_column][\/et_pb_row][\/et_pb_section]<\/p>","_et_gb_content_width":"","footnotes":""},"class_list":["post-90","page","type-page","status-publish","hentry"],"_links":{"self":[{"href":"https:\/\/koepf-photoart.de\/en\/wp-json\/wp\/v2\/pages\/90","targetHints":{"allow":["GET"]}}],"collection":[{"href":"https:\/\/koepf-photoart.de\/en\/wp-json\/wp\/v2\/pages"}],"about":[{"href":"https:\/\/koepf-photoart.de\/en\/wp-json\/wp\/v2\/types\/page"}],"author":[{"embeddable":true,"href":"https:\/\/koepf-photoart.de\/en\/wp-json\/wp\/v2\/users\/1"}],"replies":[{"embeddable":true,"href":"https:\/\/koepf-photoart.de\/en\/wp-json\/wp\/v2\/comments?post=90"}],"version-history":[{"count":0,"href":"https:\/\/koepf-photoart.de\/en\/wp-json\/wp\/v2\/pages\/90\/revisions"}],"wp:attachment":[{"href":"https:\/\/koepf-photoart.de\/en\/wp-json\/wp\/v2\/media?parent=90"}],"curies":[{"name":"wp","href":"https:\/\/api.w.org\/{rel}","templated":true}]}}